{"id":1133,"date":"2024-10-17T03:28:08","date_gmt":"2024-10-17T03:28:08","guid":{"rendered":"https:\/\/demos.afthemes.com\/morenews\/?page_id=1133"},"modified":"2024-10-17T03:28:08","modified_gmt":"2024-10-17T03:28:08","slug":"pattern-dark-background","status":"publish","type":"page","link":"https:\/\/arjenoticias.com.mx\/?page_id=1133","title":{"rendered":"Pattern Dark Background"},"content":{"rendered":"\n<div class=\"wp-block-query is-layout-flow wp-block-query-is-layout-flow\">\n<div class=\"wp-block-group has-background has-global-padding is-layout-constrained wp-container-core-group-is-layout-36d5c803 wp-block-group-is-layout-constrained\" style=\"background-color:#252525;margin-bottom:20px;padding-top:20px;padding-right:20px;padding-bottom:20px;padding-left:20px\">\n<h2 class=\"wp-block-heading alignwide has-text-color has-link-color wp-elements-1\" style=\"color:#fefefe\">Post List<\/h2>\n\n\n<ul class=\"columns-2 alignwide wp-block-post-template has-small-font-size is-layout-grid wp-container-core-post-template-is-layout-9b35ac95 wp-block-post-template-is-layout-grid\"><li class=\"wp-block-post post-1 post type-post status-publish format-standard hentry category-uncategorized\">\n\n<div class=\"wp-block-group is-content-justification-space-between is-nowrap is-layout-flex wp-container-core-group-is-layout-8f4c7d2f wp-block-group-is-layout-flex\" style=\"margin-top:0;margin-bottom:0;padding-top:0px;padding-right:0px;padding-bottom:0px;padding-left:0px\">\n\n\n<div class=\"wp-block-group wp-container-content-0733e5d0 has-global-padding is-layout-constrained wp-container-core-group-is-layout-443fcbf2 wp-block-group-is-layout-constrained\"><h2 style=\"color:#fefefe;font-size:16px\" class=\"has-link-color wp-elements-2 wp-block-post-title has-text-color\"><a href=\"https:\/\/arjenoticias.com.mx\/?p=1\" target=\"_self\" >Hello world!<\/a><\/h2>\n\n<div style=\"color:#fefefe;font-size:12px\" class=\"has-link-color wp-elements-3 wp-block-post-date has-text-color\"><time datetime=\"2026-09-04T13:52:03-06:00\">4 septiembre, 2026<\/time><\/div><\/div>\n<\/div>\n\n<\/li><li class=\"wp-block-post post-17793 post type-post status-publish format-standard has-post-thumbnail hentry category-opinion tag-2do-informe-de-sheinbaum\">\n\n<div class=\"wp-block-group is-content-justification-space-between is-nowrap is-layout-flex wp-container-core-group-is-layout-8f4c7d2f wp-block-group-is-layout-flex\" style=\"margin-top:0;margin-bottom:0;padding-top:0px;padding-right:0px;padding-bottom:0px;padding-left:0px\">\n\n\n<div class=\"wp-block-group wp-container-content-0733e5d0 has-global-padding is-layout-constrained wp-container-core-group-is-layout-443fcbf2 wp-block-group-is-layout-constrained\"><h2 style=\"color:#fefefe;font-size:16px\" class=\"has-link-color wp-elements-4 wp-block-post-title has-text-color\"><a href=\"https:\/\/arjenoticias.com.mx\/?p=17793\" target=\"_self\" >Las ausencias del Informe y su mensaje: Gustavo A Vicencio<\/a><\/h2>\n\n<div style=\"color:#fefefe;font-size:12px\" class=\"has-link-color wp-elements-5 wp-block-post-date has-text-color\"><time datetime=\"2026-09-04T06:57:48-06:00\">4 septiembre, 2026<\/time><\/div><\/div>\n<\/div>\n\n<\/li><li class=\"wp-block-post post-17790 post type-post status-publish format-standard has-post-thumbnail hentry category-politica tag-para-gobernar-bien-hay-que-comunicar\">\n\n<div class=\"wp-block-group is-content-justification-space-between is-nowrap is-layout-flex wp-container-core-group-is-layout-8f4c7d2f wp-block-group-is-layout-flex\" style=\"margin-top:0;margin-bottom:0;padding-top:0px;padding-right:0px;padding-bottom:0px;padding-left:0px\">\n\n\n<div class=\"wp-block-group wp-container-content-0733e5d0 has-global-padding is-layout-constrained wp-container-core-group-is-layout-443fcbf2 wp-block-group-is-layout-constrained\"><h2 style=\"color:#fefefe;font-size:16px\" class=\"has-link-color wp-elements-6 wp-block-post-title has-text-color\"><a href=\"https:\/\/arjenoticias.com.mx\/?p=17790\" target=\"_self\" >Comunicar para Gobernar: La Confianza No se Construye con Discursos, se Construye con Credibilidad.<\/a><\/h2>\n\n<div style=\"color:#fefefe;font-size:12px\" class=\"has-link-color wp-elements-7 wp-block-post-date has-text-color\"><time datetime=\"2026-09-04T06:46:53-06:00\">4 septiembre, 2026<\/time><\/div><\/div>\n<\/div>\n\n<\/li><li class=\"wp-block-post post-17781 post type-post status-publish format-standard has-post-thumbnail hentry category-politica tag-2do-informe-de-sheinbaum\">\n\n<div class=\"wp-block-group is-content-justification-space-between is-nowrap is-layout-flex wp-container-core-group-is-layout-8f4c7d2f wp-block-group-is-layout-flex\" style=\"margin-top:0;margin-bottom:0;padding-top:0px;padding-right:0px;padding-bottom:0px;padding-left:0px\">\n\n\n<div class=\"wp-block-group wp-container-content-0733e5d0 has-global-padding is-layout-constrained wp-container-core-group-is-layout-443fcbf2 wp-block-group-is-layout-constrained\"><h2 style=\"color:#fefefe;font-size:16px\" class=\"has-link-color wp-elements-8 wp-block-post-title has-text-color\"><a href=\"https:\/\/arjenoticias.com.mx\/?p=17781\" target=\"_self\" >Rega\u00f1o Presidencial o&#8230;\u00bfSer\u00e1 una llamada a misa?<\/a><\/h2>\n\n<div style=\"color:#fefefe;font-size:12px\" class=\"has-link-color wp-elements-9 wp-block-post-date has-text-color\"><time datetime=\"2026-09-03T21:25:51-06:00\">3 septiembre, 2026<\/time><\/div><\/div>\n<\/div>\n\n<\/li><li class=\"wp-block-post post-17773 post type-post status-publish format-standard has-post-thumbnail hentry category-ciudad category-lo-mas-relevante tag-autonomia-de-la-uanl tag-samuel-garcia\">\n\n<div class=\"wp-block-group is-content-justification-space-between is-nowrap is-layout-flex wp-container-core-group-is-layout-8f4c7d2f wp-block-group-is-layout-flex\" style=\"margin-top:0;margin-bottom:0;padding-top:0px;padding-right:0px;padding-bottom:0px;padding-left:0px\">\n\n\n<div class=\"wp-block-group wp-container-content-0733e5d0 has-global-padding is-layout-constrained wp-container-core-group-is-layout-443fcbf2 wp-block-group-is-layout-constrained\"><h2 style=\"color:#fefefe;font-size:16px\" class=\"has-link-color wp-elements-10 wp-block-post-title has-text-color\"><a href=\"https:\/\/arjenoticias.com.mx\/?p=17773\" target=\"_self\" >Morena denuncia intromisi\u00f3n de Samuel Garc\u00eda en la UANL<\/a><\/h2>\n\n<div style=\"color:#fefefe;font-size:12px\" class=\"has-link-color wp-elements-11 wp-block-post-date has-text-color\"><time datetime=\"2026-09-03T19:34:15-06:00\">3 septiembre, 2026<\/time><\/div><\/div>\n<\/div>\n\n<\/li><li class=\"wp-block-post post-17774 post type-post status-publish format-standard has-post-thumbnail hentry category-politica tag-2do-informe-de-sheinbaum\">\n\n<div class=\"wp-block-group is-content-justification-space-between is-nowrap is-layout-flex wp-container-core-group-is-layout-8f4c7d2f wp-block-group-is-layout-flex\" style=\"margin-top:0;margin-bottom:0;padding-top:0px;padding-right:0px;padding-bottom:0px;padding-left:0px\">\n\n\n<div class=\"wp-block-group wp-container-content-0733e5d0 has-global-padding is-layout-constrained wp-container-core-group-is-layout-443fcbf2 wp-block-group-is-layout-constrained\"><h2 style=\"color:#fefefe;font-size:16px\" class=\"has-link-color wp-elements-12 wp-block-post-title has-text-color\"><a href=\"https:\/\/arjenoticias.com.mx\/?p=17774\" target=\"_self\" >Glosa del 2do Informe<\/a><\/h2>\n\n<div style=\"color:#fefefe;font-size:12px\" class=\"has-link-color wp-elements-13 wp-block-post-date has-text-color\"><time datetime=\"2026-09-03T19:29:55-06:00\">3 septiembre, 2026<\/time><\/div><\/div>\n<\/div>\n\n<\/li><\/ul><\/div>\n<\/div>\n\n\n\n<div class=\"wp-block-query is-layout-flow wp-block-query-is-layout-flow\">\n<div class=\"wp-block-group has-background has-global-padding is-layout-constrained wp-container-core-group-is-layout-36d5c803 wp-block-group-is-layout-constrained\" style=\"background-color:#252525;margin-bottom:20px;padding-top:20px;padding-right:20px;padding-bottom:20px;padding-left:20px\">\n<div class=\"wp-block-group alignwide has-global-padding is-layout-constrained wp-block-group-is-layout-constrained\">\n<h2 class=\"wp-block-heading alignwide has-text-color has-link-color wp-elements-14\" style=\"color:#fefefe\">Post List<\/h2>\n<\/div>\n\n\n<ul class=\"columns-2 alignwide wp-block-post-template has-small-font-size is-layout-grid wp-container-core-post-template-is-layout-9b35ac95 wp-block-post-template-is-layout-grid\"><li class=\"wp-block-post post-1 post type-post status-publish format-standard hentry category-uncategorized\">\n\n<div class=\"wp-block-group is-content-justification-space-between is-nowrap is-layout-flex wp-container-core-group-is-layout-8f4c7d2f wp-block-group-is-layout-flex\" style=\"margin-top:0;margin-bottom:0;padding-top:0px;padding-right:0px;padding-bottom:0px;padding-left:0px\">\n<div class=\"wp-block-group wp-container-content-0733e5d0 has-global-padding is-layout-constrained wp-container-core-group-is-layout-443fcbf2 wp-block-group-is-layout-constrained\"><h2 style=\"color:#fefefe;font-size:16px\" class=\"has-link-color wp-elements-15 wp-block-post-title has-text-color\"><a href=\"https:\/\/arjenoticias.com.mx\/?p=1\" target=\"_self\" >Hello world!<\/a><\/h2>\n\n<div style=\"color:#fefefe;font-size:12px\" class=\"has-link-color wp-elements-16 wp-block-post-date has-text-color\"><time datetime=\"2026-09-04T13:52:03-06:00\">4 septiembre, 2026<\/time><\/div><\/div>\n\n\n<\/div>\n\n<\/li><li class=\"wp-block-post post-17793 post type-post status-publish format-standard has-post-thumbnail hentry category-opinion tag-2do-informe-de-sheinbaum\">\n\n<div class=\"wp-block-group is-content-justification-space-between is-nowrap is-layout-flex wp-container-core-group-is-layout-8f4c7d2f wp-block-group-is-layout-flex\" style=\"margin-top:0;margin-bottom:0;padding-top:0px;padding-right:0px;padding-bottom:0px;padding-left:0px\">\n<div class=\"wp-block-group wp-container-content-0733e5d0 has-global-padding is-layout-constrained wp-container-core-group-is-layout-443fcbf2 wp-block-group-is-layout-constrained\"><h2 style=\"color:#fefefe;font-size:16px\" class=\"has-link-color wp-elements-17 wp-block-post-title has-text-color\"><a href=\"https:\/\/arjenoticias.com.mx\/?p=17793\" target=\"_self\" >Las ausencias del Informe y su mensaje: Gustavo A Vicencio<\/a><\/h2>\n\n<div style=\"color:#fefefe;font-size:12px\" class=\"has-link-color wp-elements-18 wp-block-post-date has-text-color\"><time datetime=\"2026-09-04T06:57:48-06:00\">4 septiembre, 2026<\/time><\/div><\/div>\n\n\n<\/div>\n\n<\/li><li class=\"wp-block-post post-17790 post type-post status-publish format-standard has-post-thumbnail hentry category-politica tag-para-gobernar-bien-hay-que-comunicar\">\n\n<div class=\"wp-block-group is-content-justification-space-between is-nowrap is-layout-flex wp-container-core-group-is-layout-8f4c7d2f wp-block-group-is-layout-flex\" style=\"margin-top:0;margin-bottom:0;padding-top:0px;padding-right:0px;padding-bottom:0px;padding-left:0px\">\n<div class=\"wp-block-group wp-container-content-0733e5d0 has-global-padding is-layout-constrained wp-container-core-group-is-layout-443fcbf2 wp-block-group-is-layout-constrained\"><h2 style=\"color:#fefefe;font-size:16px\" class=\"has-link-color wp-elements-19 wp-block-post-title has-text-color\"><a href=\"https:\/\/arjenoticias.com.mx\/?p=17790\" target=\"_self\" >Comunicar para Gobernar: La Confianza No se Construye con Discursos, se Construye con Credibilidad.<\/a><\/h2>\n\n<div style=\"color:#fefefe;font-size:12px\" class=\"has-link-color wp-elements-20 wp-block-post-date has-text-color\"><time datetime=\"2026-09-04T06:46:53-06:00\">4 septiembre, 2026<\/time><\/div><\/div>\n\n\n<\/div>\n\n<\/li><li class=\"wp-block-post post-17781 post type-post status-publish format-standard has-post-thumbnail hentry category-politica tag-2do-informe-de-sheinbaum\">\n\n<div class=\"wp-block-group is-content-justification-space-between is-nowrap is-layout-flex wp-container-core-group-is-layout-8f4c7d2f wp-block-group-is-layout-flex\" style=\"margin-top:0;margin-bottom:0;padding-top:0px;padding-right:0px;padding-bottom:0px;padding-left:0px\">\n<div class=\"wp-block-group wp-container-content-0733e5d0 has-global-padding is-layout-constrained wp-container-core-group-is-layout-443fcbf2 wp-block-group-is-layout-constrained\"><h2 style=\"color:#fefefe;font-size:16px\" class=\"has-link-color wp-elements-21 wp-block-post-title has-text-color\"><a href=\"https:\/\/arjenoticias.com.mx\/?p=17781\" target=\"_self\" >Rega\u00f1o Presidencial o&#8230;\u00bfSer\u00e1 una llamada a misa?<\/a><\/h2>\n\n<div style=\"color:#fefefe;font-size:12px\" class=\"has-link-color wp-elements-22 wp-block-post-date has-text-color\"><time datetime=\"2026-09-03T21:25:51-06:00\">3 septiembre, 2026<\/time><\/div><\/div>\n\n\n<\/div>\n\n<\/li><li class=\"wp-block-post post-17773 post type-post status-publish format-standard has-post-thumbnail hentry category-ciudad category-lo-mas-relevante tag-autonomia-de-la-uanl tag-samuel-garcia\">\n\n<div class=\"wp-block-group is-content-justification-space-between is-nowrap is-layout-flex wp-container-core-group-is-layout-8f4c7d2f wp-block-group-is-layout-flex\" style=\"margin-top:0;margin-bottom:0;padding-top:0px;padding-right:0px;padding-bottom:0px;padding-left:0px\">\n<div class=\"wp-block-group wp-container-content-0733e5d0 has-global-padding is-layout-constrained wp-container-core-group-is-layout-443fcbf2 wp-block-group-is-layout-constrained\"><h2 style=\"color:#fefefe;font-size:16px\" class=\"has-link-color wp-elements-23 wp-block-post-title has-text-color\"><a href=\"https:\/\/arjenoticias.com.mx\/?p=17773\" target=\"_self\" >Morena denuncia intromisi\u00f3n de Samuel Garc\u00eda en la UANL<\/a><\/h2>\n\n<div style=\"color:#fefefe;font-size:12px\" class=\"has-link-color wp-elements-24 wp-block-post-date has-text-color\"><time datetime=\"2026-09-03T19:34:15-06:00\">3 septiembre, 2026<\/time><\/div><\/div>\n\n\n<\/div>\n\n<\/li><li class=\"wp-block-post post-17774 post type-post status-publish format-standard has-post-thumbnail hentry category-politica tag-2do-informe-de-sheinbaum\">\n\n<div class=\"wp-block-group is-content-justification-space-between is-nowrap is-layout-flex wp-container-core-group-is-layout-8f4c7d2f wp-block-group-is-layout-flex\" style=\"margin-top:0;margin-bottom:0;padding-top:0px;padding-right:0px;padding-bottom:0px;padding-left:0px\">\n<div class=\"wp-block-group wp-container-content-0733e5d0 has-global-padding is-layout-constrained wp-container-core-group-is-layout-443fcbf2 wp-block-group-is-layout-constrained\"><h2 style=\"color:#fefefe;font-size:16px\" class=\"has-link-color wp-elements-25 wp-block-post-title has-text-color\"><a href=\"https:\/\/arjenoticias.com.mx\/?p=17774\" target=\"_self\" >Glosa del 2do Informe<\/a><\/h2>\n\n<div style=\"color:#fefefe;font-size:12px\" class=\"has-link-color wp-elements-26 wp-block-post-date has-text-color\"><time datetime=\"2026-09-03T19:29:55-06:00\">3 septiembre, 2026<\/time><\/div><\/div>\n\n\n<\/div>\n\n<\/li><\/ul><\/div>\n<\/div>\n\n\n\n<div class=\"wp-block-query is-layout-flow wp-block-query-is-layout-flow\">\n<div class=\"wp-block-group has-background has-global-padding is-layout-constrained wp-container-core-group-is-layout-948a77e7 wp-block-group-is-layout-constrained\" style=\"background-color:#252525;margin-bottom:20px;padding-top:20px;padding-right:20px;padding-bottom:20px;padding-left:20px\">\n<div class=\"wp-block-group alignwide has-global-padding is-layout-constrained wp-block-group-is-layout-constrained\">\n<h2 class=\"wp-block-heading alignwide has-text-color has-link-color wp-elements-27\" style=\"color:#fefefe\">Single Post Column<\/h2>\n<\/div>\n\n\n<ul class=\"columns-1 alignwide wp-block-post-template is-layout-grid wp-container-core-post-template-is-layout-0a162838 wp-block-post-template-is-layout-grid\"><li class=\"wp-block-post post-1 post type-post status-publish format-standard hentry category-uncategorized\">\n\n<div class=\"wp-block-group is-content-justification-space-between is-nowrap is-layout-flex wp-container-core-group-is-layout-8f4c7d2f wp-block-group-is-layout-flex\" style=\"margin-top:0;margin-bottom:0;padding-top:0px;padding-right:0px;padding-bottom:0px;padding-left:0px\">\n\n\n<div class=\"wp-block-group wp-container-content-0733e5d0 has-global-padding is-layout-constrained wp-container-core-group-is-layout-443fcbf2 wp-block-group-is-layout-constrained\"><h2 style=\"color:#fefefe\" class=\"has-link-color wp-elements-28 wp-block-post-title has-text-color has-medium-font-size\"><a href=\"https:\/\/arjenoticias.com.mx\/?p=1\" target=\"_self\" >Hello world!<\/a><\/h2>\n\n\n<div class=\"wp-block-group is-nowrap is-layout-flex wp-container-core-group-is-layout-c694217f wp-block-group-is-layout-flex\"><div style=\"color:#fefefe;font-size:12px\" class=\"has-link-color wp-elements-29 wp-block-post-author-name has-text-color\">admin<\/div>\n\n<div style=\"color:#fefefe;font-size:12px\" class=\"has-link-color wp-elements-30 wp-block-post-date has-text-color\"><time datetime=\"2026-09-04T13:52:03-06:00\">4 septiembre, 2026<\/time><\/div><\/div>\n\n\n<div style=\"color:#fefefe;font-size:16px\" class=\"has-link-color wp-elements-31 wp-block-post-excerpt has-text-color\"><p class=\"wp-block-post-excerpt__excerpt\">Welcome to WordPress. This is your first post. Edit or delete it, then start writing!<\/p><p class=\"wp-block-post-excerpt__more-text\"><a class=\"wp-block-post-excerpt__more-link\" href=\"https:\/\/arjenoticias.com.mx\/?p=1\">Read More<\/a><\/p><\/div><\/div>\n<\/div>\n\n<\/li><li class=\"wp-block-post post-17793 post type-post status-publish format-standard has-post-thumbnail hentry category-opinion tag-2do-informe-de-sheinbaum\">\n\n<div class=\"wp-block-group is-content-justification-space-between is-nowrap is-layout-flex wp-container-core-group-is-layout-8f4c7d2f wp-block-group-is-layout-flex\" style=\"margin-top:0;margin-bottom:0;padding-top:0px;padding-right:0px;padding-bottom:0px;padding-left:0px\">\n\n\n<div class=\"wp-block-group wp-container-content-0733e5d0 has-global-padding is-layout-constrained wp-container-core-group-is-layout-443fcbf2 wp-block-group-is-layout-constrained\"><h2 style=\"color:#fefefe\" class=\"has-link-color wp-elements-32 wp-block-post-title has-text-color has-medium-font-size\"><a href=\"https:\/\/arjenoticias.com.mx\/?p=17793\" target=\"_self\" >Las ausencias del Informe y su mensaje: Gustavo A Vicencio<\/a><\/h2>\n\n\n<div class=\"wp-block-group is-nowrap is-layout-flex wp-container-core-group-is-layout-c694217f wp-block-group-is-layout-flex\"><div style=\"color:#fefefe;font-size:12px\" class=\"has-link-color wp-elements-33 wp-block-post-author-name has-text-color\">Gustavo Vicencio Acevedo<\/div>\n\n<div style=\"color:#fefefe;font-size:12px\" class=\"has-link-color wp-elements-34 wp-block-post-date has-text-color\"><time datetime=\"2026-09-04T06:57:48-06:00\">4 septiembre, 2026<\/time><\/div><\/div>\n\n\n<div style=\"color:#fefefe;font-size:16px\" class=\"has-link-color wp-elements-35 wp-block-post-excerpt has-text-color\"><p class=\"wp-block-post-excerpt__excerpt\">&#8220;Una casa dividida contra s\u00ed misma no puede permanecer.&#8221; Abraham Lincoln \u00a0 \u00a0 \u00a0 Despu\u00e9s de todo informe presidencial viene la guerra de cifras, unos defendiendo las dichas por la presidente y otras refut\u00e1ndolas y\/o complement\u00e1ndolas. El dato oficial de 51% menos homicidios, se contrasta con el argumento opositor de que ocultan muertos en otras&hellip;<\/p><p class=\"wp-block-post-excerpt__more-text\"><a class=\"wp-block-post-excerpt__more-link\" href=\"https:\/\/arjenoticias.com.mx\/?p=17793\">Read More<\/a><\/p><\/div><\/div>\n<\/div>\n\n<\/li><li class=\"wp-block-post post-17790 post type-post status-publish format-standard has-post-thumbnail hentry category-politica tag-para-gobernar-bien-hay-que-comunicar\">\n\n<div class=\"wp-block-group is-content-justification-space-between is-nowrap is-layout-flex wp-container-core-group-is-layout-8f4c7d2f wp-block-group-is-layout-flex\" style=\"margin-top:0;margin-bottom:0;padding-top:0px;padding-right:0px;padding-bottom:0px;padding-left:0px\">\n\n\n<div class=\"wp-block-group wp-container-content-0733e5d0 has-global-padding is-layout-constrained wp-container-core-group-is-layout-443fcbf2 wp-block-group-is-layout-constrained\"><h2 style=\"color:#fefefe\" class=\"has-link-color wp-elements-36 wp-block-post-title has-text-color has-medium-font-size\"><a href=\"https:\/\/arjenoticias.com.mx\/?p=17790\" target=\"_self\" >Comunicar para Gobernar: La Confianza No se Construye con Discursos, se Construye con Credibilidad.<\/a><\/h2>\n\n\n<div class=\"wp-block-group is-nowrap is-layout-flex wp-container-core-group-is-layout-c694217f wp-block-group-is-layout-flex\"><div style=\"color:#fefefe;font-size:12px\" class=\"has-link-color wp-elements-37 wp-block-post-author-name has-text-color\">Miguel H. Botello Trevi\u00f1o<\/div>\n\n<div style=\"color:#fefefe;font-size:12px\" class=\"has-link-color wp-elements-38 wp-block-post-date has-text-color\"><time datetime=\"2026-09-04T06:46:53-06:00\">4 septiembre, 2026<\/time><\/div><\/div>\n\n\n<div style=\"color:#fefefe;font-size:16px\" class=\"has-link-color wp-elements-39 wp-block-post-excerpt has-text-color\"><p class=\"wp-block-post-excerpt__excerpt\">\u201cUn gobernante puede controlar su mensaje durante alg\u00fan tiempo. Lo que nunca podr\u00e1 controlar indefinidamente es la distancia entre lo que dice y lo que realmente hace.\u201d A lo largo de esta serie de art\u00edculos hemos analizado distintas competencias que deber\u00edan ayudarnos a evaluar a quien aspire a gobernar Nuevo Le\u00f3n. Hoy llegamos a una&hellip;<\/p><p class=\"wp-block-post-excerpt__more-text\"><a class=\"wp-block-post-excerpt__more-link\" href=\"https:\/\/arjenoticias.com.mx\/?p=17790\">Read More<\/a><\/p><\/div><\/div>\n<\/div>\n\n<\/li><li class=\"wp-block-post post-17781 post type-post status-publish format-standard has-post-thumbnail hentry category-politica tag-2do-informe-de-sheinbaum\">\n\n<div class=\"wp-block-group is-content-justification-space-between is-nowrap is-layout-flex wp-container-core-group-is-layout-8f4c7d2f wp-block-group-is-layout-flex\" style=\"margin-top:0;margin-bottom:0;padding-top:0px;padding-right:0px;padding-bottom:0px;padding-left:0px\">\n\n\n<div class=\"wp-block-group wp-container-content-0733e5d0 has-global-padding is-layout-constrained wp-container-core-group-is-layout-443fcbf2 wp-block-group-is-layout-constrained\"><h2 style=\"color:#fefefe\" class=\"has-link-color wp-elements-40 wp-block-post-title has-text-color has-medium-font-size\"><a href=\"https:\/\/arjenoticias.com.mx\/?p=17781\" target=\"_self\" >Rega\u00f1o Presidencial o&#8230;\u00bfSer\u00e1 una llamada a misa?<\/a><\/h2>\n\n\n<div class=\"wp-block-group is-nowrap is-layout-flex wp-container-core-group-is-layout-c694217f wp-block-group-is-layout-flex\"><div style=\"color:#fefefe;font-size:12px\" class=\"has-link-color wp-elements-41 wp-block-post-author-name has-text-color\">Jos\u00e9 Luis Carrillo<\/div>\n\n<div style=\"color:#fefefe;font-size:12px\" class=\"has-link-color wp-elements-42 wp-block-post-date has-text-color\"><time datetime=\"2026-09-03T21:25:51-06:00\">3 septiembre, 2026<\/time><\/div><\/div>\n\n\n<div style=\"color:#fefefe;font-size:16px\" class=\"has-link-color wp-elements-43 wp-block-post-excerpt has-text-color\"><p class=\"wp-block-post-excerpt__excerpt\">Hist\u00f3ricamente cuando tocan las campanas para llamar a misa dominical; todos asumimos que ir o no,ser\u00e1 una decisi\u00f3n eminentemente personal. \u00bfSuceder\u00e1 lo mismo con el mensaje enviado por la Presidenta Claudia Sheiinbaum\u00a0Pardo el pasado martes,durante la lectura de su Segundo Informe de Gobierno? &#8220;Los funcionarios deben conducirse con sencillez y humildad, pues los recursos son&hellip;<\/p><p class=\"wp-block-post-excerpt__more-text\"><a class=\"wp-block-post-excerpt__more-link\" href=\"https:\/\/arjenoticias.com.mx\/?p=17781\">Read More<\/a><\/p><\/div><\/div>\n<\/div>\n\n<\/li><li class=\"wp-block-post post-17773 post type-post status-publish format-standard has-post-thumbnail hentry category-ciudad category-lo-mas-relevante tag-autonomia-de-la-uanl tag-samuel-garcia\">\n\n<div class=\"wp-block-group is-content-justification-space-between is-nowrap is-layout-flex wp-container-core-group-is-layout-8f4c7d2f wp-block-group-is-layout-flex\" style=\"margin-top:0;margin-bottom:0;padding-top:0px;padding-right:0px;padding-bottom:0px;padding-left:0px\">\n\n\n<div class=\"wp-block-group wp-container-content-0733e5d0 has-global-padding is-layout-constrained wp-container-core-group-is-layout-443fcbf2 wp-block-group-is-layout-constrained\"><h2 style=\"color:#fefefe\" class=\"has-link-color wp-elements-44 wp-block-post-title has-text-color has-medium-font-size\"><a href=\"https:\/\/arjenoticias.com.mx\/?p=17773\" target=\"_self\" >Morena denuncia intromisi\u00f3n de Samuel Garc\u00eda en la UANL<\/a><\/h2>\n\n\n<div class=\"wp-block-group is-nowrap is-layout-flex wp-container-core-group-is-layout-c694217f wp-block-group-is-layout-flex\"><div style=\"color:#fefefe;font-size:12px\" class=\"has-link-color wp-elements-45 wp-block-post-author-name has-text-color\">Teresa Sep\u00falveda Elizondo<\/div>\n\n<div style=\"color:#fefefe;font-size:12px\" class=\"has-link-color wp-elements-46 wp-block-post-date has-text-color\"><time datetime=\"2026-09-03T19:34:15-06:00\">3 septiembre, 2026<\/time><\/div><\/div>\n\n\n<div style=\"color:#fefefe;font-size:16px\" class=\"has-link-color wp-elements-47 wp-block-post-excerpt has-text-color\"><p class=\"wp-block-post-excerpt__excerpt\">En el comunicado titulado \u201cLa autonom\u00eda de la UANL se respeta\u201d, Morena expres\u00f3 su preocupaci\u00f3n por lo que apunta a una intervenci\u00f3n del gobernador Samuel Garc\u00eda en las decisiones internas de la universidad, luego de que se diera a conocer que \u00e9ste tuvo una reuni\u00f3n a puerta cerrada. Los firmantes Andr\u00e9s Mijes, Clara Luz Flores,&hellip;<\/p><p class=\"wp-block-post-excerpt__more-text\"><a class=\"wp-block-post-excerpt__more-link\" href=\"https:\/\/arjenoticias.com.mx\/?p=17773\">Read More<\/a><\/p><\/div><\/div>\n<\/div>\n\n<\/li><li class=\"wp-block-post post-17774 post type-post status-publish format-standard has-post-thumbnail hentry category-politica tag-2do-informe-de-sheinbaum\">\n\n<div class=\"wp-block-group is-content-justification-space-between is-nowrap is-layout-flex wp-container-core-group-is-layout-8f4c7d2f wp-block-group-is-layout-flex\" style=\"margin-top:0;margin-bottom:0;padding-top:0px;padding-right:0px;padding-bottom:0px;padding-left:0px\">\n\n\n<div class=\"wp-block-group wp-container-content-0733e5d0 has-global-padding is-layout-constrained wp-container-core-group-is-layout-443fcbf2 wp-block-group-is-layout-constrained\"><h2 style=\"color:#fefefe\" class=\"has-link-color wp-elements-48 wp-block-post-title has-text-color has-medium-font-size\"><a href=\"https:\/\/arjenoticias.com.mx\/?p=17774\" target=\"_self\" >Glosa del 2do Informe<\/a><\/h2>\n\n\n<div class=\"wp-block-group is-nowrap is-layout-flex wp-container-core-group-is-layout-c694217f wp-block-group-is-layout-flex\"><div style=\"color:#fefefe;font-size:12px\" class=\"has-link-color wp-elements-49 wp-block-post-author-name has-text-color\">Oscar Tamez<\/div>\n\n<div style=\"color:#fefefe;font-size:12px\" class=\"has-link-color wp-elements-50 wp-block-post-date has-text-color\"><time datetime=\"2026-09-03T19:29:55-06:00\">3 septiembre, 2026<\/time><\/div><\/div>\n\n\n<div style=\"color:#fefefe;font-size:16px\" class=\"has-link-color wp-elements-51 wp-block-post-excerpt has-text-color\"><p class=\"wp-block-post-excerpt__excerpt\">La presidenta rindi\u00f3 su segundo informe republicano de gobierno, al estilo de los neoliberales, los tecn\u00f3cratas, mand\u00f3 el documento sin dar la cara a la representaci\u00f3n popular.Tal cual lo hicieran panistas, priistas y el moreno anterior, la primera mujer dio su mensaje en casa con sus cuates e invitados especiales y mand\u00f3 a la titular&hellip;<\/p><p class=\"wp-block-post-excerpt__more-text\"><a class=\"wp-block-post-excerpt__more-link\" href=\"https:\/\/arjenoticias.com.mx\/?p=17774\">Read More<\/a><\/p><\/div><\/div>\n<\/div>\n\n<\/li><\/ul><\/div>\n<\/div>\n\n\n\n<div class=\"wp-block-query is-layout-flow wp-block-query-is-layout-flow\">\n<div class=\"wp-block-group has-background has-global-padding is-layout-constrained wp-container-core-group-is-layout-948a77e7 wp-block-group-is-layout-constrained\" style=\"background-color:#252525;margin-bottom:20px;padding-top:20px;padding-right:20px;padding-bottom:20px;padding-left:20px\">\n<div class=\"wp-block-group alignwide has-global-padding is-layout-constrained wp-block-group-is-layout-constrained\">\n<h2 class=\"wp-block-heading alignwide has-text-color has-link-color wp-elements-52\" style=\"color:#fefefe\">Single Post Column<\/h2>\n<\/div>\n\n\n<ul class=\"columns-1 alignwide wp-block-post-template is-layout-grid wp-container-core-post-template-is-layout-0a162838 wp-block-post-template-is-layout-grid\"><li class=\"wp-block-post post-1 post type-post status-publish format-standard hentry category-uncategorized\">\n\n<div class=\"wp-block-group is-content-justification-space-between is-nowrap is-layout-flex wp-container-core-group-is-layout-8f4c7d2f wp-block-group-is-layout-flex\" style=\"margin-top:0;margin-bottom:0;padding-top:0px;padding-right:0px;padding-bottom:0px;padding-left:0px\">\n<div class=\"wp-block-group wp-container-content-0733e5d0 has-global-padding is-layout-constrained wp-container-core-group-is-layout-443fcbf2 wp-block-group-is-layout-constrained\"><h2 style=\"color:#fefefe\" class=\"has-link-color wp-elements-53 wp-block-post-title has-text-color has-medium-font-size\"><a href=\"https:\/\/arjenoticias.com.mx\/?p=1\" target=\"_self\" >Hello world!<\/a><\/h2>\n\n\n<div class=\"wp-block-group is-nowrap is-layout-flex wp-container-core-group-is-layout-c694217f wp-block-group-is-layout-flex\"><div style=\"color:#fefefe;font-size:12px\" class=\"has-link-color wp-elements-54 wp-block-post-author-name has-text-color\">admin<\/div>\n\n<div style=\"color:#fefefe;font-size:12px\" class=\"has-link-color wp-elements-55 wp-block-post-date has-text-color\"><time datetime=\"2026-09-04T13:52:03-06:00\">4 septiembre, 2026<\/time><\/div><\/div>\n\n\n<div style=\"color:#fefefe;font-size:16px\" class=\"has-link-color wp-elements-56 wp-block-post-excerpt has-text-color\"><p class=\"wp-block-post-excerpt__excerpt\">Welcome to WordPress. This is your first post. Edit or delete it, then start writing!<\/p><p class=\"wp-block-post-excerpt__more-text\"><a class=\"wp-block-post-excerpt__more-link\" href=\"https:\/\/arjenoticias.com.mx\/?p=1\">Read More<\/a><\/p><\/div><\/div>\n\n\n<\/div>\n\n<\/li><li class=\"wp-block-post post-17793 post type-post status-publish format-standard has-post-thumbnail hentry category-opinion tag-2do-informe-de-sheinbaum\">\n\n<div class=\"wp-block-group is-content-justification-space-between is-nowrap is-layout-flex wp-container-core-group-is-layout-8f4c7d2f wp-block-group-is-layout-flex\" style=\"margin-top:0;margin-bottom:0;padding-top:0px;padding-right:0px;padding-bottom:0px;padding-left:0px\">\n<div class=\"wp-block-group wp-container-content-0733e5d0 has-global-padding is-layout-constrained wp-container-core-group-is-layout-443fcbf2 wp-block-group-is-layout-constrained\"><h2 style=\"color:#fefefe\" class=\"has-link-color wp-elements-57 wp-block-post-title has-text-color has-medium-font-size\"><a href=\"https:\/\/arjenoticias.com.mx\/?p=17793\" target=\"_self\" >Las ausencias del Informe y su mensaje: Gustavo A Vicencio<\/a><\/h2>\n\n\n<div class=\"wp-block-group is-nowrap is-layout-flex wp-container-core-group-is-layout-c694217f wp-block-group-is-layout-flex\"><div style=\"color:#fefefe;font-size:12px\" class=\"has-link-color wp-elements-58 wp-block-post-author-name has-text-color\">Gustavo Vicencio Acevedo<\/div>\n\n<div style=\"color:#fefefe;font-size:12px\" class=\"has-link-color wp-elements-59 wp-block-post-date has-text-color\"><time datetime=\"2026-09-04T06:57:48-06:00\">4 septiembre, 2026<\/time><\/div><\/div>\n\n\n<div style=\"color:#fefefe;font-size:16px\" class=\"has-link-color wp-elements-60 wp-block-post-excerpt has-text-color\"><p class=\"wp-block-post-excerpt__excerpt\">&#8220;Una casa dividida contra s\u00ed misma no puede permanecer.&#8221; Abraham Lincoln \u00a0 \u00a0 \u00a0 Despu\u00e9s de todo informe presidencial viene la guerra de cifras, unos defendiendo las dichas por la presidente y otras refut\u00e1ndolas y\/o complement\u00e1ndolas. El dato oficial de 51% menos homicidios, se contrasta con el argumento opositor de que ocultan muertos en otras&hellip;<\/p><p class=\"wp-block-post-excerpt__more-text\"><a class=\"wp-block-post-excerpt__more-link\" href=\"https:\/\/arjenoticias.com.mx\/?p=17793\">Read More<\/a><\/p><\/div><\/div>\n\n\n<\/div>\n\n<\/li><li class=\"wp-block-post post-17790 post type-post status-publish format-standard has-post-thumbnail hentry category-politica tag-para-gobernar-bien-hay-que-comunicar\">\n\n<div class=\"wp-block-group is-content-justification-space-between is-nowrap is-layout-flex wp-container-core-group-is-layout-8f4c7d2f wp-block-group-is-layout-flex\" style=\"margin-top:0;margin-bottom:0;padding-top:0px;padding-right:0px;padding-bottom:0px;padding-left:0px\">\n<div class=\"wp-block-group wp-container-content-0733e5d0 has-global-padding is-layout-constrained wp-container-core-group-is-layout-443fcbf2 wp-block-group-is-layout-constrained\"><h2 style=\"color:#fefefe\" class=\"has-link-color wp-elements-61 wp-block-post-title has-text-color has-medium-font-size\"><a href=\"https:\/\/arjenoticias.com.mx\/?p=17790\" target=\"_self\" >Comunicar para Gobernar: La Confianza No se Construye con Discursos, se Construye con Credibilidad.<\/a><\/h2>\n\n\n<div class=\"wp-block-group is-nowrap is-layout-flex wp-container-core-group-is-layout-c694217f wp-block-group-is-layout-flex\"><div style=\"color:#fefefe;font-size:12px\" class=\"has-link-color wp-elements-62 wp-block-post-author-name has-text-color\">Miguel H. Botello Trevi\u00f1o<\/div>\n\n<div style=\"color:#fefefe;font-size:12px\" class=\"has-link-color wp-elements-63 wp-block-post-date has-text-color\"><time datetime=\"2026-09-04T06:46:53-06:00\">4 septiembre, 2026<\/time><\/div><\/div>\n\n\n<div style=\"color:#fefefe;font-size:16px\" class=\"has-link-color wp-elements-64 wp-block-post-excerpt has-text-color\"><p class=\"wp-block-post-excerpt__excerpt\">\u201cUn gobernante puede controlar su mensaje durante alg\u00fan tiempo. Lo que nunca podr\u00e1 controlar indefinidamente es la distancia entre lo que dice y lo que realmente hace.\u201d A lo largo de esta serie de art\u00edculos hemos analizado distintas competencias que deber\u00edan ayudarnos a evaluar a quien aspire a gobernar Nuevo Le\u00f3n. Hoy llegamos a una&hellip;<\/p><p class=\"wp-block-post-excerpt__more-text\"><a class=\"wp-block-post-excerpt__more-link\" href=\"https:\/\/arjenoticias.com.mx\/?p=17790\">Read More<\/a><\/p><\/div><\/div>\n\n\n<\/div>\n\n<\/li><li class=\"wp-block-post post-17781 post type-post status-publish format-standard has-post-thumbnail hentry category-politica tag-2do-informe-de-sheinbaum\">\n\n<div class=\"wp-block-group is-content-justification-space-between is-nowrap is-layout-flex wp-container-core-group-is-layout-8f4c7d2f wp-block-group-is-layout-flex\" style=\"margin-top:0;margin-bottom:0;padding-top:0px;padding-right:0px;padding-bottom:0px;padding-left:0px\">\n<div class=\"wp-block-group wp-container-content-0733e5d0 has-global-padding is-layout-constrained wp-container-core-group-is-layout-443fcbf2 wp-block-group-is-layout-constrained\"><h2 style=\"color:#fefefe\" class=\"has-link-color wp-elements-65 wp-block-post-title has-text-color has-medium-font-size\"><a href=\"https:\/\/arjenoticias.com.mx\/?p=17781\" target=\"_self\" >Rega\u00f1o Presidencial o&#8230;\u00bfSer\u00e1 una llamada a misa?<\/a><\/h2>\n\n\n<div class=\"wp-block-group is-nowrap is-layout-flex wp-container-core-group-is-layout-c694217f wp-block-group-is-layout-flex\"><div style=\"color:#fefefe;font-size:12px\" class=\"has-link-color wp-elements-66 wp-block-post-author-name has-text-color\">Jos\u00e9 Luis Carrillo<\/div>\n\n<div style=\"color:#fefefe;font-size:12px\" class=\"has-link-color wp-elements-67 wp-block-post-date has-text-color\"><time datetime=\"2026-09-03T21:25:51-06:00\">3 septiembre, 2026<\/time><\/div><\/div>\n\n\n<div style=\"color:#fefefe;font-size:16px\" class=\"has-link-color wp-elements-68 wp-block-post-excerpt has-text-color\"><p class=\"wp-block-post-excerpt__excerpt\">Hist\u00f3ricamente cuando tocan las campanas para llamar a misa dominical; todos asumimos que ir o no,ser\u00e1 una decisi\u00f3n eminentemente personal. \u00bfSuceder\u00e1 lo mismo con el mensaje enviado por la Presidenta Claudia Sheiinbaum\u00a0Pardo el pasado martes,durante la lectura de su Segundo Informe de Gobierno? &#8220;Los funcionarios deben conducirse con sencillez y humildad, pues los recursos son&hellip;<\/p><p class=\"wp-block-post-excerpt__more-text\"><a class=\"wp-block-post-excerpt__more-link\" href=\"https:\/\/arjenoticias.com.mx\/?p=17781\">Read More<\/a><\/p><\/div><\/div>\n\n\n<\/div>\n\n<\/li><li class=\"wp-block-post post-17773 post type-post status-publish format-standard has-post-thumbnail hentry category-ciudad category-lo-mas-relevante tag-autonomia-de-la-uanl tag-samuel-garcia\">\n\n<div class=\"wp-block-group is-content-justification-space-between is-nowrap is-layout-flex wp-container-core-group-is-layout-8f4c7d2f wp-block-group-is-layout-flex\" style=\"margin-top:0;margin-bottom:0;padding-top:0px;padding-right:0px;padding-bottom:0px;padding-left:0px\">\n<div class=\"wp-block-group wp-container-content-0733e5d0 has-global-padding is-layout-constrained wp-container-core-group-is-layout-443fcbf2 wp-block-group-is-layout-constrained\"><h2 style=\"color:#fefefe\" class=\"has-link-color wp-elements-69 wp-block-post-title has-text-color has-medium-font-size\"><a href=\"https:\/\/arjenoticias.com.mx\/?p=17773\" target=\"_self\" >Morena denuncia intromisi\u00f3n de Samuel Garc\u00eda en la UANL<\/a><\/h2>\n\n\n<div class=\"wp-block-group is-nowrap is-layout-flex wp-container-core-group-is-layout-c694217f wp-block-group-is-layout-flex\"><div style=\"color:#fefefe;font-size:12px\" class=\"has-link-color wp-elements-70 wp-block-post-author-name has-text-color\">Teresa Sep\u00falveda Elizondo<\/div>\n\n<div style=\"color:#fefefe;font-size:12px\" class=\"has-link-color wp-elements-71 wp-block-post-date has-text-color\"><time datetime=\"2026-09-03T19:34:15-06:00\">3 septiembre, 2026<\/time><\/div><\/div>\n\n\n<div style=\"color:#fefefe;font-size:16px\" class=\"has-link-color wp-elements-72 wp-block-post-excerpt has-text-color\"><p class=\"wp-block-post-excerpt__excerpt\">En el comunicado titulado \u201cLa autonom\u00eda de la UANL se respeta\u201d, Morena expres\u00f3 su preocupaci\u00f3n por lo que apunta a una intervenci\u00f3n del gobernador Samuel Garc\u00eda en las decisiones internas de la universidad, luego de que se diera a conocer que \u00e9ste tuvo una reuni\u00f3n a puerta cerrada. Los firmantes Andr\u00e9s Mijes, Clara Luz Flores,&hellip;<\/p><p class=\"wp-block-post-excerpt__more-text\"><a class=\"wp-block-post-excerpt__more-link\" href=\"https:\/\/arjenoticias.com.mx\/?p=17773\">Read More<\/a><\/p><\/div><\/div>\n\n\n<\/div>\n\n<\/li><li class=\"wp-block-post post-17774 post type-post status-publish format-standard has-post-thumbnail hentry category-politica tag-2do-informe-de-sheinbaum\">\n\n<div class=\"wp-block-group is-content-justification-space-between is-nowrap is-layout-flex wp-container-core-group-is-layout-8f4c7d2f wp-block-group-is-layout-flex\" style=\"margin-top:0;margin-bottom:0;padding-top:0px;padding-right:0px;padding-bottom:0px;padding-left:0px\">\n<div class=\"wp-block-group wp-container-content-0733e5d0 has-global-padding is-layout-constrained wp-container-core-group-is-layout-443fcbf2 wp-block-group-is-layout-constrained\"><h2 style=\"color:#fefefe\" class=\"has-link-color wp-elements-73 wp-block-post-title has-text-color has-medium-font-size\"><a href=\"https:\/\/arjenoticias.com.mx\/?p=17774\" target=\"_self\" >Glosa del 2do Informe<\/a><\/h2>\n\n\n<div class=\"wp-block-group is-nowrap is-layout-flex wp-container-core-group-is-layout-c694217f wp-block-group-is-layout-flex\"><div style=\"color:#fefefe;font-size:12px\" class=\"has-link-color wp-elements-74 wp-block-post-author-name has-text-color\">Oscar Tamez<\/div>\n\n<div style=\"color:#fefefe;font-size:12px\" class=\"has-link-color wp-elements-75 wp-block-post-date has-text-color\"><time datetime=\"2026-09-03T19:29:55-06:00\">3 septiembre, 2026<\/time><\/div><\/div>\n\n\n<div style=\"color:#fefefe;font-size:16px\" class=\"has-link-color wp-elements-76 wp-block-post-excerpt has-text-color\"><p class=\"wp-block-post-excerpt__excerpt\">La presidenta rindi\u00f3 su segundo informe republicano de gobierno, al estilo de los neoliberales, los tecn\u00f3cratas, mand\u00f3 el documento sin dar la cara a la representaci\u00f3n popular.Tal cual lo hicieran panistas, priistas y el moreno anterior, la primera mujer dio su mensaje en casa con sus cuates e invitados especiales y mand\u00f3 a la titular&hellip;<\/p><p class=\"wp-block-post-excerpt__more-text\"><a class=\"wp-block-post-excerpt__more-link\" href=\"https:\/\/arjenoticias.com.mx\/?p=17774\">Read More<\/a><\/p><\/div><\/div>\n\n\n<\/div>\n\n<\/li><\/ul><\/div>\n<\/div>\n\n\n\n<div class=\"wp-block-query is-layout-flow wp-block-query-is-layout-flow\">\n<div class=\"wp-block-group has-background has-global-padding is-layout-constrained wp-container-core-group-is-layout-948a77e7 wp-block-group-is-layout-constrained\" style=\"background-color:#252525;margin-bottom:20px;padding-top:20px;padding-right:20px;padding-bottom:20px;padding-left:20px\">\n<div class=\"wp-block-group alignwide has-global-padding is-layout-constrained wp-block-group-is-layout-constrained\">\n<h2 class=\"wp-block-heading alignwide has-text-color has-link-color wp-elements-77\" style=\"color:#fefefe\">Post Full<\/h2>\n<\/div>\n\n\n<ul class=\"columns-1 alignwide wp-block-post-template is-layout-grid wp-container-core-post-template-is-layout-0a162838 wp-block-post-template-is-layout-grid\"><li class=\"wp-block-post post-1 post type-post status-publish format-standard hentry category-uncategorized\">\n\n<div class=\"wp-block-group is-layout-flow wp-container-core-group-is-layout-eedad820 wp-block-group-is-layout-flow\" style=\"margin-top:0;margin-bottom:0;padding-top:0px;padding-right:0px;padding-bottom:0px;padding-left:0px\">\n\n<h2 style=\"color:#fefefe;font-size:27px\" class=\"has-link-color wp-elements-78 wp-block-post-title has-text-color\"><a href=\"https:\/\/arjenoticias.com.mx\/?p=1\" target=\"_self\" >Hello world!<\/a><\/h2>\n\n\n<div class=\"wp-block-group is-nowrap is-layout-flex wp-container-core-group-is-layout-c694217f wp-block-group-is-layout-flex\"><div style=\"color:#fefefe;font-size:12px\" class=\"has-link-color wp-elements-79 wp-block-post-author-name has-text-color\">admin<\/div>\n\n<div style=\"color:#fefefe;font-size:12px\" class=\"has-link-color wp-elements-80 wp-block-post-date has-text-color\"><time datetime=\"2026-09-04T13:52:03-06:00\">4 septiembre, 2026<\/time><\/div><\/div>\n\n\n<div style=\"color:#fefefe;font-size:16px\" class=\"has-link-color wp-elements-81 wp-block-post-excerpt has-text-color\"><p class=\"wp-block-post-excerpt__excerpt\">Welcome to WordPress. This is your first post. Edit or delete it, then start writing!<\/p><p class=\"wp-block-post-excerpt__more-text\"><a class=\"wp-block-post-excerpt__more-link\" href=\"https:\/\/arjenoticias.com.mx\/?p=1\">Read More<\/a><\/p><\/div><\/div>\n\n<\/li><li class=\"wp-block-post post-17793 post type-post status-publish format-standard has-post-thumbnail hentry category-opinion tag-2do-informe-de-sheinbaum\">\n\n<div class=\"wp-block-group is-layout-flow wp-container-core-group-is-layout-eedad820 wp-block-group-is-layout-flow\" style=\"margin-top:0;margin-bottom:0;padding-top:0px;padding-right:0px;padding-bottom:0px;padding-left:0px\">\n\n<h2 style=\"color:#fefefe;font-size:27px\" class=\"has-link-color wp-elements-82 wp-block-post-title has-text-color\"><a href=\"https:\/\/arjenoticias.com.mx\/?p=17793\" target=\"_self\" >Las ausencias del Informe y su mensaje: Gustavo A Vicencio<\/a><\/h2>\n\n\n<div class=\"wp-block-group is-nowrap is-layout-flex wp-container-core-group-is-layout-c694217f wp-block-group-is-layout-flex\"><div style=\"color:#fefefe;font-size:12px\" class=\"has-link-color wp-elements-83 wp-block-post-author-name has-text-color\">Gustavo Vicencio Acevedo<\/div>\n\n<div style=\"color:#fefefe;font-size:12px\" class=\"has-link-color wp-elements-84 wp-block-post-date has-text-color\"><time datetime=\"2026-09-04T06:57:48-06:00\">4 septiembre, 2026<\/time><\/div><\/div>\n\n\n<div style=\"color:#fefefe;font-size:16px\" class=\"has-link-color wp-elements-85 wp-block-post-excerpt has-text-color\"><p class=\"wp-block-post-excerpt__excerpt\">&#8220;Una casa dividida contra s\u00ed misma no puede permanecer.&#8221; Abraham Lincoln \u00a0 \u00a0 \u00a0 Despu\u00e9s de todo informe presidencial viene la guerra de cifras, unos defendiendo las dichas por la presidente y otras refut\u00e1ndolas y\/o complement\u00e1ndolas. El dato oficial de 51% menos homicidios, se contrasta con el argumento opositor de que ocultan muertos en otras&hellip;<\/p><p class=\"wp-block-post-excerpt__more-text\"><a class=\"wp-block-post-excerpt__more-link\" href=\"https:\/\/arjenoticias.com.mx\/?p=17793\">Read More<\/a><\/p><\/div><\/div>\n\n<\/li><li class=\"wp-block-post post-17790 post type-post status-publish format-standard has-post-thumbnail hentry category-politica tag-para-gobernar-bien-hay-que-comunicar\">\n\n<div class=\"wp-block-group is-layout-flow wp-container-core-group-is-layout-eedad820 wp-block-group-is-layout-flow\" style=\"margin-top:0;margin-bottom:0;padding-top:0px;padding-right:0px;padding-bottom:0px;padding-left:0px\">\n\n<h2 style=\"color:#fefefe;font-size:27px\" class=\"has-link-color wp-elements-86 wp-block-post-title has-text-color\"><a href=\"https:\/\/arjenoticias.com.mx\/?p=17790\" target=\"_self\" >Comunicar para Gobernar: La Confianza No se Construye con Discursos, se Construye con Credibilidad.<\/a><\/h2>\n\n\n<div class=\"wp-block-group is-nowrap is-layout-flex wp-container-core-group-is-layout-c694217f wp-block-group-is-layout-flex\"><div style=\"color:#fefefe;font-size:12px\" class=\"has-link-color wp-elements-87 wp-block-post-author-name has-text-color\">Miguel H. Botello Trevi\u00f1o<\/div>\n\n<div style=\"color:#fefefe;font-size:12px\" class=\"has-link-color wp-elements-88 wp-block-post-date has-text-color\"><time datetime=\"2026-09-04T06:46:53-06:00\">4 septiembre, 2026<\/time><\/div><\/div>\n\n\n<div style=\"color:#fefefe;font-size:16px\" class=\"has-link-color wp-elements-89 wp-block-post-excerpt has-text-color\"><p class=\"wp-block-post-excerpt__excerpt\">\u201cUn gobernante puede controlar su mensaje durante alg\u00fan tiempo. Lo que nunca podr\u00e1 controlar indefinidamente es la distancia entre lo que dice y lo que realmente hace.\u201d A lo largo de esta serie de art\u00edculos hemos analizado distintas competencias que deber\u00edan ayudarnos a evaluar a quien aspire a gobernar Nuevo Le\u00f3n. Hoy llegamos a una&hellip;<\/p><p class=\"wp-block-post-excerpt__more-text\"><a class=\"wp-block-post-excerpt__more-link\" href=\"https:\/\/arjenoticias.com.mx\/?p=17790\">Read More<\/a><\/p><\/div><\/div>\n\n<\/li><li class=\"wp-block-post post-17781 post type-post status-publish format-standard has-post-thumbnail hentry category-politica tag-2do-informe-de-sheinbaum\">\n\n<div class=\"wp-block-group is-layout-flow wp-container-core-group-is-layout-eedad820 wp-block-group-is-layout-flow\" style=\"margin-top:0;margin-bottom:0;padding-top:0px;padding-right:0px;padding-bottom:0px;padding-left:0px\">\n\n<h2 style=\"color:#fefefe;font-size:27px\" class=\"has-link-color wp-elements-90 wp-block-post-title has-text-color\"><a href=\"https:\/\/arjenoticias.com.mx\/?p=17781\" target=\"_self\" >Rega\u00f1o Presidencial o&#8230;\u00bfSer\u00e1 una llamada a misa?<\/a><\/h2>\n\n\n<div class=\"wp-block-group is-nowrap is-layout-flex wp-container-core-group-is-layout-c694217f wp-block-group-is-layout-flex\"><div style=\"color:#fefefe;font-size:12px\" class=\"has-link-color wp-elements-91 wp-block-post-author-name has-text-color\">Jos\u00e9 Luis Carrillo<\/div>\n\n<div style=\"color:#fefefe;font-size:12px\" class=\"has-link-color wp-elements-92 wp-block-post-date has-text-color\"><time datetime=\"2026-09-03T21:25:51-06:00\">3 septiembre, 2026<\/time><\/div><\/div>\n\n\n<div style=\"color:#fefefe;font-size:16px\" class=\"has-link-color wp-elements-93 wp-block-post-excerpt has-text-color\"><p class=\"wp-block-post-excerpt__excerpt\">Hist\u00f3ricamente cuando tocan las campanas para llamar a misa dominical; todos asumimos que ir o no,ser\u00e1 una decisi\u00f3n eminentemente personal. \u00bfSuceder\u00e1 lo mismo con el mensaje enviado por la Presidenta Claudia Sheiinbaum\u00a0Pardo el pasado martes,durante la lectura de su Segundo Informe de Gobierno? &#8220;Los funcionarios deben conducirse con sencillez y humildad, pues los recursos son&hellip;<\/p><p class=\"wp-block-post-excerpt__more-text\"><a class=\"wp-block-post-excerpt__more-link\" href=\"https:\/\/arjenoticias.com.mx\/?p=17781\">Read More<\/a><\/p><\/div><\/div>\n\n<\/li><li class=\"wp-block-post post-17773 post type-post status-publish format-standard has-post-thumbnail hentry category-ciudad category-lo-mas-relevante tag-autonomia-de-la-uanl tag-samuel-garcia\">\n\n<div class=\"wp-block-group is-layout-flow wp-container-core-group-is-layout-eedad820 wp-block-group-is-layout-flow\" style=\"margin-top:0;margin-bottom:0;padding-top:0px;padding-right:0px;padding-bottom:0px;padding-left:0px\">\n\n<h2 style=\"color:#fefefe;font-size:27px\" class=\"has-link-color wp-elements-94 wp-block-post-title has-text-color\"><a href=\"https:\/\/arjenoticias.com.mx\/?p=17773\" target=\"_self\" >Morena denuncia intromisi\u00f3n de Samuel Garc\u00eda en la UANL<\/a><\/h2>\n\n\n<div class=\"wp-block-group is-nowrap is-layout-flex wp-container-core-group-is-layout-c694217f wp-block-group-is-layout-flex\"><div style=\"color:#fefefe;font-size:12px\" class=\"has-link-color wp-elements-95 wp-block-post-author-name has-text-color\">Teresa Sep\u00falveda Elizondo<\/div>\n\n<div style=\"color:#fefefe;font-size:12px\" class=\"has-link-color wp-elements-96 wp-block-post-date has-text-color\"><time datetime=\"2026-09-03T19:34:15-06:00\">3 septiembre, 2026<\/time><\/div><\/div>\n\n\n<div style=\"color:#fefefe;font-size:16px\" class=\"has-link-color wp-elements-97 wp-block-post-excerpt has-text-color\"><p class=\"wp-block-post-excerpt__excerpt\">En el comunicado titulado \u201cLa autonom\u00eda de la UANL se respeta\u201d, Morena expres\u00f3 su preocupaci\u00f3n por lo que apunta a una intervenci\u00f3n del gobernador Samuel Garc\u00eda en las decisiones internas de la universidad, luego de que se diera a conocer que \u00e9ste tuvo una reuni\u00f3n a puerta cerrada. Los firmantes Andr\u00e9s Mijes, Clara Luz Flores,&hellip;<\/p><p class=\"wp-block-post-excerpt__more-text\"><a class=\"wp-block-post-excerpt__more-link\" href=\"https:\/\/arjenoticias.com.mx\/?p=17773\">Read More<\/a><\/p><\/div><\/div>\n\n<\/li><li class=\"wp-block-post post-17774 post type-post status-publish format-standard has-post-thumbnail hentry category-politica tag-2do-informe-de-sheinbaum\">\n\n<div class=\"wp-block-group is-layout-flow wp-container-core-group-is-layout-eedad820 wp-block-group-is-layout-flow\" style=\"margin-top:0;margin-bottom:0;padding-top:0px;padding-right:0px;padding-bottom:0px;padding-left:0px\">\n\n<h2 style=\"color:#fefefe;font-size:27px\" class=\"has-link-color wp-elements-98 wp-block-post-title has-text-color\"><a href=\"https:\/\/arjenoticias.com.mx\/?p=17774\" target=\"_self\" >Glosa del 2do Informe<\/a><\/h2>\n\n\n<div class=\"wp-block-group is-nowrap is-layout-flex wp-container-core-group-is-layout-c694217f wp-block-group-is-layout-flex\"><div style=\"color:#fefefe;font-size:12px\" class=\"has-link-color wp-elements-99 wp-block-post-author-name has-text-color\">Oscar Tamez<\/div>\n\n<div style=\"color:#fefefe;font-size:12px\" class=\"has-link-color wp-elements-100 wp-block-post-date has-text-color\"><time datetime=\"2026-09-03T19:29:55-06:00\">3 septiembre, 2026<\/time><\/div><\/div>\n\n\n<div style=\"color:#fefefe;font-size:16px\" class=\"has-link-color wp-elements-101 wp-block-post-excerpt has-text-color\"><p class=\"wp-block-post-excerpt__excerpt\">La presidenta rindi\u00f3 su segundo informe republicano de gobierno, al estilo de los neoliberales, los tecn\u00f3cratas, mand\u00f3 el documento sin dar la cara a la representaci\u00f3n popular.Tal cual lo hicieran panistas, priistas y el moreno anterior, la primera mujer dio su mensaje en casa con sus cuates e invitados especiales y mand\u00f3 a la titular&hellip;<\/p><p class=\"wp-block-post-excerpt__more-text\"><a class=\"wp-block-post-excerpt__more-link\" href=\"https:\/\/arjenoticias.com.mx\/?p=17774\">Read More<\/a><\/p><\/div><\/div>\n\n<\/li><\/ul><\/div>\n<\/div>\n\n\n\n<div class=\"wp-block-query is-layout-flow wp-block-query-is-layout-flow\">\n<div class=\"wp-block-group has-background has-global-padding is-layout-constrained wp-container-core-group-is-layout-948a77e7 wp-block-group-is-layout-constrained\" style=\"background-color:#252525;margin-bottom:20px;padding-top:20px;padding-right:20px;padding-bottom:20px;padding-left:20px\">\n<div class=\"wp-block-group alignwide has-global-padding is-layout-constrained wp-block-group-is-layout-constrained\">\n<h2 class=\"wp-block-heading alignwide has-text-color has-link-color wp-elements-102\" style=\"color:#fefefe\">Post Full<\/h2>\n<\/div>\n\n\n<ul class=\"columns-1 alignwide wp-block-post-template is-layout-grid wp-container-core-post-template-is-layout-0a162838 wp-block-post-template-is-layout-grid\"><li class=\"wp-block-post post-1 post type-post status-publish format-standard hentry category-uncategorized\">\n\n<div class=\"wp-block-group is-layout-flow wp-container-core-group-is-layout-eedad820 wp-block-group-is-layout-flow\" style=\"margin-top:0;margin-bottom:0;padding-top:0px;padding-right:0px;padding-bottom:0px;padding-left:0px\"><h2 style=\"color:#fefefe;font-size:27px\" class=\"has-link-color wp-elements-103 wp-block-post-title has-text-color\"><a href=\"https:\/\/arjenoticias.com.mx\/?p=1\" target=\"_self\" >Hello world!<\/a><\/h2>\n\n\n<div class=\"wp-block-group is-nowrap is-layout-flex wp-container-core-group-is-layout-c694217f wp-block-group-is-layout-flex\"><div style=\"color:#fefefe;font-size:12px\" class=\"has-link-color wp-elements-104 wp-block-post-author-name has-text-color\">admin<\/div>\n\n<div style=\"color:#fefefe;font-size:12px\" class=\"has-link-color wp-elements-105 wp-block-post-date has-text-color\"><time datetime=\"2026-09-04T13:52:03-06:00\">4 septiembre, 2026<\/time><\/div><\/div>\n\n\n\n\n<div style=\"color:#fefefe;font-size:16px\" class=\"has-link-color wp-elements-106 wp-block-post-excerpt has-text-color\"><p class=\"wp-block-post-excerpt__excerpt\">Welcome to WordPress. This is your first post. Edit or delete it, then start writing!<\/p><p class=\"wp-block-post-excerpt__more-text\"><a class=\"wp-block-post-excerpt__more-link\" href=\"https:\/\/arjenoticias.com.mx\/?p=1\">Read More<\/a><\/p><\/div><\/div>\n\n<\/li><li class=\"wp-block-post post-17793 post type-post status-publish format-standard has-post-thumbnail hentry category-opinion tag-2do-informe-de-sheinbaum\">\n\n<div class=\"wp-block-group is-layout-flow wp-container-core-group-is-layout-eedad820 wp-block-group-is-layout-flow\" style=\"margin-top:0;margin-bottom:0;padding-top:0px;padding-right:0px;padding-bottom:0px;padding-left:0px\"><h2 style=\"color:#fefefe;font-size:27px\" class=\"has-link-color wp-elements-107 wp-block-post-title has-text-color\"><a href=\"https:\/\/arjenoticias.com.mx\/?p=17793\" target=\"_self\" >Las ausencias del Informe y su mensaje: Gustavo A Vicencio<\/a><\/h2>\n\n\n<div class=\"wp-block-group is-nowrap is-layout-flex wp-container-core-group-is-layout-c694217f wp-block-group-is-layout-flex\"><div style=\"color:#fefefe;font-size:12px\" class=\"has-link-color wp-elements-108 wp-block-post-author-name has-text-color\">Gustavo Vicencio Acevedo<\/div>\n\n<div style=\"color:#fefefe;font-size:12px\" class=\"has-link-color wp-elements-109 wp-block-post-date has-text-color\"><time datetime=\"2026-09-04T06:57:48-06:00\">4 septiembre, 2026<\/time><\/div><\/div>\n\n\n\n\n<div style=\"color:#fefefe;font-size:16px\" class=\"has-link-color wp-elements-110 wp-block-post-excerpt has-text-color\"><p class=\"wp-block-post-excerpt__excerpt\">&#8220;Una casa dividida contra s\u00ed misma no puede permanecer.&#8221; Abraham Lincoln \u00a0 \u00a0 \u00a0 Despu\u00e9s de todo informe presidencial viene la guerra de cifras, unos defendiendo las dichas por la presidente y otras refut\u00e1ndolas y\/o complement\u00e1ndolas. El dato oficial de 51% menos homicidios, se contrasta con el argumento opositor de que ocultan muertos en otras&hellip;<\/p><p class=\"wp-block-post-excerpt__more-text\"><a class=\"wp-block-post-excerpt__more-link\" href=\"https:\/\/arjenoticias.com.mx\/?p=17793\">Read More<\/a><\/p><\/div><\/div>\n\n<\/li><li class=\"wp-block-post post-17790 post type-post status-publish format-standard has-post-thumbnail hentry category-politica tag-para-gobernar-bien-hay-que-comunicar\">\n\n<div class=\"wp-block-group is-layout-flow wp-container-core-group-is-layout-eedad820 wp-block-group-is-layout-flow\" style=\"margin-top:0;margin-bottom:0;padding-top:0px;padding-right:0px;padding-bottom:0px;padding-left:0px\"><h2 style=\"color:#fefefe;font-size:27px\" class=\"has-link-color wp-elements-111 wp-block-post-title has-text-color\"><a href=\"https:\/\/arjenoticias.com.mx\/?p=17790\" target=\"_self\" >Comunicar para Gobernar: La Confianza No se Construye con Discursos, se Construye con Credibilidad.<\/a><\/h2>\n\n\n<div class=\"wp-block-group is-nowrap is-layout-flex wp-container-core-group-is-layout-c694217f wp-block-group-is-layout-flex\"><div style=\"color:#fefefe;font-size:12px\" class=\"has-link-color wp-elements-112 wp-block-post-author-name has-text-color\">Miguel H. Botello Trevi\u00f1o<\/div>\n\n<div style=\"color:#fefefe;font-size:12px\" class=\"has-link-color wp-elements-113 wp-block-post-date has-text-color\"><time datetime=\"2026-09-04T06:46:53-06:00\">4 septiembre, 2026<\/time><\/div><\/div>\n\n\n\n\n<div style=\"color:#fefefe;font-size:16px\" class=\"has-link-color wp-elements-114 wp-block-post-excerpt has-text-color\"><p class=\"wp-block-post-excerpt__excerpt\">\u201cUn gobernante puede controlar su mensaje durante alg\u00fan tiempo. Lo que nunca podr\u00e1 controlar indefinidamente es la distancia entre lo que dice y lo que realmente hace.\u201d A lo largo de esta serie de art\u00edculos hemos analizado distintas competencias que deber\u00edan ayudarnos a evaluar a quien aspire a gobernar Nuevo Le\u00f3n. Hoy llegamos a una&hellip;<\/p><p class=\"wp-block-post-excerpt__more-text\"><a class=\"wp-block-post-excerpt__more-link\" href=\"https:\/\/arjenoticias.com.mx\/?p=17790\">Read More<\/a><\/p><\/div><\/div>\n\n<\/li><li class=\"wp-block-post post-17781 post type-post status-publish format-standard has-post-thumbnail hentry category-politica tag-2do-informe-de-sheinbaum\">\n\n<div class=\"wp-block-group is-layout-flow wp-container-core-group-is-layout-eedad820 wp-block-group-is-layout-flow\" style=\"margin-top:0;margin-bottom:0;padding-top:0px;padding-right:0px;padding-bottom:0px;padding-left:0px\"><h2 style=\"color:#fefefe;font-size:27px\" class=\"has-link-color wp-elements-115 wp-block-post-title has-text-color\"><a href=\"https:\/\/arjenoticias.com.mx\/?p=17781\" target=\"_self\" >Rega\u00f1o Presidencial o&#8230;\u00bfSer\u00e1 una llamada a misa?<\/a><\/h2>\n\n\n<div class=\"wp-block-group is-nowrap is-layout-flex wp-container-core-group-is-layout-c694217f wp-block-group-is-layout-flex\"><div style=\"color:#fefefe;font-size:12px\" class=\"has-link-color wp-elements-116 wp-block-post-author-name has-text-color\">Jos\u00e9 Luis Carrillo<\/div>\n\n<div style=\"color:#fefefe;font-size:12px\" class=\"has-link-color wp-elements-117 wp-block-post-date has-text-color\"><time datetime=\"2026-09-03T21:25:51-06:00\">3 septiembre, 2026<\/time><\/div><\/div>\n\n\n\n\n<div style=\"color:#fefefe;font-size:16px\" class=\"has-link-color wp-elements-118 wp-block-post-excerpt has-text-color\"><p class=\"wp-block-post-excerpt__excerpt\">Hist\u00f3ricamente cuando tocan las campanas para llamar a misa dominical; todos asumimos que ir o no,ser\u00e1 una decisi\u00f3n eminentemente personal. \u00bfSuceder\u00e1 lo mismo con el mensaje enviado por la Presidenta Claudia Sheiinbaum\u00a0Pardo el pasado martes,durante la lectura de su Segundo Informe de Gobierno? &#8220;Los funcionarios deben conducirse con sencillez y humildad, pues los recursos son&hellip;<\/p><p class=\"wp-block-post-excerpt__more-text\"><a class=\"wp-block-post-excerpt__more-link\" href=\"https:\/\/arjenoticias.com.mx\/?p=17781\">Read More<\/a><\/p><\/div><\/div>\n\n<\/li><li class=\"wp-block-post post-17773 post type-post status-publish format-standard has-post-thumbnail hentry category-ciudad category-lo-mas-relevante tag-autonomia-de-la-uanl tag-samuel-garcia\">\n\n<div class=\"wp-block-group is-layout-flow wp-container-core-group-is-layout-eedad820 wp-block-group-is-layout-flow\" style=\"margin-top:0;margin-bottom:0;padding-top:0px;padding-right:0px;padding-bottom:0px;padding-left:0px\"><h2 style=\"color:#fefefe;font-size:27px\" class=\"has-link-color wp-elements-119 wp-block-post-title has-text-color\"><a href=\"https:\/\/arjenoticias.com.mx\/?p=17773\" target=\"_self\" >Morena denuncia intromisi\u00f3n de Samuel Garc\u00eda en la UANL<\/a><\/h2>\n\n\n<div class=\"wp-block-group is-nowrap is-layout-flex wp-container-core-group-is-layout-c694217f wp-block-group-is-layout-flex\"><div style=\"color:#fefefe;font-size:12px\" class=\"has-link-color wp-elements-120 wp-block-post-author-name has-text-color\">Teresa Sep\u00falveda Elizondo<\/div>\n\n<div style=\"color:#fefefe;font-size:12px\" class=\"has-link-color wp-elements-121 wp-block-post-date has-text-color\"><time datetime=\"2026-09-03T19:34:15-06:00\">3 septiembre, 2026<\/time><\/div><\/div>\n\n\n\n\n<div style=\"color:#fefefe;font-size:16px\" class=\"has-link-color wp-elements-122 wp-block-post-excerpt has-text-color\"><p class=\"wp-block-post-excerpt__excerpt\">En el comunicado titulado \u201cLa autonom\u00eda de la UANL se respeta\u201d, Morena expres\u00f3 su preocupaci\u00f3n por lo que apunta a una intervenci\u00f3n del gobernador Samuel Garc\u00eda en las decisiones internas de la universidad, luego de que se diera a conocer que \u00e9ste tuvo una reuni\u00f3n a puerta cerrada. Los firmantes Andr\u00e9s Mijes, Clara Luz Flores,&hellip;<\/p><p class=\"wp-block-post-excerpt__more-text\"><a class=\"wp-block-post-excerpt__more-link\" href=\"https:\/\/arjenoticias.com.mx\/?p=17773\">Read More<\/a><\/p><\/div><\/div>\n\n<\/li><li class=\"wp-block-post post-17774 post type-post status-publish format-standard has-post-thumbnail hentry category-politica tag-2do-informe-de-sheinbaum\">\n\n<div class=\"wp-block-group is-layout-flow wp-container-core-group-is-layout-eedad820 wp-block-group-is-layout-flow\" style=\"margin-top:0;margin-bottom:0;padding-top:0px;padding-right:0px;padding-bottom:0px;padding-left:0px\"><h2 style=\"color:#fefefe;font-size:27px\" class=\"has-link-color wp-elements-123 wp-block-post-title has-text-color\"><a href=\"https:\/\/arjenoticias.com.mx\/?p=17774\" target=\"_self\" >Glosa del 2do Informe<\/a><\/h2>\n\n\n<div class=\"wp-block-group is-nowrap is-layout-flex wp-container-core-group-is-layout-c694217f wp-block-group-is-layout-flex\"><div style=\"color:#fefefe;font-size:12px\" class=\"has-link-color wp-elements-124 wp-block-post-author-name has-text-color\">Oscar Tamez<\/div>\n\n<div style=\"color:#fefefe;font-size:12px\" class=\"has-link-color wp-elements-125 wp-block-post-date has-text-color\"><time datetime=\"2026-09-03T19:29:55-06:00\">3 septiembre, 2026<\/time><\/div><\/div>\n\n\n\n\n<div style=\"color:#fefefe;font-size:16px\" class=\"has-link-color wp-elements-126 wp-block-post-excerpt has-text-color\"><p class=\"wp-block-post-excerpt__excerpt\">La presidenta rindi\u00f3 su segundo informe republicano de gobierno, al estilo de los neoliberales, los tecn\u00f3cratas, mand\u00f3 el documento sin dar la cara a la representaci\u00f3n popular.Tal cual lo hicieran panistas, priistas y el moreno anterior, la primera mujer dio su mensaje en casa con sus cuates e invitados especiales y mand\u00f3 a la titular&hellip;<\/p><p class=\"wp-block-post-excerpt__more-text\"><a class=\"wp-block-post-excerpt__more-link\" href=\"https:\/\/arjenoticias.com.mx\/?p=17774\">Read More<\/a><\/p><\/div><\/div>\n\n<\/li><\/ul><\/div>\n<\/div>\n\n\n\n<div class=\"wp-block-query is-layout-flow wp-block-query-is-layout-flow\">\n<div class=\"wp-block-group has-background has-global-padding is-layout-constrained wp-container-core-group-is-layout-948a77e7 wp-block-group-is-layout-constrained\" style=\"background-color:#252525;margin-bottom:20px;padding-top:20px;padding-right:20px;padding-bottom:20px;padding-left:20px\">\n<div class=\"wp-block-group alignwide has-global-padding is-layout-constrained wp-block-group-is-layout-constrained\">\n<h2 class=\"wp-block-heading alignwide has-text-color has-link-color wp-elements-127\" style=\"color:#fefefe\">Post Grid<\/h2>\n<\/div>\n\n\n<ul class=\"columns-2 alignwide wp-block-post-template is-layout-grid wp-container-core-post-template-is-layout-9b35ac95 wp-block-post-template-is-layout-grid\"><li class=\"wp-block-post post-1 post type-post status-publish format-standard hentry category-uncategorized\">\n\n<div class=\"wp-block-group is-layout-flow wp-container-core-group-is-layout-eedad820 wp-block-group-is-layout-flow\" style=\"margin-top:0;margin-bottom:0;padding-top:0px;padding-right:0px;padding-bottom:0px;padding-left:0px\">\n\n<h2 style=\"color:#fefefe\" class=\"has-link-color wp-elements-128 wp-block-post-title has-text-color has-medium-font-size\"><a href=\"https:\/\/arjenoticias.com.mx\/?p=1\" target=\"_self\" >Hello world!<\/a><\/h2>\n\n\n<div class=\"wp-block-group is-nowrap is-layout-flex wp-container-core-group-is-layout-c694217f wp-block-group-is-layout-flex\"><div style=\"color:#fefefe;font-size:12px\" class=\"has-link-color wp-elements-129 wp-block-post-author-name has-text-color\">admin<\/div>\n\n<div style=\"color:#fefefe;font-size:12px\" class=\"has-link-color wp-elements-130 wp-block-post-date has-text-color\"><time datetime=\"2026-09-04T13:52:03-06:00\">4 septiembre, 2026<\/time><\/div><\/div>\n\n\n<div style=\"color:#fefefe;font-size:16px\" class=\"has-link-color wp-elements-131 wp-block-post-excerpt has-text-color\"><p class=\"wp-block-post-excerpt__excerpt\">Welcome to WordPress. This is your first post. Edit or delete it, then start writing!<\/p><p class=\"wp-block-post-excerpt__more-text\"><a class=\"wp-block-post-excerpt__more-link\" href=\"https:\/\/arjenoticias.com.mx\/?p=1\">Read More<\/a><\/p><\/div><\/div>\n\n<\/li><li class=\"wp-block-post post-17793 post type-post status-publish format-standard has-post-thumbnail hentry category-opinion tag-2do-informe-de-sheinbaum\">\n\n<div class=\"wp-block-group is-layout-flow wp-container-core-group-is-layout-eedad820 wp-block-group-is-layout-flow\" style=\"margin-top:0;margin-bottom:0;padding-top:0px;padding-right:0px;padding-bottom:0px;padding-left:0px\">\n\n<h2 style=\"color:#fefefe\" class=\"has-link-color wp-elements-132 wp-block-post-title has-text-color has-medium-font-size\"><a href=\"https:\/\/arjenoticias.com.mx\/?p=17793\" target=\"_self\" >Las ausencias del Informe y su mensaje: Gustavo A Vicencio<\/a><\/h2>\n\n\n<div class=\"wp-block-group is-nowrap is-layout-flex wp-container-core-group-is-layout-c694217f wp-block-group-is-layout-flex\"><div style=\"color:#fefefe;font-size:12px\" class=\"has-link-color wp-elements-133 wp-block-post-author-name has-text-color\">Gustavo Vicencio Acevedo<\/div>\n\n<div style=\"color:#fefefe;font-size:12px\" class=\"has-link-color wp-elements-134 wp-block-post-date has-text-color\"><time datetime=\"2026-09-04T06:57:48-06:00\">4 septiembre, 2026<\/time><\/div><\/div>\n\n\n<div style=\"color:#fefefe;font-size:16px\" class=\"has-link-color wp-elements-135 wp-block-post-excerpt has-text-color\"><p class=\"wp-block-post-excerpt__excerpt\">&#8220;Una casa dividida contra s\u00ed misma no puede permanecer.&#8221; Abraham Lincoln \u00a0 \u00a0 \u00a0 Despu\u00e9s de todo informe presidencial viene la guerra de cifras, unos defendiendo las dichas por la presidente y otras refut\u00e1ndolas y\/o complement\u00e1ndolas. El dato oficial de 51% menos homicidios, se contrasta con el argumento opositor de que ocultan muertos en otras&hellip;<\/p><p class=\"wp-block-post-excerpt__more-text\"><a class=\"wp-block-post-excerpt__more-link\" href=\"https:\/\/arjenoticias.com.mx\/?p=17793\">Read More<\/a><\/p><\/div><\/div>\n\n<\/li><li class=\"wp-block-post post-17790 post type-post status-publish format-standard has-post-thumbnail hentry category-politica tag-para-gobernar-bien-hay-que-comunicar\">\n\n<div class=\"wp-block-group is-layout-flow wp-container-core-group-is-layout-eedad820 wp-block-group-is-layout-flow\" style=\"margin-top:0;margin-bottom:0;padding-top:0px;padding-right:0px;padding-bottom:0px;padding-left:0px\">\n\n<h2 style=\"color:#fefefe\" class=\"has-link-color wp-elements-136 wp-block-post-title has-text-color has-medium-font-size\"><a href=\"https:\/\/arjenoticias.com.mx\/?p=17790\" target=\"_self\" >Comunicar para Gobernar: La Confianza No se Construye con Discursos, se Construye con Credibilidad.<\/a><\/h2>\n\n\n<div class=\"wp-block-group is-nowrap is-layout-flex wp-container-core-group-is-layout-c694217f wp-block-group-is-layout-flex\"><div style=\"color:#fefefe;font-size:12px\" class=\"has-link-color wp-elements-137 wp-block-post-author-name has-text-color\">Miguel H. Botello Trevi\u00f1o<\/div>\n\n<div style=\"color:#fefefe;font-size:12px\" class=\"has-link-color wp-elements-138 wp-block-post-date has-text-color\"><time datetime=\"2026-09-04T06:46:53-06:00\">4 septiembre, 2026<\/time><\/div><\/div>\n\n\n<div style=\"color:#fefefe;font-size:16px\" class=\"has-link-color wp-elements-139 wp-block-post-excerpt has-text-color\"><p class=\"wp-block-post-excerpt__excerpt\">\u201cUn gobernante puede controlar su mensaje durante alg\u00fan tiempo. Lo que nunca podr\u00e1 controlar indefinidamente es la distancia entre lo que dice y lo que realmente hace.\u201d A lo largo de esta serie de art\u00edculos hemos analizado distintas competencias que deber\u00edan ayudarnos a evaluar a quien aspire a gobernar Nuevo Le\u00f3n. Hoy llegamos a una&hellip;<\/p><p class=\"wp-block-post-excerpt__more-text\"><a class=\"wp-block-post-excerpt__more-link\" href=\"https:\/\/arjenoticias.com.mx\/?p=17790\">Read More<\/a><\/p><\/div><\/div>\n\n<\/li><li class=\"wp-block-post post-17781 post type-post status-publish format-standard has-post-thumbnail hentry category-politica tag-2do-informe-de-sheinbaum\">\n\n<div class=\"wp-block-group is-layout-flow wp-container-core-group-is-layout-eedad820 wp-block-group-is-layout-flow\" style=\"margin-top:0;margin-bottom:0;padding-top:0px;padding-right:0px;padding-bottom:0px;padding-left:0px\">\n\n<h2 style=\"color:#fefefe\" class=\"has-link-color wp-elements-140 wp-block-post-title has-text-color has-medium-font-size\"><a href=\"https:\/\/arjenoticias.com.mx\/?p=17781\" target=\"_self\" >Rega\u00f1o Presidencial o&#8230;\u00bfSer\u00e1 una llamada a misa?<\/a><\/h2>\n\n\n<div class=\"wp-block-group is-nowrap is-layout-flex wp-container-core-group-is-layout-c694217f wp-block-group-is-layout-flex\"><div style=\"color:#fefefe;font-size:12px\" class=\"has-link-color wp-elements-141 wp-block-post-author-name has-text-color\">Jos\u00e9 Luis Carrillo<\/div>\n\n<div style=\"color:#fefefe;font-size:12px\" class=\"has-link-color wp-elements-142 wp-block-post-date has-text-color\"><time datetime=\"2026-09-03T21:25:51-06:00\">3 septiembre, 2026<\/time><\/div><\/div>\n\n\n<div style=\"color:#fefefe;font-size:16px\" class=\"has-link-color wp-elements-143 wp-block-post-excerpt has-text-color\"><p class=\"wp-block-post-excerpt__excerpt\">Hist\u00f3ricamente cuando tocan las campanas para llamar a misa dominical; todos asumimos que ir o no,ser\u00e1 una decisi\u00f3n eminentemente personal. \u00bfSuceder\u00e1 lo mismo con el mensaje enviado por la Presidenta Claudia Sheiinbaum\u00a0Pardo el pasado martes,durante la lectura de su Segundo Informe de Gobierno? &#8220;Los funcionarios deben conducirse con sencillez y humildad, pues los recursos son&hellip;<\/p><p class=\"wp-block-post-excerpt__more-text\"><a class=\"wp-block-post-excerpt__more-link\" href=\"https:\/\/arjenoticias.com.mx\/?p=17781\">Read More<\/a><\/p><\/div><\/div>\n\n<\/li><li class=\"wp-block-post post-17773 post type-post status-publish format-standard has-post-thumbnail hentry category-ciudad category-lo-mas-relevante tag-autonomia-de-la-uanl tag-samuel-garcia\">\n\n<div class=\"wp-block-group is-layout-flow wp-container-core-group-is-layout-eedad820 wp-block-group-is-layout-flow\" style=\"margin-top:0;margin-bottom:0;padding-top:0px;padding-right:0px;padding-bottom:0px;padding-left:0px\">\n\n<h2 style=\"color:#fefefe\" class=\"has-link-color wp-elements-144 wp-block-post-title has-text-color has-medium-font-size\"><a href=\"https:\/\/arjenoticias.com.mx\/?p=17773\" target=\"_self\" >Morena denuncia intromisi\u00f3n de Samuel Garc\u00eda en la UANL<\/a><\/h2>\n\n\n<div class=\"wp-block-group is-nowrap is-layout-flex wp-container-core-group-is-layout-c694217f wp-block-group-is-layout-flex\"><div style=\"color:#fefefe;font-size:12px\" class=\"has-link-color wp-elements-145 wp-block-post-author-name has-text-color\">Teresa Sep\u00falveda Elizondo<\/div>\n\n<div style=\"color:#fefefe;font-size:12px\" class=\"has-link-color wp-elements-146 wp-block-post-date has-text-color\"><time datetime=\"2026-09-03T19:34:15-06:00\">3 septiembre, 2026<\/time><\/div><\/div>\n\n\n<div style=\"color:#fefefe;font-size:16px\" class=\"has-link-color wp-elements-147 wp-block-post-excerpt has-text-color\"><p class=\"wp-block-post-excerpt__excerpt\">En el comunicado titulado \u201cLa autonom\u00eda de la UANL se respeta\u201d, Morena expres\u00f3 su preocupaci\u00f3n por lo que apunta a una intervenci\u00f3n del gobernador Samuel Garc\u00eda en las decisiones internas de la universidad, luego de que se diera a conocer que \u00e9ste tuvo una reuni\u00f3n a puerta cerrada. Los firmantes Andr\u00e9s Mijes, Clara Luz Flores,&hellip;<\/p><p class=\"wp-block-post-excerpt__more-text\"><a class=\"wp-block-post-excerpt__more-link\" href=\"https:\/\/arjenoticias.com.mx\/?p=17773\">Read More<\/a><\/p><\/div><\/div>\n\n<\/li><li class=\"wp-block-post post-17774 post type-post status-publish format-standard has-post-thumbnail hentry category-politica tag-2do-informe-de-sheinbaum\">\n\n<div class=\"wp-block-group is-layout-flow wp-container-core-group-is-layout-eedad820 wp-block-group-is-layout-flow\" style=\"margin-top:0;margin-bottom:0;padding-top:0px;padding-right:0px;padding-bottom:0px;padding-left:0px\">\n\n<h2 style=\"color:#fefefe\" class=\"has-link-color wp-elements-148 wp-block-post-title has-text-color has-medium-font-size\"><a href=\"https:\/\/arjenoticias.com.mx\/?p=17774\" target=\"_self\" >Glosa del 2do Informe<\/a><\/h2>\n\n\n<div class=\"wp-block-group is-nowrap is-layout-flex wp-container-core-group-is-layout-c694217f wp-block-group-is-layout-flex\"><div style=\"color:#fefefe;font-size:12px\" class=\"has-link-color wp-elements-149 wp-block-post-author-name has-text-color\">Oscar Tamez<\/div>\n\n<div style=\"color:#fefefe;font-size:12px\" class=\"has-link-color wp-elements-150 wp-block-post-date has-text-color\"><time datetime=\"2026-09-03T19:29:55-06:00\">3 septiembre, 2026<\/time><\/div><\/div>\n\n\n<div style=\"color:#fefefe;font-size:16px\" class=\"has-link-color wp-elements-151 wp-block-post-excerpt has-text-color\"><p class=\"wp-block-post-excerpt__excerpt\">La presidenta rindi\u00f3 su segundo informe republicano de gobierno, al estilo de los neoliberales, los tecn\u00f3cratas, mand\u00f3 el documento sin dar la cara a la representaci\u00f3n popular.Tal cual lo hicieran panistas, priistas y el moreno anterior, la primera mujer dio su mensaje en casa con sus cuates e invitados especiales y mand\u00f3 a la titular&hellip;<\/p><p class=\"wp-block-post-excerpt__more-text\"><a class=\"wp-block-post-excerpt__more-link\" href=\"https:\/\/arjenoticias.com.mx\/?p=17774\">Read More<\/a><\/p><\/div><\/div>\n\n<\/li><\/ul><\/div>\n<\/div>\n\n\n\n<div class=\"wp-block-query is-layout-flow wp-block-query-is-layout-flow\">\n<div class=\"wp-block-group has-background has-global-padding is-layout-constrained wp-container-core-group-is-layout-948a77e7 wp-block-group-is-layout-constrained\" style=\"background-color:#252525;margin-bottom:20px;padding-top:20px;padding-right:20px;padding-bottom:20px;padding-left:20px\">\n<div class=\"wp-block-group alignwide has-global-padding is-layout-constrained wp-block-group-is-layout-constrained\">\n<h2 class=\"wp-block-heading alignwide has-text-color has-link-color wp-elements-152\" style=\"color:#fefefe\">Post Grid<\/h2>\n<\/div>\n\n\n<ul class=\"columns-2 alignwide wp-block-post-template is-layout-grid wp-container-core-post-template-is-layout-9b35ac95 wp-block-post-template-is-layout-grid\"><li class=\"wp-block-post post-1 post type-post status-publish format-standard hentry category-uncategorized\">\n\n<div class=\"wp-block-group is-layout-flow wp-container-core-group-is-layout-eedad820 wp-block-group-is-layout-flow\" style=\"margin-top:0;margin-bottom:0;padding-top:0px;padding-right:0px;padding-bottom:0px;padding-left:0px\"><h2 style=\"color:#fefefe\" class=\"has-link-color wp-elements-153 wp-block-post-title has-text-color has-medium-font-size\"><a href=\"https:\/\/arjenoticias.com.mx\/?p=1\" target=\"_self\" >Hello world!<\/a><\/h2>\n\n\n<div class=\"wp-block-group is-nowrap is-layout-flex wp-container-core-group-is-layout-c694217f wp-block-group-is-layout-flex\"><div style=\"color:#fefefe;font-size:12px\" class=\"has-link-color wp-elements-154 wp-block-post-author-name has-text-color\">admin<\/div>\n\n<div style=\"color:#fefefe;font-size:12px\" class=\"has-link-color wp-elements-155 wp-block-post-date has-text-color\"><time datetime=\"2026-09-04T13:52:03-06:00\">4 septiembre, 2026<\/time><\/div><\/div>\n\n\n\n\n<div style=\"color:#fefefe;font-size:16px\" class=\"has-link-color wp-elements-156 wp-block-post-excerpt has-text-color\"><p class=\"wp-block-post-excerpt__excerpt\">Welcome to WordPress. This is your first post. Edit or delete it, then start writing!<\/p><p class=\"wp-block-post-excerpt__more-text\"><a class=\"wp-block-post-excerpt__more-link\" href=\"https:\/\/arjenoticias.com.mx\/?p=1\">Read More<\/a><\/p><\/div><\/div>\n\n<\/li><li class=\"wp-block-post post-17793 post type-post status-publish format-standard has-post-thumbnail hentry category-opinion tag-2do-informe-de-sheinbaum\">\n\n<div class=\"wp-block-group is-layout-flow wp-container-core-group-is-layout-eedad820 wp-block-group-is-layout-flow\" style=\"margin-top:0;margin-bottom:0;padding-top:0px;padding-right:0px;padding-bottom:0px;padding-left:0px\"><h2 style=\"color:#fefefe\" class=\"has-link-color wp-elements-157 wp-block-post-title has-text-color has-medium-font-size\"><a href=\"https:\/\/arjenoticias.com.mx\/?p=17793\" target=\"_self\" >Las ausencias del Informe y su mensaje: Gustavo A Vicencio<\/a><\/h2>\n\n\n<div class=\"wp-block-group is-nowrap is-layout-flex wp-container-core-group-is-layout-c694217f wp-block-group-is-layout-flex\"><div style=\"color:#fefefe;font-size:12px\" class=\"has-link-color wp-elements-158 wp-block-post-author-name has-text-color\">Gustavo Vicencio Acevedo<\/div>\n\n<div style=\"color:#fefefe;font-size:12px\" class=\"has-link-color wp-elements-159 wp-block-post-date has-text-color\"><time datetime=\"2026-09-04T06:57:48-06:00\">4 septiembre, 2026<\/time><\/div><\/div>\n\n\n\n\n<div style=\"color:#fefefe;font-size:16px\" class=\"has-link-color wp-elements-160 wp-block-post-excerpt has-text-color\"><p class=\"wp-block-post-excerpt__excerpt\">&#8220;Una casa dividida contra s\u00ed misma no puede permanecer.&#8221; Abraham Lincoln \u00a0 \u00a0 \u00a0 Despu\u00e9s de todo informe presidencial viene la guerra de cifras, unos defendiendo las dichas por la presidente y otras refut\u00e1ndolas y\/o complement\u00e1ndolas. El dato oficial de 51% menos homicidios, se contrasta con el argumento opositor de que ocultan muertos en otras&hellip;<\/p><p class=\"wp-block-post-excerpt__more-text\"><a class=\"wp-block-post-excerpt__more-link\" href=\"https:\/\/arjenoticias.com.mx\/?p=17793\">Read More<\/a><\/p><\/div><\/div>\n\n<\/li><li class=\"wp-block-post post-17790 post type-post status-publish format-standard has-post-thumbnail hentry category-politica tag-para-gobernar-bien-hay-que-comunicar\">\n\n<div class=\"wp-block-group is-layout-flow wp-container-core-group-is-layout-eedad820 wp-block-group-is-layout-flow\" style=\"margin-top:0;margin-bottom:0;padding-top:0px;padding-right:0px;padding-bottom:0px;padding-left:0px\"><h2 style=\"color:#fefefe\" class=\"has-link-color wp-elements-161 wp-block-post-title has-text-color has-medium-font-size\"><a href=\"https:\/\/arjenoticias.com.mx\/?p=17790\" target=\"_self\" >Comunicar para Gobernar: La Confianza No se Construye con Discursos, se Construye con Credibilidad.<\/a><\/h2>\n\n\n<div class=\"wp-block-group is-nowrap is-layout-flex wp-container-core-group-is-layout-c694217f wp-block-group-is-layout-flex\"><div style=\"color:#fefefe;font-size:12px\" class=\"has-link-color wp-elements-162 wp-block-post-author-name has-text-color\">Miguel H. Botello Trevi\u00f1o<\/div>\n\n<div style=\"color:#fefefe;font-size:12px\" class=\"has-link-color wp-elements-163 wp-block-post-date has-text-color\"><time datetime=\"2026-09-04T06:46:53-06:00\">4 septiembre, 2026<\/time><\/div><\/div>\n\n\n\n\n<div style=\"color:#fefefe;font-size:16px\" class=\"has-link-color wp-elements-164 wp-block-post-excerpt has-text-color\"><p class=\"wp-block-post-excerpt__excerpt\">\u201cUn gobernante puede controlar su mensaje durante alg\u00fan tiempo. Lo que nunca podr\u00e1 controlar indefinidamente es la distancia entre lo que dice y lo que realmente hace.\u201d A lo largo de esta serie de art\u00edculos hemos analizado distintas competencias que deber\u00edan ayudarnos a evaluar a quien aspire a gobernar Nuevo Le\u00f3n. Hoy llegamos a una&hellip;<\/p><p class=\"wp-block-post-excerpt__more-text\"><a class=\"wp-block-post-excerpt__more-link\" href=\"https:\/\/arjenoticias.com.mx\/?p=17790\">Read More<\/a><\/p><\/div><\/div>\n\n<\/li><li class=\"wp-block-post post-17781 post type-post status-publish format-standard has-post-thumbnail hentry category-politica tag-2do-informe-de-sheinbaum\">\n\n<div class=\"wp-block-group is-layout-flow wp-container-core-group-is-layout-eedad820 wp-block-group-is-layout-flow\" style=\"margin-top:0;margin-bottom:0;padding-top:0px;padding-right:0px;padding-bottom:0px;padding-left:0px\"><h2 style=\"color:#fefefe\" class=\"has-link-color wp-elements-165 wp-block-post-title has-text-color has-medium-font-size\"><a href=\"https:\/\/arjenoticias.com.mx\/?p=17781\" target=\"_self\" >Rega\u00f1o Presidencial o&#8230;\u00bfSer\u00e1 una llamada a misa?<\/a><\/h2>\n\n\n<div class=\"wp-block-group is-nowrap is-layout-flex wp-container-core-group-is-layout-c694217f wp-block-group-is-layout-flex\"><div style=\"color:#fefefe;font-size:12px\" class=\"has-link-color wp-elements-166 wp-block-post-author-name has-text-color\">Jos\u00e9 Luis Carrillo<\/div>\n\n<div style=\"color:#fefefe;font-size:12px\" class=\"has-link-color wp-elements-167 wp-block-post-date has-text-color\"><time datetime=\"2026-09-03T21:25:51-06:00\">3 septiembre, 2026<\/time><\/div><\/div>\n\n\n\n\n<div style=\"color:#fefefe;font-size:16px\" class=\"has-link-color wp-elements-168 wp-block-post-excerpt has-text-color\"><p class=\"wp-block-post-excerpt__excerpt\">Hist\u00f3ricamente cuando tocan las campanas para llamar a misa dominical; todos asumimos que ir o no,ser\u00e1 una decisi\u00f3n eminentemente personal. \u00bfSuceder\u00e1 lo mismo con el mensaje enviado por la Presidenta Claudia Sheiinbaum\u00a0Pardo el pasado martes,durante la lectura de su Segundo Informe de Gobierno? &#8220;Los funcionarios deben conducirse con sencillez y humildad, pues los recursos son&hellip;<\/p><p class=\"wp-block-post-excerpt__more-text\"><a class=\"wp-block-post-excerpt__more-link\" href=\"https:\/\/arjenoticias.com.mx\/?p=17781\">Read More<\/a><\/p><\/div><\/div>\n\n<\/li><li class=\"wp-block-post post-17773 post type-post status-publish format-standard has-post-thumbnail hentry category-ciudad category-lo-mas-relevante tag-autonomia-de-la-uanl tag-samuel-garcia\">\n\n<div class=\"wp-block-group is-layout-flow wp-container-core-group-is-layout-eedad820 wp-block-group-is-layout-flow\" style=\"margin-top:0;margin-bottom:0;padding-top:0px;padding-right:0px;padding-bottom:0px;padding-left:0px\"><h2 style=\"color:#fefefe\" class=\"has-link-color wp-elements-169 wp-block-post-title has-text-color has-medium-font-size\"><a href=\"https:\/\/arjenoticias.com.mx\/?p=17773\" target=\"_self\" >Morena denuncia intromisi\u00f3n de Samuel Garc\u00eda en la UANL<\/a><\/h2>\n\n\n<div class=\"wp-block-group is-nowrap is-layout-flex wp-container-core-group-is-layout-c694217f wp-block-group-is-layout-flex\"><div style=\"color:#fefefe;font-size:12px\" class=\"has-link-color wp-elements-170 wp-block-post-author-name has-text-color\">Teresa Sep\u00falveda Elizondo<\/div>\n\n<div style=\"color:#fefefe;font-size:12px\" class=\"has-link-color wp-elements-171 wp-block-post-date has-text-color\"><time datetime=\"2026-09-03T19:34:15-06:00\">3 septiembre, 2026<\/time><\/div><\/div>\n\n\n\n\n<div style=\"color:#fefefe;font-size:16px\" class=\"has-link-color wp-elements-172 wp-block-post-excerpt has-text-color\"><p class=\"wp-block-post-excerpt__excerpt\">En el comunicado titulado \u201cLa autonom\u00eda de la UANL se respeta\u201d, Morena expres\u00f3 su preocupaci\u00f3n por lo que apunta a una intervenci\u00f3n del gobernador Samuel Garc\u00eda en las decisiones internas de la universidad, luego de que se diera a conocer que \u00e9ste tuvo una reuni\u00f3n a puerta cerrada. Los firmantes Andr\u00e9s Mijes, Clara Luz Flores,&hellip;<\/p><p class=\"wp-block-post-excerpt__more-text\"><a class=\"wp-block-post-excerpt__more-link\" href=\"https:\/\/arjenoticias.com.mx\/?p=17773\">Read More<\/a><\/p><\/div><\/div>\n\n<\/li><li class=\"wp-block-post post-17774 post type-post status-publish format-standard has-post-thumbnail hentry category-politica tag-2do-informe-de-sheinbaum\">\n\n<div class=\"wp-block-group is-layout-flow wp-container-core-group-is-layout-eedad820 wp-block-group-is-layout-flow\" style=\"margin-top:0;margin-bottom:0;padding-top:0px;padding-right:0px;padding-bottom:0px;padding-left:0px\"><h2 style=\"color:#fefefe\" class=\"has-link-color wp-elements-173 wp-block-post-title has-text-color has-medium-font-size\"><a href=\"https:\/\/arjenoticias.com.mx\/?p=17774\" target=\"_self\" >Glosa del 2do Informe<\/a><\/h2>\n\n\n<div class=\"wp-block-group is-nowrap is-layout-flex wp-container-core-group-is-layout-c694217f wp-block-group-is-layout-flex\"><div style=\"color:#fefefe;font-size:12px\" class=\"has-link-color wp-elements-174 wp-block-post-author-name has-text-color\">Oscar Tamez<\/div>\n\n<div style=\"color:#fefefe;font-size:12px\" class=\"has-link-color wp-elements-175 wp-block-post-date has-text-color\"><time datetime=\"2026-09-03T19:29:55-06:00\">3 septiembre, 2026<\/time><\/div><\/div>\n\n\n\n\n<div style=\"color:#fefefe;font-size:16px\" class=\"has-link-color wp-elements-176 wp-block-post-excerpt has-text-color\"><p class=\"wp-block-post-excerpt__excerpt\">La presidenta rindi\u00f3 su segundo informe republicano de gobierno, al estilo de los neoliberales, los tecn\u00f3cratas, mand\u00f3 el documento sin dar la cara a la representaci\u00f3n popular.Tal cual lo hicieran panistas, priistas y el moreno anterior, la primera mujer dio su mensaje en casa con sus cuates e invitados especiales y mand\u00f3 a la titular&hellip;<\/p><p class=\"wp-block-post-excerpt__more-text\"><a class=\"wp-block-post-excerpt__more-link\" href=\"https:\/\/arjenoticias.com.mx\/?p=17774\">Read More<\/a><\/p><\/div><\/div>\n\n<\/li><\/ul><\/div>\n<\/div>\n\n\n\n<div class=\"wp-block-query is-layout-flow wp-block-query-is-layout-flow\">\n<div class=\"wp-block-group has-background has-global-padding is-layout-constrained wp-container-core-group-is-layout-06143361 wp-block-group-is-layout-constrained\" style=\"background-color:#252525;margin-bottom:20px;padding-top:20px;padding-right:20px;padding-bottom:20px;padding-left:20px\">\n<div class=\"wp-block-group alignwide has-global-padding is-layout-constrained wp-block-group-is-layout-constrained\">\n<h2 class=\"wp-block-heading alignwide has-text-color has-link-color wp-elements-177\" style=\"color:#fefefe\">Post Grid<\/h2>\n<\/div>\n\n\n<ul class=\"columns-3 alignwide wp-block-post-template is-layout-grid wp-container-core-post-template-is-layout-9a5266be wp-block-post-template-is-layout-grid\"><li class=\"wp-block-post post-1 post type-post status-publish format-standard hentry category-uncategorized\">\n\n<div class=\"wp-block-group is-layout-flow wp-container-core-group-is-layout-eedad820 wp-block-group-is-layout-flow\" style=\"margin-top:0;margin-bottom:0;padding-top:0px;padding-right:0px;padding-bottom:0px;padding-left:0px\">\n\n<h2 style=\"color:#fefefe;font-size:1.13em\" class=\"has-link-color wp-elements-178 wp-block-post-title has-text-color\"><a href=\"https:\/\/arjenoticias.com.mx\/?p=1\" target=\"_self\" >Hello world!<\/a><\/h2>\n\n<div style=\"color:#fefefe\" class=\"has-link-color wp-elements-179 wp-block-post-date has-text-color has-small-font-size\"><time datetime=\"2026-09-04T13:52:03-06:00\">4 septiembre, 2026<\/time><\/div>\n\n<div style=\"color:#fefefe\" class=\"has-link-color wp-elements-180 wp-block-post-excerpt has-text-color\"><p class=\"wp-block-post-excerpt__excerpt\">Welcome to WordPress. This is your first post. Edit or delete it, then start writing!<\/p><p class=\"wp-block-post-excerpt__more-text\"><a class=\"wp-block-post-excerpt__more-link\" href=\"https:\/\/arjenoticias.com.mx\/?p=1\">Read More<\/a><\/p><\/div><\/div>\n\n<\/li><li class=\"wp-block-post post-17793 post type-post status-publish format-standard has-post-thumbnail hentry category-opinion tag-2do-informe-de-sheinbaum\">\n\n<div class=\"wp-block-group is-layout-flow wp-container-core-group-is-layout-eedad820 wp-block-group-is-layout-flow\" style=\"margin-top:0;margin-bottom:0;padding-top:0px;padding-right:0px;padding-bottom:0px;padding-left:0px\">\n\n<h2 style=\"color:#fefefe;font-size:1.13em\" class=\"has-link-color wp-elements-181 wp-block-post-title has-text-color\"><a href=\"https:\/\/arjenoticias.com.mx\/?p=17793\" target=\"_self\" >Las ausencias del Informe y su mensaje: Gustavo A Vicencio<\/a><\/h2>\n\n<div style=\"color:#fefefe\" class=\"has-link-color wp-elements-182 wp-block-post-date has-text-color has-small-font-size\"><time datetime=\"2026-09-04T06:57:48-06:00\">4 septiembre, 2026<\/time><\/div>\n\n<div style=\"color:#fefefe\" class=\"has-link-color wp-elements-183 wp-block-post-excerpt has-text-color\"><p class=\"wp-block-post-excerpt__excerpt\">&#8220;Una casa dividida contra s\u00ed misma no puede permanecer.&#8221; Abraham Lincoln \u00a0 \u00a0 \u00a0 Despu\u00e9s de todo informe presidencial viene la guerra de cifras, unos defendiendo las dichas por la presidente y otras refut\u00e1ndolas y\/o complement\u00e1ndolas. El dato oficial de 51% menos homicidios, se contrasta con el argumento opositor de que ocultan muertos en otras&hellip;<\/p><p class=\"wp-block-post-excerpt__more-text\"><a class=\"wp-block-post-excerpt__more-link\" href=\"https:\/\/arjenoticias.com.mx\/?p=17793\">Read More<\/a><\/p><\/div><\/div>\n\n<\/li><li class=\"wp-block-post post-17790 post type-post status-publish format-standard has-post-thumbnail hentry category-politica tag-para-gobernar-bien-hay-que-comunicar\">\n\n<div class=\"wp-block-group is-layout-flow wp-container-core-group-is-layout-eedad820 wp-block-group-is-layout-flow\" style=\"margin-top:0;margin-bottom:0;padding-top:0px;padding-right:0px;padding-bottom:0px;padding-left:0px\">\n\n<h2 style=\"color:#fefefe;font-size:1.13em\" class=\"has-link-color wp-elements-184 wp-block-post-title has-text-color\"><a href=\"https:\/\/arjenoticias.com.mx\/?p=17790\" target=\"_self\" >Comunicar para Gobernar: La Confianza No se Construye con Discursos, se Construye con Credibilidad.<\/a><\/h2>\n\n<div style=\"color:#fefefe\" class=\"has-link-color wp-elements-185 wp-block-post-date has-text-color has-small-font-size\"><time datetime=\"2026-09-04T06:46:53-06:00\">4 septiembre, 2026<\/time><\/div>\n\n<div style=\"color:#fefefe\" class=\"has-link-color wp-elements-186 wp-block-post-excerpt has-text-color\"><p class=\"wp-block-post-excerpt__excerpt\">\u201cUn gobernante puede controlar su mensaje durante alg\u00fan tiempo. Lo que nunca podr\u00e1 controlar indefinidamente es la distancia entre lo que dice y lo que realmente hace.\u201d A lo largo de esta serie de art\u00edculos hemos analizado distintas competencias que deber\u00edan ayudarnos a evaluar a quien aspire a gobernar Nuevo Le\u00f3n. Hoy llegamos a una&hellip;<\/p><p class=\"wp-block-post-excerpt__more-text\"><a class=\"wp-block-post-excerpt__more-link\" href=\"https:\/\/arjenoticias.com.mx\/?p=17790\">Read More<\/a><\/p><\/div><\/div>\n\n<\/li><li class=\"wp-block-post post-17781 post type-post status-publish format-standard has-post-thumbnail hentry category-politica tag-2do-informe-de-sheinbaum\">\n\n<div class=\"wp-block-group is-layout-flow wp-container-core-group-is-layout-eedad820 wp-block-group-is-layout-flow\" style=\"margin-top:0;margin-bottom:0;padding-top:0px;padding-right:0px;padding-bottom:0px;padding-left:0px\">\n\n<h2 style=\"color:#fefefe;font-size:1.13em\" class=\"has-link-color wp-elements-187 wp-block-post-title has-text-color\"><a href=\"https:\/\/arjenoticias.com.mx\/?p=17781\" target=\"_self\" >Rega\u00f1o Presidencial o&#8230;\u00bfSer\u00e1 una llamada a misa?<\/a><\/h2>\n\n<div style=\"color:#fefefe\" class=\"has-link-color wp-elements-188 wp-block-post-date has-text-color has-small-font-size\"><time datetime=\"2026-09-03T21:25:51-06:00\">3 septiembre, 2026<\/time><\/div>\n\n<div style=\"color:#fefefe\" class=\"has-link-color wp-elements-189 wp-block-post-excerpt has-text-color\"><p class=\"wp-block-post-excerpt__excerpt\">Hist\u00f3ricamente cuando tocan las campanas para llamar a misa dominical; todos asumimos que ir o no,ser\u00e1 una decisi\u00f3n eminentemente personal. \u00bfSuceder\u00e1 lo mismo con el mensaje enviado por la Presidenta Claudia Sheiinbaum\u00a0Pardo el pasado martes,durante la lectura de su Segundo Informe de Gobierno? &#8220;Los funcionarios deben conducirse con sencillez y humildad, pues los recursos son&hellip;<\/p><p class=\"wp-block-post-excerpt__more-text\"><a class=\"wp-block-post-excerpt__more-link\" href=\"https:\/\/arjenoticias.com.mx\/?p=17781\">Read More<\/a><\/p><\/div><\/div>\n\n<\/li><li class=\"wp-block-post post-17773 post type-post status-publish format-standard has-post-thumbnail hentry category-ciudad category-lo-mas-relevante tag-autonomia-de-la-uanl tag-samuel-garcia\">\n\n<div class=\"wp-block-group is-layout-flow wp-container-core-group-is-layout-eedad820 wp-block-group-is-layout-flow\" style=\"margin-top:0;margin-bottom:0;padding-top:0px;padding-right:0px;padding-bottom:0px;padding-left:0px\">\n\n<h2 style=\"color:#fefefe;font-size:1.13em\" class=\"has-link-color wp-elements-190 wp-block-post-title has-text-color\"><a href=\"https:\/\/arjenoticias.com.mx\/?p=17773\" target=\"_self\" >Morena denuncia intromisi\u00f3n de Samuel Garc\u00eda en la UANL<\/a><\/h2>\n\n<div style=\"color:#fefefe\" class=\"has-link-color wp-elements-191 wp-block-post-date has-text-color has-small-font-size\"><time datetime=\"2026-09-03T19:34:15-06:00\">3 septiembre, 2026<\/time><\/div>\n\n<div style=\"color:#fefefe\" class=\"has-link-color wp-elements-192 wp-block-post-excerpt has-text-color\"><p class=\"wp-block-post-excerpt__excerpt\">En el comunicado titulado \u201cLa autonom\u00eda de la UANL se respeta\u201d, Morena expres\u00f3 su preocupaci\u00f3n por lo que apunta a una intervenci\u00f3n del gobernador Samuel Garc\u00eda en las decisiones internas de la universidad, luego de que se diera a conocer que \u00e9ste tuvo una reuni\u00f3n a puerta cerrada. Los firmantes Andr\u00e9s Mijes, Clara Luz Flores,&hellip;<\/p><p class=\"wp-block-post-excerpt__more-text\"><a class=\"wp-block-post-excerpt__more-link\" href=\"https:\/\/arjenoticias.com.mx\/?p=17773\">Read More<\/a><\/p><\/div><\/div>\n\n<\/li><li class=\"wp-block-post post-17774 post type-post status-publish format-standard has-post-thumbnail hentry category-politica tag-2do-informe-de-sheinbaum\">\n\n<div class=\"wp-block-group is-layout-flow wp-container-core-group-is-layout-eedad820 wp-block-group-is-layout-flow\" style=\"margin-top:0;margin-bottom:0;padding-top:0px;padding-right:0px;padding-bottom:0px;padding-left:0px\">\n\n<h2 style=\"color:#fefefe;font-size:1.13em\" class=\"has-link-color wp-elements-193 wp-block-post-title has-text-color\"><a href=\"https:\/\/arjenoticias.com.mx\/?p=17774\" target=\"_self\" >Glosa del 2do Informe<\/a><\/h2>\n\n<div style=\"color:#fefefe\" class=\"has-link-color wp-elements-194 wp-block-post-date has-text-color has-small-font-size\"><time datetime=\"2026-09-03T19:29:55-06:00\">3 septiembre, 2026<\/time><\/div>\n\n<div style=\"color:#fefefe\" class=\"has-link-color wp-elements-195 wp-block-post-excerpt has-text-color\"><p class=\"wp-block-post-excerpt__excerpt\">La presidenta rindi\u00f3 su segundo informe republicano de gobierno, al estilo de los neoliberales, los tecn\u00f3cratas, mand\u00f3 el documento sin dar la cara a la representaci\u00f3n popular.Tal cual lo hicieran panistas, priistas y el moreno anterior, la primera mujer dio su mensaje en casa con sus cuates e invitados especiales y mand\u00f3 a la titular&hellip;<\/p><p class=\"wp-block-post-excerpt__more-text\"><a class=\"wp-block-post-excerpt__more-link\" href=\"https:\/\/arjenoticias.com.mx\/?p=17774\">Read More<\/a><\/p><\/div><\/div>\n\n<\/li><\/ul><\/div>\n<\/div>\n\n\n\n<div class=\"wp-block-query is-layout-flow wp-block-query-is-layout-flow\">\n<div class=\"wp-block-group has-background has-global-padding is-layout-constrained wp-container-core-group-is-layout-44c8000e wp-block-group-is-layout-constrained\" style=\"background-color:#252525;margin-bottom:20px;padding-top:20px;padding-right:20px;padding-bottom:20px;padding-left:20px\">\n<div class=\"wp-block-group alignwide has-global-padding is-layout-constrained wp-block-group-is-layout-constrained\">\n<h2 class=\"wp-block-heading alignwide has-text-color has-link-color wp-elements-196\" style=\"color:#fefefe\">Post Grid<\/h2>\n<\/div>\n\n\n<ul class=\"columns-3 alignwide wp-block-post-template is-layout-grid wp-container-core-post-template-is-layout-9a5266be wp-block-post-template-is-layout-grid\"><li class=\"wp-block-post post-1 post type-post status-publish format-standard hentry category-uncategorized\">\n\n<div class=\"wp-block-group is-layout-flow wp-container-core-group-is-layout-eedad820 wp-block-group-is-layout-flow\" style=\"margin-top:0;margin-bottom:0;padding-top:0px;padding-right:0px;padding-bottom:0px;padding-left:0px\"><h2 style=\"color:#fefefe;font-size:1.13em\" class=\"has-link-color wp-elements-197 wp-block-post-title has-text-color\"><a href=\"https:\/\/arjenoticias.com.mx\/?p=1\" target=\"_self\" >Hello world!<\/a><\/h2>\n\n<div style=\"color:#fefefe\" class=\"has-link-color wp-elements-198 wp-block-post-date has-text-color has-small-font-size\"><time datetime=\"2026-09-04T13:52:03-06:00\">4 septiembre, 2026<\/time><\/div>\n\n\n\n<div style=\"color:#fefefe\" class=\"has-link-color wp-elements-199 wp-block-post-excerpt has-text-color\"><p class=\"wp-block-post-excerpt__excerpt\">Welcome to WordPress. This is your first post. Edit or delete it, then start writing!<\/p><p class=\"wp-block-post-excerpt__more-text\"><a class=\"wp-block-post-excerpt__more-link\" href=\"https:\/\/arjenoticias.com.mx\/?p=1\">Read More<\/a><\/p><\/div><\/div>\n\n<\/li><li class=\"wp-block-post post-17793 post type-post status-publish format-standard has-post-thumbnail hentry category-opinion tag-2do-informe-de-sheinbaum\">\n\n<div class=\"wp-block-group is-layout-flow wp-container-core-group-is-layout-eedad820 wp-block-group-is-layout-flow\" style=\"margin-top:0;margin-bottom:0;padding-top:0px;padding-right:0px;padding-bottom:0px;padding-left:0px\"><h2 style=\"color:#fefefe;font-size:1.13em\" class=\"has-link-color wp-elements-200 wp-block-post-title has-text-color\"><a href=\"https:\/\/arjenoticias.com.mx\/?p=17793\" target=\"_self\" >Las ausencias del Informe y su mensaje: Gustavo A Vicencio<\/a><\/h2>\n\n<div style=\"color:#fefefe\" class=\"has-link-color wp-elements-201 wp-block-post-date has-text-color has-small-font-size\"><time datetime=\"2026-09-04T06:57:48-06:00\">4 septiembre, 2026<\/time><\/div>\n\n\n\n<div style=\"color:#fefefe\" class=\"has-link-color wp-elements-202 wp-block-post-excerpt has-text-color\"><p class=\"wp-block-post-excerpt__excerpt\">&#8220;Una casa dividida contra s\u00ed misma no puede permanecer.&#8221; Abraham Lincoln \u00a0 \u00a0 \u00a0 Despu\u00e9s de todo informe presidencial viene la guerra de cifras, unos defendiendo las dichas por la presidente y otras refut\u00e1ndolas y\/o complement\u00e1ndolas. El dato oficial de 51% menos homicidios, se contrasta con el argumento opositor de que ocultan muertos en otras&hellip;<\/p><p class=\"wp-block-post-excerpt__more-text\"><a class=\"wp-block-post-excerpt__more-link\" href=\"https:\/\/arjenoticias.com.mx\/?p=17793\">Read More<\/a><\/p><\/div><\/div>\n\n<\/li><li class=\"wp-block-post post-17790 post type-post status-publish format-standard has-post-thumbnail hentry category-politica tag-para-gobernar-bien-hay-que-comunicar\">\n\n<div class=\"wp-block-group is-layout-flow wp-container-core-group-is-layout-eedad820 wp-block-group-is-layout-flow\" style=\"margin-top:0;margin-bottom:0;padding-top:0px;padding-right:0px;padding-bottom:0px;padding-left:0px\"><h2 style=\"color:#fefefe;font-size:1.13em\" class=\"has-link-color wp-elements-203 wp-block-post-title has-text-color\"><a href=\"https:\/\/arjenoticias.com.mx\/?p=17790\" target=\"_self\" >Comunicar para Gobernar: La Confianza No se Construye con Discursos, se Construye con Credibilidad.<\/a><\/h2>\n\n<div style=\"color:#fefefe\" class=\"has-link-color wp-elements-204 wp-block-post-date has-text-color has-small-font-size\"><time datetime=\"2026-09-04T06:46:53-06:00\">4 septiembre, 2026<\/time><\/div>\n\n\n\n<div style=\"color:#fefefe\" class=\"has-link-color wp-elements-205 wp-block-post-excerpt has-text-color\"><p class=\"wp-block-post-excerpt__excerpt\">\u201cUn gobernante puede controlar su mensaje durante alg\u00fan tiempo. Lo que nunca podr\u00e1 controlar indefinidamente es la distancia entre lo que dice y lo que realmente hace.\u201d A lo largo de esta serie de art\u00edculos hemos analizado distintas competencias que deber\u00edan ayudarnos a evaluar a quien aspire a gobernar Nuevo Le\u00f3n. Hoy llegamos a una&hellip;<\/p><p class=\"wp-block-post-excerpt__more-text\"><a class=\"wp-block-post-excerpt__more-link\" href=\"https:\/\/arjenoticias.com.mx\/?p=17790\">Read More<\/a><\/p><\/div><\/div>\n\n<\/li><li class=\"wp-block-post post-17781 post type-post status-publish format-standard has-post-thumbnail hentry category-politica tag-2do-informe-de-sheinbaum\">\n\n<div class=\"wp-block-group is-layout-flow wp-container-core-group-is-layout-eedad820 wp-block-group-is-layout-flow\" style=\"margin-top:0;margin-bottom:0;padding-top:0px;padding-right:0px;padding-bottom:0px;padding-left:0px\"><h2 style=\"color:#fefefe;font-size:1.13em\" class=\"has-link-color wp-elements-206 wp-block-post-title has-text-color\"><a href=\"https:\/\/arjenoticias.com.mx\/?p=17781\" target=\"_self\" >Rega\u00f1o Presidencial o&#8230;\u00bfSer\u00e1 una llamada a misa?<\/a><\/h2>\n\n<div style=\"color:#fefefe\" class=\"has-link-color wp-elements-207 wp-block-post-date has-text-color has-small-font-size\"><time datetime=\"2026-09-03T21:25:51-06:00\">3 septiembre, 2026<\/time><\/div>\n\n\n\n<div style=\"color:#fefefe\" class=\"has-link-color wp-elements-208 wp-block-post-excerpt has-text-color\"><p class=\"wp-block-post-excerpt__excerpt\">Hist\u00f3ricamente cuando tocan las campanas para llamar a misa dominical; todos asumimos que ir o no,ser\u00e1 una decisi\u00f3n eminentemente personal. \u00bfSuceder\u00e1 lo mismo con el mensaje enviado por la Presidenta Claudia Sheiinbaum\u00a0Pardo el pasado martes,durante la lectura de su Segundo Informe de Gobierno? &#8220;Los funcionarios deben conducirse con sencillez y humildad, pues los recursos son&hellip;<\/p><p class=\"wp-block-post-excerpt__more-text\"><a class=\"wp-block-post-excerpt__more-link\" href=\"https:\/\/arjenoticias.com.mx\/?p=17781\">Read More<\/a><\/p><\/div><\/div>\n\n<\/li><li class=\"wp-block-post post-17773 post type-post status-publish format-standard has-post-thumbnail hentry category-ciudad category-lo-mas-relevante tag-autonomia-de-la-uanl tag-samuel-garcia\">\n\n<div class=\"wp-block-group is-layout-flow wp-container-core-group-is-layout-eedad820 wp-block-group-is-layout-flow\" style=\"margin-top:0;margin-bottom:0;padding-top:0px;padding-right:0px;padding-bottom:0px;padding-left:0px\"><h2 style=\"color:#fefefe;font-size:1.13em\" class=\"has-link-color wp-elements-209 wp-block-post-title has-text-color\"><a href=\"https:\/\/arjenoticias.com.mx\/?p=17773\" target=\"_self\" >Morena denuncia intromisi\u00f3n de Samuel Garc\u00eda en la UANL<\/a><\/h2>\n\n<div style=\"color:#fefefe\" class=\"has-link-color wp-elements-210 wp-block-post-date has-text-color has-small-font-size\"><time datetime=\"2026-09-03T19:34:15-06:00\">3 septiembre, 2026<\/time><\/div>\n\n\n\n<div style=\"color:#fefefe\" class=\"has-link-color wp-elements-211 wp-block-post-excerpt has-text-color\"><p class=\"wp-block-post-excerpt__excerpt\">En el comunicado titulado \u201cLa autonom\u00eda de la UANL se respeta\u201d, Morena expres\u00f3 su preocupaci\u00f3n por lo que apunta a una intervenci\u00f3n del gobernador Samuel Garc\u00eda en las decisiones internas de la universidad, luego de que se diera a conocer que \u00e9ste tuvo una reuni\u00f3n a puerta cerrada. Los firmantes Andr\u00e9s Mijes, Clara Luz Flores,&hellip;<\/p><p class=\"wp-block-post-excerpt__more-text\"><a class=\"wp-block-post-excerpt__more-link\" href=\"https:\/\/arjenoticias.com.mx\/?p=17773\">Read More<\/a><\/p><\/div><\/div>\n\n<\/li><li class=\"wp-block-post post-17774 post type-post status-publish format-standard has-post-thumbnail hentry category-politica tag-2do-informe-de-sheinbaum\">\n\n<div class=\"wp-block-group is-layout-flow wp-container-core-group-is-layout-eedad820 wp-block-group-is-layout-flow\" style=\"margin-top:0;margin-bottom:0;padding-top:0px;padding-right:0px;padding-bottom:0px;padding-left:0px\"><h2 style=\"color:#fefefe;font-size:1.13em\" class=\"has-link-color wp-elements-212 wp-block-post-title has-text-color\"><a href=\"https:\/\/arjenoticias.com.mx\/?p=17774\" target=\"_self\" >Glosa del 2do Informe<\/a><\/h2>\n\n<div style=\"color:#fefefe\" class=\"has-link-color wp-elements-213 wp-block-post-date has-text-color has-small-font-size\"><time datetime=\"2026-09-03T19:29:55-06:00\">3 septiembre, 2026<\/time><\/div>\n\n\n\n<div style=\"color:#fefefe\" class=\"has-link-color wp-elements-214 wp-block-post-excerpt has-text-color\"><p class=\"wp-block-post-excerpt__excerpt\">La presidenta rindi\u00f3 su segundo informe republicano de gobierno, al estilo de los neoliberales, los tecn\u00f3cratas, mand\u00f3 el documento sin dar la cara a la representaci\u00f3n popular.Tal cual lo hicieran panistas, priistas y el moreno anterior, la primera mujer dio su mensaje en casa con sus cuates e invitados especiales y mand\u00f3 a la titular&hellip;<\/p><p class=\"wp-block-post-excerpt__more-text\"><a class=\"wp-block-post-excerpt__more-link\" href=\"https:\/\/arjenoticias.com.mx\/?p=17774\">Read More<\/a><\/p><\/div><\/div>\n\n<\/li><\/ul><\/div>\n<\/div>\n","protected":false},"excerpt":{"rendered":"","protected":false},"author":67,"featured_media":0,"parent":0,"menu_order":0,"comment_status":"closed","ping_status":"closed","template":"page-templates\/blank-canvas.php","meta":{"footnotes":""},"class_list":["post-1133","page","type-page","status-publish","hentry"],"yoast_head":"<!-- This site is optimized with the Yoast SEO plugin v28.4 - https:\/\/yoast.com\/product\/yoast-seo-wordpress\/ -->\n<title>Pattern Dark Background -<\/title>\n<meta name=\"robots\" content=\"index, follow, max-snippet:-1, max-image-preview:large, max-video-preview:-1\" \/>\n<link rel=\"canonical\" href=\"https:\/\/arjenoticias.com.mx\/?page_id=1133\" \/>\n<meta property=\"og:locale\" content=\"es_MX\" \/>\n<meta property=\"og:type\" content=\"article\" \/>\n<meta property=\"og:title\" content=\"Pattern Dark Background -\" \/>\n<meta property=\"og:url\" content=\"https:\/\/arjenoticias.com.mx\/?page_id=1133\" \/>\n<meta name=\"twitter:card\" content=\"summary_large_image\" \/>\n<script type=\"application\/ld+json\" class=\"yoast-schema-graph\">{\"@context\":\"https:\\\/\\\/schema.org\",\"@graph\":[{\"@type\":\"WebPage\",\"@id\":\"https:\\\/\\\/arjenoticias.com.mx\\\/?page_id=1133\",\"url\":\"https:\\\/\\\/arjenoticias.com.mx\\\/?page_id=1133\",\"name\":\"Pattern Dark Background -\",\"isPartOf\":{\"@id\":\"https:\\\/\\\/arjenoticias.com.mx\\\/#website\"},\"datePublished\":\"2024-10-17T03:28:08+00:00\",\"breadcrumb\":{\"@id\":\"https:\\\/\\\/arjenoticias.com.mx\\\/?page_id=1133#breadcrumb\"},\"inLanguage\":\"es\",\"potentialAction\":[{\"@type\":\"ReadAction\",\"target\":[\"https:\\\/\\\/arjenoticias.com.mx\\\/?page_id=1133\"]}]},{\"@type\":\"BreadcrumbList\",\"@id\":\"https:\\\/\\\/arjenoticias.com.mx\\\/?page_id=1133#breadcrumb\",\"itemListElement\":[{\"@type\":\"ListItem\",\"position\":1,\"name\":\"Inicio\",\"item\":\"https:\\\/\\\/arjenoticias.com.mx\\\/\"},{\"@type\":\"ListItem\",\"position\":2,\"name\":\"Pattern Dark Background\"}]},{\"@type\":\"WebSite\",\"@id\":\"https:\\\/\\\/arjenoticias.com.mx\\\/#website\",\"url\":\"https:\\\/\\\/arjenoticias.com.mx\\\/\",\"name\":\"arjenoticias.com.mx\",\"description\":\"\",\"publisher\":{\"@id\":\"https:\\\/\\\/arjenoticias.com.mx\\\/#organization\"},\"potentialAction\":[{\"@type\":\"SearchAction\",\"target\":{\"@type\":\"EntryPoint\",\"urlTemplate\":\"https:\\\/\\\/arjenoticias.com.mx\\\/?s={search_term_string}\"},\"query-input\":{\"@type\":\"PropertyValueSpecification\",\"valueRequired\":true,\"valueName\":\"search_term_string\"}}],\"inLanguage\":\"es\"},{\"@type\":\"Organization\",\"@id\":\"https:\\\/\\\/arjenoticias.com.mx\\\/#organization\",\"name\":\"Arj\u00e9 de M\u00e9xico Noticias\",\"url\":\"https:\\\/\\\/arjenoticias.com.mx\\\/\",\"logo\":{\"@type\":\"ImageObject\",\"inLanguage\":\"es\",\"@id\":\"https:\\\/\\\/arjenoticias.com.mx\\\/#\\\/schema\\\/logo\\\/image\\\/\",\"url\":\"https:\\\/\\\/arjenoticias.com.mx\\\/wp-content\\\/uploads\\\/2025\\\/07\\\/cropped-logo-scaled-1.png\",\"contentUrl\":\"https:\\\/\\\/arjenoticias.com.mx\\\/wp-content\\\/uploads\\\/2025\\\/07\\\/cropped-logo-scaled-1.png\",\"width\":2558,\"height\":558,\"caption\":\"Arj\u00e9 de M\u00e9xico Noticias\"},\"image\":{\"@id\":\"https:\\\/\\\/arjenoticias.com.mx\\\/#\\\/schema\\\/logo\\\/image\\\/\"}}]}<\/script>\n<!-- \/ Yoast SEO plugin. -->","yoast_head_json":{"title":"Pattern Dark Background -","robots":{"index":"index","follow":"follow","max-snippet":"max-snippet:-1","max-image-preview":"max-image-preview:large","max-video-preview":"max-video-preview:-1"},"canonical":"https:\/\/arjenoticias.com.mx\/?page_id=1133","og_locale":"es_MX","og_type":"article","og_title":"Pattern Dark Background -","og_url":"https:\/\/arjenoticias.com.mx\/?page_id=1133","twitter_card":"summary_large_image","schema":{"@context":"https:\/\/schema.org","@graph":[{"@type":"WebPage","@id":"https:\/\/arjenoticias.com.mx\/?page_id=1133","url":"https:\/\/arjenoticias.com.mx\/?page_id=1133","name":"Pattern Dark Background -","isPartOf":{"@id":"https:\/\/arjenoticias.com.mx\/#website"},"datePublished":"2024-10-17T03:28:08+00:00","breadcrumb":{"@id":"https:\/\/arjenoticias.com.mx\/?page_id=1133#breadcrumb"},"inLanguage":"es","potentialAction":[{"@type":"ReadAction","target":["https:\/\/arjenoticias.com.mx\/?page_id=1133"]}]},{"@type":"BreadcrumbList","@id":"https:\/\/arjenoticias.com.mx\/?page_id=1133#breadcrumb","itemListElement":[{"@type":"ListItem","position":1,"name":"Inicio","item":"https:\/\/arjenoticias.com.mx\/"},{"@type":"ListItem","position":2,"name":"Pattern Dark Background"}]},{"@type":"WebSite","@id":"https:\/\/arjenoticias.com.mx\/#website","url":"https:\/\/arjenoticias.com.mx\/","name":"arjenoticias.com.mx","description":"","publisher":{"@id":"https:\/\/arjenoticias.com.mx\/#organization"},"potentialAction":[{"@type":"SearchAction","target":{"@type":"EntryPoint","urlTemplate":"https:\/\/arjenoticias.com.mx\/?s={search_term_string}"},"query-input":{"@type":"PropertyValueSpecification","valueRequired":true,"valueName":"search_term_string"}}],"inLanguage":"es"},{"@type":"Organization","@id":"https:\/\/arjenoticias.com.mx\/#organization","name":"Arj\u00e9 de M\u00e9xico Noticias","url":"https:\/\/arjenoticias.com.mx\/","logo":{"@type":"ImageObject","inLanguage":"es","@id":"https:\/\/arjenoticias.com.mx\/#\/schema\/logo\/image\/","url":"https:\/\/arjenoticias.com.mx\/wp-content\/uploads\/2025\/07\/cropped-logo-scaled-1.png","contentUrl":"https:\/\/arjenoticias.com.mx\/wp-content\/uploads\/2025\/07\/cropped-logo-scaled-1.png","width":2558,"height":558,"caption":"Arj\u00e9 de M\u00e9xico Noticias"},"image":{"@id":"https:\/\/arjenoticias.com.mx\/#\/schema\/logo\/image\/"}}]}},"_links":{"self":[{"href":"https:\/\/arjenoticias.com.mx\/index.php?rest_route=\/wp\/v2\/pages\/1133","targetHints":{"allow":["GET"]}}],"collection":[{"href":"https:\/\/arjenoticias.com.mx\/index.php?rest_route=\/wp\/v2\/pages"}],"about":[{"href":"https:\/\/arjenoticias.com.mx\/index.php?rest_route=\/wp\/v2\/types\/page"}],"author":[{"embeddable":true,"href":"https:\/\/arjenoticias.com.mx\/index.php?rest_route=\/wp\/v2\/users\/67"}],"replies":[{"embeddable":true,"href":"https:\/\/arjenoticias.com.mx\/index.php?rest_route=%2Fwp%2Fv2%2Fcomments&post=1133"}],"version-history":[{"count":0,"href":"https:\/\/arjenoticias.com.mx\/index.php?rest_route=\/wp\/v2\/pages\/1133\/revisions"}],"wp:attachment":[{"href":"https:\/\/arjenoticias.com.mx\/index.php?rest_route=%2Fwp%2Fv2%2Fmedia&parent=1133"}],"curies":[{"name":"wp","href":"https:\/\/api.w.org\/{rel}","templated":true}]}}