{"id":1046,"date":"2024-09-19T06:31:02","date_gmt":"2024-09-19T06:31:02","guid":{"rendered":"https:\/\/demos.afthemes.com\/morenews\/?page_id=1046"},"modified":"2024-09-19T06:31:02","modified_gmt":"2024-09-19T06:31:02","slug":"patterns-2","status":"publish","type":"page","link":"https:\/\/arjenoticias.com.mx\/patterns-2\/","title":{"rendered":"Patterns"},"content":{"rendered":"\n<div class=\"wp-block-query is-layout-flow wp-block-query-is-layout-flow\">\n<div class=\"wp-block-group has-global-padding is-layout-constrained wp-container-core-group-is-layout-7723a5bf wp-block-group-is-layout-constrained\" style=\"margin-bottom:20px\">\n<h2 class=\"wp-block-heading alignwide\">Post List<\/h2>\n\n\n<ul class=\"columns-2 alignwide wp-block-post-template has-small-font-size is-layout-grid wp-container-core-post-template-is-layout-9b35ac95 wp-block-post-template-is-layout-grid\"><li class=\"wp-block-post post-17818 post type-post status-publish format-standard has-post-thumbnail hentry category-politica tag-2do-informe-de-sheinbaum\">\n\n<div class=\"wp-block-group is-content-justification-space-between is-nowrap is-layout-flex wp-container-core-group-is-layout-8f4c7d2f wp-block-group-is-layout-flex\" style=\"margin-top:0;margin-bottom:0;padding-top:0px;padding-right:0px;padding-bottom:0px;padding-left:0px\"><figure style=\"margin-top:0;margin-bottom:0;margin-left:0;margin-right:0\" class=\"wp-block-post-featured-image wp-container-content-0733e5d0\"><a href=\"https:\/\/arjenoticias.com.mx\/politica\/el-informe-de-sheinbaum-oculto-mas-de-lo-que-expuso\/\" target=\"_self\" ><img loading=\"lazy\" width=\"300\" height=\"300\" src=\"https:\/\/arjenoticias.com.mx\/wp-content\/uploads\/2026\/09\/Marcos-Perez-Esquer-14-300x300.png\" class=\"attachment-medium size-medium wp-post-image\" alt=\"El Informe de Sheinbaum ocult\u00f3 m\u00e1s de lo que expuso\u00a0\" style=\"aspect-ratio:3\/2;width:100%;object-fit:cover;\" srcset=\"https:\/\/arjenoticias.com.mx\/wp-content\/uploads\/2026\/09\/Marcos-Perez-Esquer-14-300x300.png 300w, https:\/\/arjenoticias.com.mx\/wp-content\/uploads\/2026\/09\/Marcos-Perez-Esquer-14-150x150.png 150w, https:\/\/arjenoticias.com.mx\/wp-content\/uploads\/2026\/09\/Marcos-Perez-Esquer-14.png 320w\" sizes=\"auto, (max-width: 300px) 100vw, 300px\" loading=\"lazy\" decoding=\"async\" \/><\/a><\/figure>\n\n\n<div class=\"wp-block-group wp-container-content-0733e5d0 has-global-padding is-layout-constrained wp-container-core-group-is-layout-443fcbf2 wp-block-group-is-layout-constrained\"><h2 style=\"font-size:16px\" class=\"wp-block-post-title\"><a href=\"https:\/\/arjenoticias.com.mx\/politica\/el-informe-de-sheinbaum-oculto-mas-de-lo-que-expuso\/\" target=\"_self\" >El Informe de Sheinbaum ocult\u00f3 m\u00e1s de lo que expuso\u00a0<\/a><\/h2>\n\n<div style=\"font-size:12px\" class=\"wp-block-post-date\"><time datetime=\"2026-09-05T10:04:33-06:00\">septiembre 5, 2026<\/time><\/div><\/div>\n<\/div>\n\n<\/li><li class=\"wp-block-post post-17816 post type-post status-publish format-standard has-post-thumbnail hentry category-opinion tag-soberania-hueca-de-mexico\">\n\n<div class=\"wp-block-group is-content-justification-space-between is-nowrap is-layout-flex wp-container-core-group-is-layout-8f4c7d2f wp-block-group-is-layout-flex\" style=\"margin-top:0;margin-bottom:0;padding-top:0px;padding-right:0px;padding-bottom:0px;padding-left:0px\"><figure style=\"margin-top:0;margin-bottom:0;margin-left:0;margin-right:0\" class=\"wp-block-post-featured-image wp-container-content-0733e5d0\"><a href=\"https:\/\/arjenoticias.com.mx\/opinion\/la-soberania-en-entredicho-2\/\" target=\"_self\" ><img loading=\"lazy\" width=\"300\" height=\"200\" src=\"https:\/\/arjenoticias.com.mx\/wp-content\/uploads\/2026\/09\/Rafael-Morgan-19-1-300x200.png\" class=\"attachment-medium size-medium wp-post-image\" alt=\"La Soberan\u00eda en entredicho\" style=\"aspect-ratio:3\/2;width:100%;object-fit:cover;\" srcset=\"https:\/\/arjenoticias.com.mx\/wp-content\/uploads\/2026\/09\/Rafael-Morgan-19-1-300x200.png 300w, https:\/\/arjenoticias.com.mx\/wp-content\/uploads\/2026\/09\/Rafael-Morgan-19-1.png 600w\" sizes=\"auto, (max-width: 300px) 100vw, 300px\" loading=\"lazy\" decoding=\"async\" \/><\/a><\/figure>\n\n\n<div class=\"wp-block-group wp-container-content-0733e5d0 has-global-padding is-layout-constrained wp-container-core-group-is-layout-443fcbf2 wp-block-group-is-layout-constrained\"><h2 style=\"font-size:16px\" class=\"wp-block-post-title\"><a href=\"https:\/\/arjenoticias.com.mx\/opinion\/la-soberania-en-entredicho-2\/\" target=\"_self\" >La Soberan\u00eda en entredicho<\/a><\/h2>\n\n<div style=\"font-size:12px\" class=\"wp-block-post-date\"><time datetime=\"2026-09-04T12:16:47-06:00\">septiembre 4, 2026<\/time><\/div><\/div>\n<\/div>\n\n<\/li><li class=\"wp-block-post post-17812 post type-post status-publish format-standard has-post-thumbnail hentry category-opinion tag-soberania-hueca-de-mexico\">\n\n<div class=\"wp-block-group is-content-justification-space-between is-nowrap is-layout-flex wp-container-core-group-is-layout-8f4c7d2f wp-block-group-is-layout-flex\" style=\"margin-top:0;margin-bottom:0;padding-top:0px;padding-right:0px;padding-bottom:0px;padding-left:0px\"><figure style=\"margin-top:0;margin-bottom:0;margin-left:0;margin-right:0\" class=\"wp-block-post-featured-image wp-container-content-0733e5d0\"><a href=\"https:\/\/arjenoticias.com.mx\/opinion\/la-soberania-en-entredicho\/\" target=\"_self\" ><img loading=\"lazy\" width=\"300\" height=\"200\" src=\"https:\/\/arjenoticias.com.mx\/wp-content\/uploads\/2026\/09\/Rafael-Morgan-19-300x200.png\" class=\"attachment-medium size-medium wp-post-image\" alt=\"La Soberan\u00eda en entredicho\" style=\"aspect-ratio:3\/2;width:100%;object-fit:cover;\" srcset=\"https:\/\/arjenoticias.com.mx\/wp-content\/uploads\/2026\/09\/Rafael-Morgan-19-300x200.png 300w, https:\/\/arjenoticias.com.mx\/wp-content\/uploads\/2026\/09\/Rafael-Morgan-19.png 600w\" sizes=\"auto, (max-width: 300px) 100vw, 300px\" loading=\"lazy\" decoding=\"async\" \/><\/a><\/figure>\n\n\n<div class=\"wp-block-group wp-container-content-0733e5d0 has-global-padding is-layout-constrained wp-container-core-group-is-layout-443fcbf2 wp-block-group-is-layout-constrained\"><h2 style=\"font-size:16px\" class=\"wp-block-post-title\"><a href=\"https:\/\/arjenoticias.com.mx\/opinion\/la-soberania-en-entredicho\/\" target=\"_self\" >La Soberan\u00eda en entredicho<\/a><\/h2>\n\n<div style=\"font-size:12px\" class=\"wp-block-post-date\"><time datetime=\"2026-09-04T12:16:47-06:00\">septiembre 4, 2026<\/time><\/div><\/div>\n<\/div>\n\n<\/li><li class=\"wp-block-post post-17809 post type-post status-publish format-standard has-post-thumbnail hentry category-opinion tag-corrupcion\">\n\n<div class=\"wp-block-group is-content-justification-space-between is-nowrap is-layout-flex wp-container-core-group-is-layout-8f4c7d2f wp-block-group-is-layout-flex\" style=\"margin-top:0;margin-bottom:0;padding-top:0px;padding-right:0px;padding-bottom:0px;padding-left:0px\"><figure style=\"margin-top:0;margin-bottom:0;margin-left:0;margin-right:0\" class=\"wp-block-post-featured-image wp-container-content-0733e5d0\"><a href=\"https:\/\/arjenoticias.com.mx\/opinion\/parte-del-adn-del-ser-humano\/\" target=\"_self\" ><img loading=\"lazy\" width=\"300\" height=\"300\" src=\"https:\/\/arjenoticias.com.mx\/wp-content\/uploads\/2026\/09\/Ernesto-Cerda-Serna-11-300x300.png\" class=\"attachment-medium size-medium wp-post-image\" alt=\"Parte del ADN del ser humano\" style=\"aspect-ratio:3\/2;width:100%;object-fit:cover;\" srcset=\"https:\/\/arjenoticias.com.mx\/wp-content\/uploads\/2026\/09\/Ernesto-Cerda-Serna-11-300x300.png 300w, https:\/\/arjenoticias.com.mx\/wp-content\/uploads\/2026\/09\/Ernesto-Cerda-Serna-11-150x150.png 150w, https:\/\/arjenoticias.com.mx\/wp-content\/uploads\/2026\/09\/Ernesto-Cerda-Serna-11.png 320w\" sizes=\"auto, (max-width: 300px) 100vw, 300px\" loading=\"lazy\" decoding=\"async\" \/><\/a><\/figure>\n\n\n<div class=\"wp-block-group wp-container-content-0733e5d0 has-global-padding is-layout-constrained wp-container-core-group-is-layout-443fcbf2 wp-block-group-is-layout-constrained\"><h2 style=\"font-size:16px\" class=\"wp-block-post-title\"><a href=\"https:\/\/arjenoticias.com.mx\/opinion\/parte-del-adn-del-ser-humano\/\" target=\"_self\" >Parte del ADN del ser humano<\/a><\/h2>\n\n<div style=\"font-size:12px\" class=\"wp-block-post-date\"><time datetime=\"2026-09-04T10:39:01-06:00\">septiembre 4, 2026<\/time><\/div><\/div>\n<\/div>\n\n<\/li><li class=\"wp-block-post post-17804 post type-post status-publish format-standard has-post-thumbnail hentry category-lo-mas-relevante tag-pobres-compra-votos\">\n\n<div class=\"wp-block-group is-content-justification-space-between is-nowrap is-layout-flex wp-container-core-group-is-layout-8f4c7d2f wp-block-group-is-layout-flex\" style=\"margin-top:0;margin-bottom:0;padding-top:0px;padding-right:0px;padding-bottom:0px;padding-left:0px\"><figure style=\"margin-top:0;margin-bottom:0;margin-left:0;margin-right:0\" class=\"wp-block-post-featured-image wp-container-content-0733e5d0\"><a href=\"https:\/\/arjenoticias.com.mx\/lo-mas-relevante\/la-pobreza-organiza-el-voto-la-violencia-la-abstencion\/\" target=\"_self\" ><img loading=\"lazy\" width=\"300\" height=\"200\" src=\"https:\/\/arjenoticias.com.mx\/wp-content\/uploads\/2026\/09\/Carlos-Hernandez-Torres-6-300x200.png\" class=\"attachment-medium size-medium wp-post-image\" alt=\"La pobreza organiza el voto; la violencia, la abstenci\u00f3n\" style=\"aspect-ratio:3\/2;width:100%;object-fit:cover;\" srcset=\"https:\/\/arjenoticias.com.mx\/wp-content\/uploads\/2026\/09\/Carlos-Hernandez-Torres-6-300x200.png 300w, https:\/\/arjenoticias.com.mx\/wp-content\/uploads\/2026\/09\/Carlos-Hernandez-Torres-6.png 600w\" sizes=\"auto, (max-width: 300px) 100vw, 300px\" loading=\"lazy\" decoding=\"async\" \/><\/a><\/figure>\n\n\n<div class=\"wp-block-group wp-container-content-0733e5d0 has-global-padding is-layout-constrained wp-container-core-group-is-layout-443fcbf2 wp-block-group-is-layout-constrained\"><h2 style=\"font-size:16px\" class=\"wp-block-post-title\"><a href=\"https:\/\/arjenoticias.com.mx\/lo-mas-relevante\/la-pobreza-organiza-el-voto-la-violencia-la-abstencion\/\" target=\"_self\" >La pobreza organiza el voto; la violencia, la abstenci\u00f3n<\/a><\/h2>\n\n<div style=\"font-size:12px\" class=\"wp-block-post-date\"><time datetime=\"2026-09-04T09:45:35-06:00\">septiembre 4, 2026<\/time><\/div><\/div>\n<\/div>\n\n<\/li><li class=\"wp-block-post post-17800 post type-post status-publish format-standard has-post-thumbnail hentry category-opinion tag-2do-informe-de-sheinbaum\">\n\n<div class=\"wp-block-group is-content-justification-space-between is-nowrap is-layout-flex wp-container-core-group-is-layout-8f4c7d2f wp-block-group-is-layout-flex\" style=\"margin-top:0;margin-bottom:0;padding-top:0px;padding-right:0px;padding-bottom:0px;padding-left:0px\"><figure style=\"margin-top:0;margin-bottom:0;margin-left:0;margin-right:0\" class=\"wp-block-post-featured-image wp-container-content-0733e5d0\"><a href=\"https:\/\/arjenoticias.com.mx\/opinion\/no-le-mueven-ni-una-coma-punto\/\" target=\"_self\" ><img loading=\"lazy\" width=\"300\" height=\"300\" src=\"https:\/\/arjenoticias.com.mx\/wp-content\/uploads\/2026\/09\/Juan-Antonio-Garcia-Villa-25-300x300.png\" class=\"attachment-medium size-medium wp-post-image\" alt=\"No le mueven ni una coma\u201d. Punto\" style=\"aspect-ratio:3\/2;width:100%;object-fit:cover;\" srcset=\"https:\/\/arjenoticias.com.mx\/wp-content\/uploads\/2026\/09\/Juan-Antonio-Garcia-Villa-25-300x300.png 300w, https:\/\/arjenoticias.com.mx\/wp-content\/uploads\/2026\/09\/Juan-Antonio-Garcia-Villa-25-150x150.png 150w, https:\/\/arjenoticias.com.mx\/wp-content\/uploads\/2026\/09\/Juan-Antonio-Garcia-Villa-25.png 320w\" sizes=\"auto, (max-width: 300px) 100vw, 300px\" loading=\"lazy\" decoding=\"async\" \/><\/a><\/figure>\n\n\n<div class=\"wp-block-group wp-container-content-0733e5d0 has-global-padding is-layout-constrained wp-container-core-group-is-layout-443fcbf2 wp-block-group-is-layout-constrained\"><h2 style=\"font-size:16px\" class=\"wp-block-post-title\"><a href=\"https:\/\/arjenoticias.com.mx\/opinion\/no-le-mueven-ni-una-coma-punto\/\" target=\"_self\" >No le mueven ni una coma\u201d. Punto<\/a><\/h2>\n\n<div style=\"font-size:12px\" class=\"wp-block-post-date\"><time datetime=\"2026-09-04T09:34:53-06:00\">septiembre 4, 2026<\/time><\/div><\/div>\n<\/div>\n\n<\/li><\/ul><\/div>\n<\/div>\n\n\n\n<div class=\"wp-block-query is-layout-flow wp-block-query-is-layout-flow\">\n<div class=\"wp-block-group has-global-padding is-layout-constrained wp-container-core-group-is-layout-7723a5bf wp-block-group-is-layout-constrained\" style=\"margin-bottom:20px\">\n<h2 class=\"wp-block-heading alignwide\">Post List<\/h2>\n\n\n<ul class=\"columns-2 alignwide wp-block-post-template has-small-font-size is-layout-grid wp-container-core-post-template-is-layout-9b35ac95 wp-block-post-template-is-layout-grid\"><li class=\"wp-block-post post-17818 post type-post status-publish format-standard has-post-thumbnail hentry category-politica tag-2do-informe-de-sheinbaum\">\n\n<div class=\"wp-block-group is-content-justification-space-between is-nowrap is-layout-flex wp-container-core-group-is-layout-8f4c7d2f wp-block-group-is-layout-flex\" style=\"margin-top:0;margin-bottom:0;padding-top:0px;padding-right:0px;padding-bottom:0px;padding-left:0px\">\n<div class=\"wp-block-group wp-container-content-0733e5d0 has-global-padding is-layout-constrained wp-container-core-group-is-layout-443fcbf2 wp-block-group-is-layout-constrained\"><h2 style=\"font-size:16px\" class=\"wp-block-post-title\"><a href=\"https:\/\/arjenoticias.com.mx\/politica\/el-informe-de-sheinbaum-oculto-mas-de-lo-que-expuso\/\" target=\"_self\" >El Informe de Sheinbaum ocult\u00f3 m\u00e1s de lo que expuso\u00a0<\/a><\/h2>\n\n<div style=\"font-size:12px\" class=\"wp-block-post-date\"><time datetime=\"2026-09-05T10:04:33-06:00\">septiembre 5, 2026<\/time><\/div><\/div>\n\n\n<figure style=\"margin-top:0;margin-bottom:0;margin-left:0;margin-right:0\" class=\"wp-block-post-featured-image wp-container-content-0733e5d0\"><a href=\"https:\/\/arjenoticias.com.mx\/politica\/el-informe-de-sheinbaum-oculto-mas-de-lo-que-expuso\/\" target=\"_self\" ><img loading=\"lazy\" width=\"300\" height=\"300\" src=\"https:\/\/arjenoticias.com.mx\/wp-content\/uploads\/2026\/09\/Marcos-Perez-Esquer-14-300x300.png\" class=\"attachment-medium size-medium wp-post-image\" alt=\"El Informe de Sheinbaum ocult\u00f3 m\u00e1s de lo que expuso\u00a0\" style=\"aspect-ratio:3\/2;width:100%;object-fit:cover;\" srcset=\"https:\/\/arjenoticias.com.mx\/wp-content\/uploads\/2026\/09\/Marcos-Perez-Esquer-14-300x300.png 300w, https:\/\/arjenoticias.com.mx\/wp-content\/uploads\/2026\/09\/Marcos-Perez-Esquer-14-150x150.png 150w, https:\/\/arjenoticias.com.mx\/wp-content\/uploads\/2026\/09\/Marcos-Perez-Esquer-14.png 320w\" sizes=\"auto, (max-width: 300px) 100vw, 300px\" loading=\"lazy\" decoding=\"async\" \/><\/a><\/figure><\/div>\n\n<\/li><li class=\"wp-block-post post-17816 post type-post status-publish format-standard has-post-thumbnail hentry category-opinion tag-soberania-hueca-de-mexico\">\n\n<div class=\"wp-block-group is-content-justification-space-between is-nowrap is-layout-flex wp-container-core-group-is-layout-8f4c7d2f wp-block-group-is-layout-flex\" style=\"margin-top:0;margin-bottom:0;padding-top:0px;padding-right:0px;padding-bottom:0px;padding-left:0px\">\n<div class=\"wp-block-group wp-container-content-0733e5d0 has-global-padding is-layout-constrained wp-container-core-group-is-layout-443fcbf2 wp-block-group-is-layout-constrained\"><h2 style=\"font-size:16px\" class=\"wp-block-post-title\"><a href=\"https:\/\/arjenoticias.com.mx\/opinion\/la-soberania-en-entredicho-2\/\" target=\"_self\" >La Soberan\u00eda en entredicho<\/a><\/h2>\n\n<div style=\"font-size:12px\" class=\"wp-block-post-date\"><time datetime=\"2026-09-04T12:16:47-06:00\">septiembre 4, 2026<\/time><\/div><\/div>\n\n\n<figure style=\"margin-top:0;margin-bottom:0;margin-left:0;margin-right:0\" class=\"wp-block-post-featured-image wp-container-content-0733e5d0\"><a href=\"https:\/\/arjenoticias.com.mx\/opinion\/la-soberania-en-entredicho-2\/\" target=\"_self\" ><img loading=\"lazy\" width=\"300\" height=\"200\" src=\"https:\/\/arjenoticias.com.mx\/wp-content\/uploads\/2026\/09\/Rafael-Morgan-19-1-300x200.png\" class=\"attachment-medium size-medium wp-post-image\" alt=\"La Soberan\u00eda en entredicho\" style=\"aspect-ratio:3\/2;width:100%;object-fit:cover;\" srcset=\"https:\/\/arjenoticias.com.mx\/wp-content\/uploads\/2026\/09\/Rafael-Morgan-19-1-300x200.png 300w, https:\/\/arjenoticias.com.mx\/wp-content\/uploads\/2026\/09\/Rafael-Morgan-19-1.png 600w\" sizes=\"auto, (max-width: 300px) 100vw, 300px\" loading=\"lazy\" decoding=\"async\" \/><\/a><\/figure><\/div>\n\n<\/li><li class=\"wp-block-post post-17812 post type-post status-publish format-standard has-post-thumbnail hentry category-opinion tag-soberania-hueca-de-mexico\">\n\n<div class=\"wp-block-group is-content-justification-space-between is-nowrap is-layout-flex wp-container-core-group-is-layout-8f4c7d2f wp-block-group-is-layout-flex\" style=\"margin-top:0;margin-bottom:0;padding-top:0px;padding-right:0px;padding-bottom:0px;padding-left:0px\">\n<div class=\"wp-block-group wp-container-content-0733e5d0 has-global-padding is-layout-constrained wp-container-core-group-is-layout-443fcbf2 wp-block-group-is-layout-constrained\"><h2 style=\"font-size:16px\" class=\"wp-block-post-title\"><a href=\"https:\/\/arjenoticias.com.mx\/opinion\/la-soberania-en-entredicho\/\" target=\"_self\" >La Soberan\u00eda en entredicho<\/a><\/h2>\n\n<div style=\"font-size:12px\" class=\"wp-block-post-date\"><time datetime=\"2026-09-04T12:16:47-06:00\">septiembre 4, 2026<\/time><\/div><\/div>\n\n\n<figure style=\"margin-top:0;margin-bottom:0;margin-left:0;margin-right:0\" class=\"wp-block-post-featured-image wp-container-content-0733e5d0\"><a href=\"https:\/\/arjenoticias.com.mx\/opinion\/la-soberania-en-entredicho\/\" target=\"_self\" ><img loading=\"lazy\" width=\"300\" height=\"200\" src=\"https:\/\/arjenoticias.com.mx\/wp-content\/uploads\/2026\/09\/Rafael-Morgan-19-300x200.png\" class=\"attachment-medium size-medium wp-post-image\" alt=\"La Soberan\u00eda en entredicho\" style=\"aspect-ratio:3\/2;width:100%;object-fit:cover;\" srcset=\"https:\/\/arjenoticias.com.mx\/wp-content\/uploads\/2026\/09\/Rafael-Morgan-19-300x200.png 300w, https:\/\/arjenoticias.com.mx\/wp-content\/uploads\/2026\/09\/Rafael-Morgan-19.png 600w\" sizes=\"auto, (max-width: 300px) 100vw, 300px\" loading=\"lazy\" decoding=\"async\" \/><\/a><\/figure><\/div>\n\n<\/li><li class=\"wp-block-post post-17809 post type-post status-publish format-standard has-post-thumbnail hentry category-opinion tag-corrupcion\">\n\n<div class=\"wp-block-group is-content-justification-space-between is-nowrap is-layout-flex wp-container-core-group-is-layout-8f4c7d2f wp-block-group-is-layout-flex\" style=\"margin-top:0;margin-bottom:0;padding-top:0px;padding-right:0px;padding-bottom:0px;padding-left:0px\">\n<div class=\"wp-block-group wp-container-content-0733e5d0 has-global-padding is-layout-constrained wp-container-core-group-is-layout-443fcbf2 wp-block-group-is-layout-constrained\"><h2 style=\"font-size:16px\" class=\"wp-block-post-title\"><a href=\"https:\/\/arjenoticias.com.mx\/opinion\/parte-del-adn-del-ser-humano\/\" target=\"_self\" >Parte del ADN del ser humano<\/a><\/h2>\n\n<div style=\"font-size:12px\" class=\"wp-block-post-date\"><time datetime=\"2026-09-04T10:39:01-06:00\">septiembre 4, 2026<\/time><\/div><\/div>\n\n\n<figure style=\"margin-top:0;margin-bottom:0;margin-left:0;margin-right:0\" class=\"wp-block-post-featured-image wp-container-content-0733e5d0\"><a href=\"https:\/\/arjenoticias.com.mx\/opinion\/parte-del-adn-del-ser-humano\/\" target=\"_self\" ><img loading=\"lazy\" width=\"300\" height=\"300\" src=\"https:\/\/arjenoticias.com.mx\/wp-content\/uploads\/2026\/09\/Ernesto-Cerda-Serna-11-300x300.png\" class=\"attachment-medium size-medium wp-post-image\" alt=\"Parte del ADN del ser humano\" style=\"aspect-ratio:3\/2;width:100%;object-fit:cover;\" srcset=\"https:\/\/arjenoticias.com.mx\/wp-content\/uploads\/2026\/09\/Ernesto-Cerda-Serna-11-300x300.png 300w, https:\/\/arjenoticias.com.mx\/wp-content\/uploads\/2026\/09\/Ernesto-Cerda-Serna-11-150x150.png 150w, https:\/\/arjenoticias.com.mx\/wp-content\/uploads\/2026\/09\/Ernesto-Cerda-Serna-11.png 320w\" sizes=\"auto, (max-width: 300px) 100vw, 300px\" loading=\"lazy\" decoding=\"async\" \/><\/a><\/figure><\/div>\n\n<\/li><li class=\"wp-block-post post-17804 post type-post status-publish format-standard has-post-thumbnail hentry category-lo-mas-relevante tag-pobres-compra-votos\">\n\n<div class=\"wp-block-group is-content-justification-space-between is-nowrap is-layout-flex wp-container-core-group-is-layout-8f4c7d2f wp-block-group-is-layout-flex\" style=\"margin-top:0;margin-bottom:0;padding-top:0px;padding-right:0px;padding-bottom:0px;padding-left:0px\">\n<div class=\"wp-block-group wp-container-content-0733e5d0 has-global-padding is-layout-constrained wp-container-core-group-is-layout-443fcbf2 wp-block-group-is-layout-constrained\"><h2 style=\"font-size:16px\" class=\"wp-block-post-title\"><a href=\"https:\/\/arjenoticias.com.mx\/lo-mas-relevante\/la-pobreza-organiza-el-voto-la-violencia-la-abstencion\/\" target=\"_self\" >La pobreza organiza el voto; la violencia, la abstenci\u00f3n<\/a><\/h2>\n\n<div style=\"font-size:12px\" class=\"wp-block-post-date\"><time datetime=\"2026-09-04T09:45:35-06:00\">septiembre 4, 2026<\/time><\/div><\/div>\n\n\n<figure style=\"margin-top:0;margin-bottom:0;margin-left:0;margin-right:0\" class=\"wp-block-post-featured-image wp-container-content-0733e5d0\"><a href=\"https:\/\/arjenoticias.com.mx\/lo-mas-relevante\/la-pobreza-organiza-el-voto-la-violencia-la-abstencion\/\" target=\"_self\" ><img loading=\"lazy\" width=\"300\" height=\"200\" src=\"https:\/\/arjenoticias.com.mx\/wp-content\/uploads\/2026\/09\/Carlos-Hernandez-Torres-6-300x200.png\" class=\"attachment-medium size-medium wp-post-image\" alt=\"La pobreza organiza el voto; la violencia, la abstenci\u00f3n\" style=\"aspect-ratio:3\/2;width:100%;object-fit:cover;\" srcset=\"https:\/\/arjenoticias.com.mx\/wp-content\/uploads\/2026\/09\/Carlos-Hernandez-Torres-6-300x200.png 300w, https:\/\/arjenoticias.com.mx\/wp-content\/uploads\/2026\/09\/Carlos-Hernandez-Torres-6.png 600w\" sizes=\"auto, (max-width: 300px) 100vw, 300px\" loading=\"lazy\" decoding=\"async\" \/><\/a><\/figure><\/div>\n\n<\/li><li class=\"wp-block-post post-17800 post type-post status-publish format-standard has-post-thumbnail hentry category-opinion tag-2do-informe-de-sheinbaum\">\n\n<div class=\"wp-block-group is-content-justification-space-between is-nowrap is-layout-flex wp-container-core-group-is-layout-8f4c7d2f wp-block-group-is-layout-flex\" style=\"margin-top:0;margin-bottom:0;padding-top:0px;padding-right:0px;padding-bottom:0px;padding-left:0px\">\n<div class=\"wp-block-group wp-container-content-0733e5d0 has-global-padding is-layout-constrained wp-container-core-group-is-layout-443fcbf2 wp-block-group-is-layout-constrained\"><h2 style=\"font-size:16px\" class=\"wp-block-post-title\"><a href=\"https:\/\/arjenoticias.com.mx\/opinion\/no-le-mueven-ni-una-coma-punto\/\" target=\"_self\" >No le mueven ni una coma\u201d. Punto<\/a><\/h2>\n\n<div style=\"font-size:12px\" class=\"wp-block-post-date\"><time datetime=\"2026-09-04T09:34:53-06:00\">septiembre 4, 2026<\/time><\/div><\/div>\n\n\n<figure style=\"margin-top:0;margin-bottom:0;margin-left:0;margin-right:0\" class=\"wp-block-post-featured-image wp-container-content-0733e5d0\"><a href=\"https:\/\/arjenoticias.com.mx\/opinion\/no-le-mueven-ni-una-coma-punto\/\" target=\"_self\" ><img loading=\"lazy\" width=\"300\" height=\"300\" src=\"https:\/\/arjenoticias.com.mx\/wp-content\/uploads\/2026\/09\/Juan-Antonio-Garcia-Villa-25-300x300.png\" class=\"attachment-medium size-medium wp-post-image\" alt=\"No le mueven ni una coma\u201d. Punto\" style=\"aspect-ratio:3\/2;width:100%;object-fit:cover;\" srcset=\"https:\/\/arjenoticias.com.mx\/wp-content\/uploads\/2026\/09\/Juan-Antonio-Garcia-Villa-25-300x300.png 300w, https:\/\/arjenoticias.com.mx\/wp-content\/uploads\/2026\/09\/Juan-Antonio-Garcia-Villa-25-150x150.png 150w, https:\/\/arjenoticias.com.mx\/wp-content\/uploads\/2026\/09\/Juan-Antonio-Garcia-Villa-25.png 320w\" sizes=\"auto, (max-width: 300px) 100vw, 300px\" loading=\"lazy\" decoding=\"async\" \/><\/a><\/figure><\/div>\n\n<\/li><\/ul><\/div>\n<\/div>\n\n\n\n<div class=\"wp-block-query is-layout-flow wp-block-query-is-layout-flow\">\n<div class=\"wp-block-group has-global-padding is-layout-constrained wp-container-core-group-is-layout-9b333905 wp-block-group-is-layout-constrained\" style=\"margin-bottom:20px\">\n<h2 class=\"wp-block-heading alignwide\">Single Post Column<\/h2>\n\n\n<ul class=\"columns-1 alignwide wp-block-post-template is-layout-grid wp-container-core-post-template-is-layout-0a162838 wp-block-post-template-is-layout-grid\"><li class=\"wp-block-post post-17818 post type-post status-publish format-standard has-post-thumbnail hentry category-politica tag-2do-informe-de-sheinbaum\">\n\n<div class=\"wp-block-group is-content-justification-space-between is-nowrap is-layout-flex wp-container-core-group-is-layout-8f4c7d2f wp-block-group-is-layout-flex\" style=\"margin-top:0;margin-bottom:0;padding-top:0px;padding-right:0px;padding-bottom:0px;padding-left:0px\"><figure class=\"wp-block-post-featured-image wp-container-content-0733e5d0\"><a href=\"https:\/\/arjenoticias.com.mx\/politica\/el-informe-de-sheinbaum-oculto-mas-de-lo-que-expuso\/\" target=\"_self\" ><img loading=\"lazy\" width=\"320\" height=\"320\" src=\"https:\/\/arjenoticias.com.mx\/wp-content\/uploads\/2026\/09\/Marcos-Perez-Esquer-14.png\" class=\"attachment-post-thumbnail size-post-thumbnail wp-post-image\" alt=\"El Informe de Sheinbaum ocult\u00f3 m\u00e1s de lo que expuso\u00a0\" style=\"aspect-ratio:3\/2;width:100%;object-fit:cover;\" srcset=\"https:\/\/arjenoticias.com.mx\/wp-content\/uploads\/2026\/09\/Marcos-Perez-Esquer-14.png 320w, https:\/\/arjenoticias.com.mx\/wp-content\/uploads\/2026\/09\/Marcos-Perez-Esquer-14-300x300.png 300w, https:\/\/arjenoticias.com.mx\/wp-content\/uploads\/2026\/09\/Marcos-Perez-Esquer-14-150x150.png 150w\" sizes=\"auto, (max-width: 320px) 100vw, 320px\" loading=\"lazy\" decoding=\"async\" \/><\/a><\/figure>\n\n\n<div class=\"wp-block-group wp-container-content-0733e5d0 has-global-padding is-layout-constrained wp-container-core-group-is-layout-443fcbf2 wp-block-group-is-layout-constrained\"><h2 class=\"wp-block-post-title has-medium-font-size\"><a href=\"https:\/\/arjenoticias.com.mx\/politica\/el-informe-de-sheinbaum-oculto-mas-de-lo-que-expuso\/\" target=\"_self\" >El Informe de Sheinbaum ocult\u00f3 m\u00e1s de lo que expuso\u00a0<\/a><\/h2>\n\n\n<div class=\"wp-block-group is-nowrap is-layout-flex wp-container-core-group-is-layout-c694217f wp-block-group-is-layout-flex\">\n\n<div style=\"color:#404040;font-size:12px\" class=\"has-link-color wp-elements-2 wp-block-post-date has-text-color\"><time datetime=\"2026-09-05T10:04:33-06:00\">septiembre 5, 2026<\/time><\/div><\/div>\n\n\n<div style=\"font-size:16px\" class=\"wp-block-post-excerpt\"><p class=\"wp-block-post-excerpt__excerpt\"><\/p><p class=\"wp-block-post-excerpt__more-text\"><a class=\"wp-block-post-excerpt__more-link\" href=\"https:\/\/arjenoticias.com.mx\/politica\/el-informe-de-sheinbaum-oculto-mas-de-lo-que-expuso\/\">Read More<\/a><\/p><\/div><\/div>\n<\/div>\n\n<\/li><li class=\"wp-block-post post-17816 post type-post status-publish format-standard has-post-thumbnail hentry category-opinion tag-soberania-hueca-de-mexico\">\n\n<div class=\"wp-block-group is-content-justification-space-between is-nowrap is-layout-flex wp-container-core-group-is-layout-8f4c7d2f wp-block-group-is-layout-flex\" style=\"margin-top:0;margin-bottom:0;padding-top:0px;padding-right:0px;padding-bottom:0px;padding-left:0px\"><figure class=\"wp-block-post-featured-image wp-container-content-0733e5d0\"><a href=\"https:\/\/arjenoticias.com.mx\/opinion\/la-soberania-en-entredicho-2\/\" target=\"_self\" ><img loading=\"lazy\" width=\"600\" height=\"400\" src=\"https:\/\/arjenoticias.com.mx\/wp-content\/uploads\/2026\/09\/Rafael-Morgan-19-1.png\" class=\"attachment-post-thumbnail size-post-thumbnail wp-post-image\" alt=\"La Soberan\u00eda en entredicho\" style=\"aspect-ratio:3\/2;width:100%;object-fit:cover;\" srcset=\"https:\/\/arjenoticias.com.mx\/wp-content\/uploads\/2026\/09\/Rafael-Morgan-19-1.png 600w, https:\/\/arjenoticias.com.mx\/wp-content\/uploads\/2026\/09\/Rafael-Morgan-19-1-300x200.png 300w\" sizes=\"auto, (max-width: 600px) 100vw, 600px\" loading=\"lazy\" decoding=\"async\" \/><\/a><\/figure>\n\n\n<div class=\"wp-block-group wp-container-content-0733e5d0 has-global-padding is-layout-constrained wp-container-core-group-is-layout-443fcbf2 wp-block-group-is-layout-constrained\"><h2 class=\"wp-block-post-title has-medium-font-size\"><a href=\"https:\/\/arjenoticias.com.mx\/opinion\/la-soberania-en-entredicho-2\/\" target=\"_self\" >La Soberan\u00eda en entredicho<\/a><\/h2>\n\n\n<div class=\"wp-block-group is-nowrap is-layout-flex wp-container-core-group-is-layout-c694217f wp-block-group-is-layout-flex\">\n\n<div style=\"color:#404040;font-size:12px\" class=\"has-link-color wp-elements-4 wp-block-post-date has-text-color\"><time datetime=\"2026-09-04T12:16:47-06:00\">septiembre 4, 2026<\/time><\/div><\/div>\n\n\n<div style=\"font-size:16px\" class=\"wp-block-post-excerpt\"><p class=\"wp-block-post-excerpt__excerpt\">Por Rafael Morgan. Uno de los recursos favoritos de la Presidente Sheinbaum en defensa de su&nbsp;gobierno, principalmente frente al gobierno de E.U. y el presidente Trump, es \u201cla&nbsp; defensa de la soberan\u00eda nacional\u201d, que mucho le sirve para denostar y atacar a la&nbsp; supuesta \u201cderecha mexicana\u201d representada por la oposici\u00f3n pol\u00edtica, el sector&nbsp; empresarial y&hellip;<\/p><p class=\"wp-block-post-excerpt__more-text\"><a class=\"wp-block-post-excerpt__more-link\" href=\"https:\/\/arjenoticias.com.mx\/opinion\/la-soberania-en-entredicho-2\/\">Read More<\/a><\/p><\/div><\/div>\n<\/div>\n\n<\/li><li class=\"wp-block-post post-17812 post type-post status-publish format-standard has-post-thumbnail hentry category-opinion tag-soberania-hueca-de-mexico\">\n\n<div class=\"wp-block-group is-content-justification-space-between is-nowrap is-layout-flex wp-container-core-group-is-layout-8f4c7d2f wp-block-group-is-layout-flex\" style=\"margin-top:0;margin-bottom:0;padding-top:0px;padding-right:0px;padding-bottom:0px;padding-left:0px\"><figure class=\"wp-block-post-featured-image wp-container-content-0733e5d0\"><a href=\"https:\/\/arjenoticias.com.mx\/opinion\/la-soberania-en-entredicho\/\" target=\"_self\" ><img loading=\"lazy\" width=\"600\" height=\"400\" src=\"https:\/\/arjenoticias.com.mx\/wp-content\/uploads\/2026\/09\/Rafael-Morgan-19.png\" class=\"attachment-post-thumbnail size-post-thumbnail wp-post-image\" alt=\"La Soberan\u00eda en entredicho\" style=\"aspect-ratio:3\/2;width:100%;object-fit:cover;\" srcset=\"https:\/\/arjenoticias.com.mx\/wp-content\/uploads\/2026\/09\/Rafael-Morgan-19.png 600w, https:\/\/arjenoticias.com.mx\/wp-content\/uploads\/2026\/09\/Rafael-Morgan-19-300x200.png 300w\" sizes=\"auto, (max-width: 600px) 100vw, 600px\" loading=\"lazy\" decoding=\"async\" \/><\/a><\/figure>\n\n\n<div class=\"wp-block-group wp-container-content-0733e5d0 has-global-padding is-layout-constrained wp-container-core-group-is-layout-443fcbf2 wp-block-group-is-layout-constrained\"><h2 class=\"wp-block-post-title has-medium-font-size\"><a href=\"https:\/\/arjenoticias.com.mx\/opinion\/la-soberania-en-entredicho\/\" target=\"_self\" >La Soberan\u00eda en entredicho<\/a><\/h2>\n\n\n<div class=\"wp-block-group is-nowrap is-layout-flex wp-container-core-group-is-layout-c694217f wp-block-group-is-layout-flex\"><div style=\"color:#404040;font-size:12px\" class=\"has-link-color wp-elements-5 wp-block-post-author-name has-text-color\">Rafael Morgan Rios<\/div>\n\n<div style=\"color:#404040;font-size:12px\" class=\"has-link-color wp-elements-6 wp-block-post-date has-text-color\"><time datetime=\"2026-09-04T12:16:47-06:00\">septiembre 4, 2026<\/time><\/div><\/div>\n\n\n<div style=\"font-size:16px\" class=\"wp-block-post-excerpt\"><p class=\"wp-block-post-excerpt__excerpt\">Por Rafael Morgan Uno de los recursos favoritos de la Presidente Sheinbaum en defensa de su\u00a0gobierno, principalmente frente al gobierno de E.U. y el presidente Trump, es \u201cla\u00a0 defensa de la soberan\u00eda nacional\u201d, que mucho le sirve para denostar y atacar a la\u00a0 supuesta \u201cderecha mexicana\u201d representada por la oposici\u00f3n pol\u00edtica, el sector\u00a0 empresarial y&hellip;<\/p><p class=\"wp-block-post-excerpt__more-text\"><a class=\"wp-block-post-excerpt__more-link\" href=\"https:\/\/arjenoticias.com.mx\/opinion\/la-soberania-en-entredicho\/\">Read More<\/a><\/p><\/div><\/div>\n<\/div>\n\n<\/li><li class=\"wp-block-post post-17809 post type-post status-publish format-standard has-post-thumbnail hentry category-opinion tag-corrupcion\">\n\n<div class=\"wp-block-group is-content-justification-space-between is-nowrap is-layout-flex wp-container-core-group-is-layout-8f4c7d2f wp-block-group-is-layout-flex\" style=\"margin-top:0;margin-bottom:0;padding-top:0px;padding-right:0px;padding-bottom:0px;padding-left:0px\"><figure class=\"wp-block-post-featured-image wp-container-content-0733e5d0\"><a href=\"https:\/\/arjenoticias.com.mx\/opinion\/parte-del-adn-del-ser-humano\/\" target=\"_self\" ><img loading=\"lazy\" width=\"320\" height=\"320\" src=\"https:\/\/arjenoticias.com.mx\/wp-content\/uploads\/2026\/09\/Ernesto-Cerda-Serna-11.png\" class=\"attachment-post-thumbnail size-post-thumbnail wp-post-image\" alt=\"Parte del ADN del ser humano\" style=\"aspect-ratio:3\/2;width:100%;object-fit:cover;\" srcset=\"https:\/\/arjenoticias.com.mx\/wp-content\/uploads\/2026\/09\/Ernesto-Cerda-Serna-11.png 320w, https:\/\/arjenoticias.com.mx\/wp-content\/uploads\/2026\/09\/Ernesto-Cerda-Serna-11-300x300.png 300w, https:\/\/arjenoticias.com.mx\/wp-content\/uploads\/2026\/09\/Ernesto-Cerda-Serna-11-150x150.png 150w\" sizes=\"auto, (max-width: 320px) 100vw, 320px\" loading=\"lazy\" decoding=\"async\" \/><\/a><\/figure>\n\n\n<div class=\"wp-block-group wp-container-content-0733e5d0 has-global-padding is-layout-constrained wp-container-core-group-is-layout-443fcbf2 wp-block-group-is-layout-constrained\"><h2 class=\"wp-block-post-title has-medium-font-size\"><a href=\"https:\/\/arjenoticias.com.mx\/opinion\/parte-del-adn-del-ser-humano\/\" target=\"_self\" >Parte del ADN del ser humano<\/a><\/h2>\n\n\n<div class=\"wp-block-group is-nowrap is-layout-flex wp-container-core-group-is-layout-c694217f wp-block-group-is-layout-flex\"><div style=\"color:#404040;font-size:12px\" class=\"has-link-color wp-elements-7 wp-block-post-author-name has-text-color\">Ernesto Cerda Serna<\/div>\n\n<div style=\"color:#404040;font-size:12px\" class=\"has-link-color wp-elements-8 wp-block-post-date has-text-color\"><time datetime=\"2026-09-04T10:39:01-06:00\">septiembre 4, 2026<\/time><\/div><\/div>\n\n\n<div style=\"font-size:16px\" class=\"wp-block-post-excerpt\"><p class=\"wp-block-post-excerpt__excerpt\">El intento de clausurar el debate sobre la corrupci\u00f3n apelando a una supuesta \u00abbondad id\u00edlica\u00bb original del ser humano resulta metodol\u00f3gicamente insostenible. Un examen riguroso de la historia de las instituciones occidentales y orientales revela que la construcci\u00f3n del Estado no parti\u00f3 de la base de una fraternidad espont\u00e1nea, sino del reconocimiento expl\u00edcito de nuestra&hellip;<\/p><p class=\"wp-block-post-excerpt__more-text\"><a class=\"wp-block-post-excerpt__more-link\" href=\"https:\/\/arjenoticias.com.mx\/opinion\/parte-del-adn-del-ser-humano\/\">Read More<\/a><\/p><\/div><\/div>\n<\/div>\n\n<\/li><li class=\"wp-block-post post-17804 post type-post status-publish format-standard has-post-thumbnail hentry category-lo-mas-relevante tag-pobres-compra-votos\">\n\n<div class=\"wp-block-group is-content-justification-space-between is-nowrap is-layout-flex wp-container-core-group-is-layout-8f4c7d2f wp-block-group-is-layout-flex\" style=\"margin-top:0;margin-bottom:0;padding-top:0px;padding-right:0px;padding-bottom:0px;padding-left:0px\"><figure class=\"wp-block-post-featured-image wp-container-content-0733e5d0\"><a href=\"https:\/\/arjenoticias.com.mx\/lo-mas-relevante\/la-pobreza-organiza-el-voto-la-violencia-la-abstencion\/\" target=\"_self\" ><img loading=\"lazy\" width=\"600\" height=\"400\" src=\"https:\/\/arjenoticias.com.mx\/wp-content\/uploads\/2026\/09\/Carlos-Hernandez-Torres-6.png\" class=\"attachment-post-thumbnail size-post-thumbnail wp-post-image\" alt=\"La pobreza organiza el voto; la violencia, la abstenci\u00f3n\" style=\"aspect-ratio:3\/2;width:100%;object-fit:cover;\" srcset=\"https:\/\/arjenoticias.com.mx\/wp-content\/uploads\/2026\/09\/Carlos-Hernandez-Torres-6.png 600w, https:\/\/arjenoticias.com.mx\/wp-content\/uploads\/2026\/09\/Carlos-Hernandez-Torres-6-300x200.png 300w\" sizes=\"auto, (max-width: 600px) 100vw, 600px\" loading=\"lazy\" decoding=\"async\" \/><\/a><\/figure>\n\n\n<div class=\"wp-block-group wp-container-content-0733e5d0 has-global-padding is-layout-constrained wp-container-core-group-is-layout-443fcbf2 wp-block-group-is-layout-constrained\"><h2 class=\"wp-block-post-title has-medium-font-size\"><a href=\"https:\/\/arjenoticias.com.mx\/lo-mas-relevante\/la-pobreza-organiza-el-voto-la-violencia-la-abstencion\/\" target=\"_self\" >La pobreza organiza el voto; la violencia, la abstenci\u00f3n<\/a><\/h2>\n\n\n<div class=\"wp-block-group is-nowrap is-layout-flex wp-container-core-group-is-layout-c694217f wp-block-group-is-layout-flex\"><div style=\"color:#404040;font-size:12px\" class=\"has-link-color wp-elements-9 wp-block-post-author-name has-text-color\">Carlos Hernandez Torres<\/div>\n\n<div style=\"color:#404040;font-size:12px\" class=\"has-link-color wp-elements-10 wp-block-post-date has-text-color\"><time datetime=\"2026-09-04T09:45:35-06:00\">septiembre 4, 2026<\/time><\/div><\/div>\n\n\n<div style=\"font-size:16px\" class=\"wp-block-post-excerpt\"><p class=\"wp-block-post-excerpt__excerpt\">Casi todos damos por sentadas tres ideas sobre pol\u00edtica que suenan tan razonables que pocas veces las&nbsp; cuestionamos: que la inseguridad le pasa factura a quien gobierna, que la pobreza compra votos y que el&nbsp; crimen y la marginaci\u00f3n son, m\u00e1s o menos, la misma mancha sobre el mapa. De hecho, la justificaci\u00f3n de&nbsp; la&hellip;<\/p><p class=\"wp-block-post-excerpt__more-text\"><a class=\"wp-block-post-excerpt__more-link\" href=\"https:\/\/arjenoticias.com.mx\/lo-mas-relevante\/la-pobreza-organiza-el-voto-la-violencia-la-abstencion\/\">Read More<\/a><\/p><\/div><\/div>\n<\/div>\n\n<\/li><li class=\"wp-block-post post-17800 post type-post status-publish format-standard has-post-thumbnail hentry category-opinion tag-2do-informe-de-sheinbaum\">\n\n<div class=\"wp-block-group is-content-justification-space-between is-nowrap is-layout-flex wp-container-core-group-is-layout-8f4c7d2f wp-block-group-is-layout-flex\" style=\"margin-top:0;margin-bottom:0;padding-top:0px;padding-right:0px;padding-bottom:0px;padding-left:0px\"><figure class=\"wp-block-post-featured-image wp-container-content-0733e5d0\"><a href=\"https:\/\/arjenoticias.com.mx\/opinion\/no-le-mueven-ni-una-coma-punto\/\" target=\"_self\" ><img loading=\"lazy\" width=\"320\" height=\"320\" src=\"https:\/\/arjenoticias.com.mx\/wp-content\/uploads\/2026\/09\/Juan-Antonio-Garcia-Villa-25.png\" class=\"attachment-post-thumbnail size-post-thumbnail wp-post-image\" alt=\"No le mueven ni una coma\u201d. Punto\" style=\"aspect-ratio:3\/2;width:100%;object-fit:cover;\" srcset=\"https:\/\/arjenoticias.com.mx\/wp-content\/uploads\/2026\/09\/Juan-Antonio-Garcia-Villa-25.png 320w, https:\/\/arjenoticias.com.mx\/wp-content\/uploads\/2026\/09\/Juan-Antonio-Garcia-Villa-25-300x300.png 300w, https:\/\/arjenoticias.com.mx\/wp-content\/uploads\/2026\/09\/Juan-Antonio-Garcia-Villa-25-150x150.png 150w\" sizes=\"auto, (max-width: 320px) 100vw, 320px\" loading=\"lazy\" decoding=\"async\" \/><\/a><\/figure>\n\n\n<div class=\"wp-block-group wp-container-content-0733e5d0 has-global-padding is-layout-constrained wp-container-core-group-is-layout-443fcbf2 wp-block-group-is-layout-constrained\"><h2 class=\"wp-block-post-title has-medium-font-size\"><a href=\"https:\/\/arjenoticias.com.mx\/opinion\/no-le-mueven-ni-una-coma-punto\/\" target=\"_self\" >No le mueven ni una coma\u201d. Punto<\/a><\/h2>\n\n\n<div class=\"wp-block-group is-nowrap is-layout-flex wp-container-core-group-is-layout-c694217f wp-block-group-is-layout-flex\"><div style=\"color:#404040;font-size:12px\" class=\"has-link-color wp-elements-11 wp-block-post-author-name has-text-color\">Juan Antonio Garc\u00eda Villa<\/div>\n\n<div style=\"color:#404040;font-size:12px\" class=\"has-link-color wp-elements-12 wp-block-post-date has-text-color\"><time datetime=\"2026-09-04T09:34:53-06:00\">septiembre 4, 2026<\/time><\/div><\/div>\n\n\n<div style=\"font-size:16px\" class=\"wp-block-post-excerpt\"><p class=\"wp-block-post-excerpt__excerpt\">Sucedi\u00f3 que a la plenaria de los diputados de Morena, realizada el pasado fin de semana, acudi\u00f3 la consejera jur\u00eddica de la Presidencia, Luisa Mar\u00eda Alcalde. Asisti\u00f3 con el fin de darles a conocer las prioridades legislativas del Ejecutivo para el pr\u00f3ximo periodo de sesiones del Congreso. E inesperadamente ocurri\u00f3 entonces lo impensable. De tantos&hellip;<\/p><p class=\"wp-block-post-excerpt__more-text\"><a class=\"wp-block-post-excerpt__more-link\" href=\"https:\/\/arjenoticias.com.mx\/opinion\/no-le-mueven-ni-una-coma-punto\/\">Read More<\/a><\/p><\/div><\/div>\n<\/div>\n\n<\/li><\/ul><\/div>\n<\/div>\n\n\n\n<div class=\"wp-block-query is-layout-flow wp-block-query-is-layout-flow\">\n<div class=\"wp-block-group has-global-padding is-layout-constrained wp-container-core-group-is-layout-9b333905 wp-block-group-is-layout-constrained\" style=\"margin-bottom:20px\">\n<h2 class=\"wp-block-heading alignwide\">Single Post Column<\/h2>\n\n\n<ul class=\"columns-1 alignwide wp-block-post-template is-layout-grid wp-container-core-post-template-is-layout-0a162838 wp-block-post-template-is-layout-grid\"><li class=\"wp-block-post post-17818 post type-post status-publish format-standard has-post-thumbnail hentry category-politica tag-2do-informe-de-sheinbaum\">\n\n<div class=\"wp-block-group is-content-justification-space-between is-nowrap is-layout-flex wp-container-core-group-is-layout-8f4c7d2f wp-block-group-is-layout-flex\" style=\"margin-top:0;margin-bottom:0;padding-top:0px;padding-right:0px;padding-bottom:0px;padding-left:0px\">\n<div class=\"wp-block-group wp-container-content-0733e5d0 has-global-padding is-layout-constrained wp-container-core-group-is-layout-443fcbf2 wp-block-group-is-layout-constrained\"><h2 class=\"wp-block-post-title has-medium-font-size\"><a href=\"https:\/\/arjenoticias.com.mx\/politica\/el-informe-de-sheinbaum-oculto-mas-de-lo-que-expuso\/\" target=\"_self\" >El Informe de Sheinbaum ocult\u00f3 m\u00e1s de lo que expuso\u00a0<\/a><\/h2>\n\n\n<div class=\"wp-block-group is-nowrap is-layout-flex wp-container-core-group-is-layout-c694217f wp-block-group-is-layout-flex\">\n\n<div style=\"color:#404040;font-size:12px\" class=\"has-link-color wp-elements-14 wp-block-post-date has-text-color\"><time datetime=\"2026-09-05T10:04:33-06:00\">septiembre 5, 2026<\/time><\/div><\/div>\n\n\n<div style=\"font-size:16px\" class=\"wp-block-post-excerpt\"><p class=\"wp-block-post-excerpt__excerpt\"><\/p><p class=\"wp-block-post-excerpt__more-text\"><a class=\"wp-block-post-excerpt__more-link\" href=\"https:\/\/arjenoticias.com.mx\/politica\/el-informe-de-sheinbaum-oculto-mas-de-lo-que-expuso\/\">Read More<\/a><\/p><\/div><\/div>\n\n\n<figure class=\"wp-block-post-featured-image wp-container-content-0733e5d0\"><a href=\"https:\/\/arjenoticias.com.mx\/politica\/el-informe-de-sheinbaum-oculto-mas-de-lo-que-expuso\/\" target=\"_self\" ><img loading=\"lazy\" width=\"320\" height=\"320\" src=\"https:\/\/arjenoticias.com.mx\/wp-content\/uploads\/2026\/09\/Marcos-Perez-Esquer-14.png\" class=\"attachment-post-thumbnail size-post-thumbnail wp-post-image\" alt=\"El Informe de Sheinbaum ocult\u00f3 m\u00e1s de lo que expuso\u00a0\" style=\"aspect-ratio:3\/2;width:100%;object-fit:cover;\" srcset=\"https:\/\/arjenoticias.com.mx\/wp-content\/uploads\/2026\/09\/Marcos-Perez-Esquer-14.png 320w, https:\/\/arjenoticias.com.mx\/wp-content\/uploads\/2026\/09\/Marcos-Perez-Esquer-14-300x300.png 300w, https:\/\/arjenoticias.com.mx\/wp-content\/uploads\/2026\/09\/Marcos-Perez-Esquer-14-150x150.png 150w\" sizes=\"auto, (max-width: 320px) 100vw, 320px\" loading=\"lazy\" decoding=\"async\" \/><\/a><\/figure><\/div>\n\n<\/li><li class=\"wp-block-post post-17816 post type-post status-publish format-standard has-post-thumbnail hentry category-opinion tag-soberania-hueca-de-mexico\">\n\n<div class=\"wp-block-group is-content-justification-space-between is-nowrap is-layout-flex wp-container-core-group-is-layout-8f4c7d2f wp-block-group-is-layout-flex\" style=\"margin-top:0;margin-bottom:0;padding-top:0px;padding-right:0px;padding-bottom:0px;padding-left:0px\">\n<div class=\"wp-block-group wp-container-content-0733e5d0 has-global-padding is-layout-constrained wp-container-core-group-is-layout-443fcbf2 wp-block-group-is-layout-constrained\"><h2 class=\"wp-block-post-title has-medium-font-size\"><a href=\"https:\/\/arjenoticias.com.mx\/opinion\/la-soberania-en-entredicho-2\/\" target=\"_self\" >La Soberan\u00eda en entredicho<\/a><\/h2>\n\n\n<div class=\"wp-block-group is-nowrap is-layout-flex wp-container-core-group-is-layout-c694217f wp-block-group-is-layout-flex\">\n\n<div style=\"color:#404040;font-size:12px\" class=\"has-link-color wp-elements-16 wp-block-post-date has-text-color\"><time datetime=\"2026-09-04T12:16:47-06:00\">septiembre 4, 2026<\/time><\/div><\/div>\n\n\n<div style=\"font-size:16px\" class=\"wp-block-post-excerpt\"><p class=\"wp-block-post-excerpt__excerpt\">Por Rafael Morgan. Uno de los recursos favoritos de la Presidente Sheinbaum en defensa de su&nbsp;gobierno, principalmente frente al gobierno de E.U. y el presidente Trump, es \u201cla&nbsp; defensa de la soberan\u00eda nacional\u201d, que mucho le sirve para denostar y atacar a la&nbsp; supuesta \u201cderecha mexicana\u201d representada por la oposici\u00f3n pol\u00edtica, el sector&nbsp; empresarial y&hellip;<\/p><p class=\"wp-block-post-excerpt__more-text\"><a class=\"wp-block-post-excerpt__more-link\" href=\"https:\/\/arjenoticias.com.mx\/opinion\/la-soberania-en-entredicho-2\/\">Read More<\/a><\/p><\/div><\/div>\n\n\n<figure class=\"wp-block-post-featured-image wp-container-content-0733e5d0\"><a href=\"https:\/\/arjenoticias.com.mx\/opinion\/la-soberania-en-entredicho-2\/\" target=\"_self\" ><img loading=\"lazy\" width=\"600\" height=\"400\" src=\"https:\/\/arjenoticias.com.mx\/wp-content\/uploads\/2026\/09\/Rafael-Morgan-19-1.png\" class=\"attachment-post-thumbnail size-post-thumbnail wp-post-image\" alt=\"La Soberan\u00eda en entredicho\" style=\"aspect-ratio:3\/2;width:100%;object-fit:cover;\" srcset=\"https:\/\/arjenoticias.com.mx\/wp-content\/uploads\/2026\/09\/Rafael-Morgan-19-1.png 600w, https:\/\/arjenoticias.com.mx\/wp-content\/uploads\/2026\/09\/Rafael-Morgan-19-1-300x200.png 300w\" sizes=\"auto, (max-width: 600px) 100vw, 600px\" loading=\"lazy\" decoding=\"async\" \/><\/a><\/figure><\/div>\n\n<\/li><li class=\"wp-block-post post-17812 post type-post status-publish format-standard has-post-thumbnail hentry category-opinion tag-soberania-hueca-de-mexico\">\n\n<div class=\"wp-block-group is-content-justification-space-between is-nowrap is-layout-flex wp-container-core-group-is-layout-8f4c7d2f wp-block-group-is-layout-flex\" style=\"margin-top:0;margin-bottom:0;padding-top:0px;padding-right:0px;padding-bottom:0px;padding-left:0px\">\n<div class=\"wp-block-group wp-container-content-0733e5d0 has-global-padding is-layout-constrained wp-container-core-group-is-layout-443fcbf2 wp-block-group-is-layout-constrained\"><h2 class=\"wp-block-post-title has-medium-font-size\"><a href=\"https:\/\/arjenoticias.com.mx\/opinion\/la-soberania-en-entredicho\/\" target=\"_self\" >La Soberan\u00eda en entredicho<\/a><\/h2>\n\n\n<div class=\"wp-block-group is-nowrap is-layout-flex wp-container-core-group-is-layout-c694217f wp-block-group-is-layout-flex\"><div style=\"color:#404040;font-size:12px\" class=\"has-link-color wp-elements-17 wp-block-post-author-name has-text-color\">Rafael Morgan Rios<\/div>\n\n<div style=\"color:#404040;font-size:12px\" class=\"has-link-color wp-elements-18 wp-block-post-date has-text-color\"><time datetime=\"2026-09-04T12:16:47-06:00\">septiembre 4, 2026<\/time><\/div><\/div>\n\n\n<div style=\"font-size:16px\" class=\"wp-block-post-excerpt\"><p class=\"wp-block-post-excerpt__excerpt\">Por Rafael Morgan Uno de los recursos favoritos de la Presidente Sheinbaum en defensa de su\u00a0gobierno, principalmente frente al gobierno de E.U. y el presidente Trump, es \u201cla\u00a0 defensa de la soberan\u00eda nacional\u201d, que mucho le sirve para denostar y atacar a la\u00a0 supuesta \u201cderecha mexicana\u201d representada por la oposici\u00f3n pol\u00edtica, el sector\u00a0 empresarial y&hellip;<\/p><p class=\"wp-block-post-excerpt__more-text\"><a class=\"wp-block-post-excerpt__more-link\" href=\"https:\/\/arjenoticias.com.mx\/opinion\/la-soberania-en-entredicho\/\">Read More<\/a><\/p><\/div><\/div>\n\n\n<figure class=\"wp-block-post-featured-image wp-container-content-0733e5d0\"><a href=\"https:\/\/arjenoticias.com.mx\/opinion\/la-soberania-en-entredicho\/\" target=\"_self\" ><img loading=\"lazy\" width=\"600\" height=\"400\" src=\"https:\/\/arjenoticias.com.mx\/wp-content\/uploads\/2026\/09\/Rafael-Morgan-19.png\" class=\"attachment-post-thumbnail size-post-thumbnail wp-post-image\" alt=\"La Soberan\u00eda en entredicho\" style=\"aspect-ratio:3\/2;width:100%;object-fit:cover;\" srcset=\"https:\/\/arjenoticias.com.mx\/wp-content\/uploads\/2026\/09\/Rafael-Morgan-19.png 600w, https:\/\/arjenoticias.com.mx\/wp-content\/uploads\/2026\/09\/Rafael-Morgan-19-300x200.png 300w\" sizes=\"auto, (max-width: 600px) 100vw, 600px\" loading=\"lazy\" decoding=\"async\" \/><\/a><\/figure><\/div>\n\n<\/li><li class=\"wp-block-post post-17809 post type-post status-publish format-standard has-post-thumbnail hentry category-opinion tag-corrupcion\">\n\n<div class=\"wp-block-group is-content-justification-space-between is-nowrap is-layout-flex wp-container-core-group-is-layout-8f4c7d2f wp-block-group-is-layout-flex\" style=\"margin-top:0;margin-bottom:0;padding-top:0px;padding-right:0px;padding-bottom:0px;padding-left:0px\">\n<div class=\"wp-block-group wp-container-content-0733e5d0 has-global-padding is-layout-constrained wp-container-core-group-is-layout-443fcbf2 wp-block-group-is-layout-constrained\"><h2 class=\"wp-block-post-title has-medium-font-size\"><a href=\"https:\/\/arjenoticias.com.mx\/opinion\/parte-del-adn-del-ser-humano\/\" target=\"_self\" >Parte del ADN del ser humano<\/a><\/h2>\n\n\n<div class=\"wp-block-group is-nowrap is-layout-flex wp-container-core-group-is-layout-c694217f wp-block-group-is-layout-flex\"><div style=\"color:#404040;font-size:12px\" class=\"has-link-color wp-elements-19 wp-block-post-author-name has-text-color\">Ernesto Cerda Serna<\/div>\n\n<div style=\"color:#404040;font-size:12px\" class=\"has-link-color wp-elements-20 wp-block-post-date has-text-color\"><time datetime=\"2026-09-04T10:39:01-06:00\">septiembre 4, 2026<\/time><\/div><\/div>\n\n\n<div style=\"font-size:16px\" class=\"wp-block-post-excerpt\"><p class=\"wp-block-post-excerpt__excerpt\">El intento de clausurar el debate sobre la corrupci\u00f3n apelando a una supuesta \u00abbondad id\u00edlica\u00bb original del ser humano resulta metodol\u00f3gicamente insostenible. Un examen riguroso de la historia de las instituciones occidentales y orientales revela que la construcci\u00f3n del Estado no parti\u00f3 de la base de una fraternidad espont\u00e1nea, sino del reconocimiento expl\u00edcito de nuestra&hellip;<\/p><p class=\"wp-block-post-excerpt__more-text\"><a class=\"wp-block-post-excerpt__more-link\" href=\"https:\/\/arjenoticias.com.mx\/opinion\/parte-del-adn-del-ser-humano\/\">Read More<\/a><\/p><\/div><\/div>\n\n\n<figure class=\"wp-block-post-featured-image wp-container-content-0733e5d0\"><a href=\"https:\/\/arjenoticias.com.mx\/opinion\/parte-del-adn-del-ser-humano\/\" target=\"_self\" ><img loading=\"lazy\" width=\"320\" height=\"320\" src=\"https:\/\/arjenoticias.com.mx\/wp-content\/uploads\/2026\/09\/Ernesto-Cerda-Serna-11.png\" class=\"attachment-post-thumbnail size-post-thumbnail wp-post-image\" alt=\"Parte del ADN del ser humano\" style=\"aspect-ratio:3\/2;width:100%;object-fit:cover;\" srcset=\"https:\/\/arjenoticias.com.mx\/wp-content\/uploads\/2026\/09\/Ernesto-Cerda-Serna-11.png 320w, https:\/\/arjenoticias.com.mx\/wp-content\/uploads\/2026\/09\/Ernesto-Cerda-Serna-11-300x300.png 300w, https:\/\/arjenoticias.com.mx\/wp-content\/uploads\/2026\/09\/Ernesto-Cerda-Serna-11-150x150.png 150w\" sizes=\"auto, (max-width: 320px) 100vw, 320px\" loading=\"lazy\" decoding=\"async\" \/><\/a><\/figure><\/div>\n\n<\/li><li class=\"wp-block-post post-17804 post type-post status-publish format-standard has-post-thumbnail hentry category-lo-mas-relevante tag-pobres-compra-votos\">\n\n<div class=\"wp-block-group is-content-justification-space-between is-nowrap is-layout-flex wp-container-core-group-is-layout-8f4c7d2f wp-block-group-is-layout-flex\" style=\"margin-top:0;margin-bottom:0;padding-top:0px;padding-right:0px;padding-bottom:0px;padding-left:0px\">\n<div class=\"wp-block-group wp-container-content-0733e5d0 has-global-padding is-layout-constrained wp-container-core-group-is-layout-443fcbf2 wp-block-group-is-layout-constrained\"><h2 class=\"wp-block-post-title has-medium-font-size\"><a href=\"https:\/\/arjenoticias.com.mx\/lo-mas-relevante\/la-pobreza-organiza-el-voto-la-violencia-la-abstencion\/\" target=\"_self\" >La pobreza organiza el voto; la violencia, la abstenci\u00f3n<\/a><\/h2>\n\n\n<div class=\"wp-block-group is-nowrap is-layout-flex wp-container-core-group-is-layout-c694217f wp-block-group-is-layout-flex\"><div style=\"color:#404040;font-size:12px\" class=\"has-link-color wp-elements-21 wp-block-post-author-name has-text-color\">Carlos Hernandez Torres<\/div>\n\n<div style=\"color:#404040;font-size:12px\" class=\"has-link-color wp-elements-22 wp-block-post-date has-text-color\"><time datetime=\"2026-09-04T09:45:35-06:00\">septiembre 4, 2026<\/time><\/div><\/div>\n\n\n<div style=\"font-size:16px\" class=\"wp-block-post-excerpt\"><p class=\"wp-block-post-excerpt__excerpt\">Casi todos damos por sentadas tres ideas sobre pol\u00edtica que suenan tan razonables que pocas veces las&nbsp; cuestionamos: que la inseguridad le pasa factura a quien gobierna, que la pobreza compra votos y que el&nbsp; crimen y la marginaci\u00f3n son, m\u00e1s o menos, la misma mancha sobre el mapa. De hecho, la justificaci\u00f3n de&nbsp; la&hellip;<\/p><p class=\"wp-block-post-excerpt__more-text\"><a class=\"wp-block-post-excerpt__more-link\" href=\"https:\/\/arjenoticias.com.mx\/lo-mas-relevante\/la-pobreza-organiza-el-voto-la-violencia-la-abstencion\/\">Read More<\/a><\/p><\/div><\/div>\n\n\n<figure class=\"wp-block-post-featured-image wp-container-content-0733e5d0\"><a href=\"https:\/\/arjenoticias.com.mx\/lo-mas-relevante\/la-pobreza-organiza-el-voto-la-violencia-la-abstencion\/\" target=\"_self\" ><img loading=\"lazy\" width=\"600\" height=\"400\" src=\"https:\/\/arjenoticias.com.mx\/wp-content\/uploads\/2026\/09\/Carlos-Hernandez-Torres-6.png\" class=\"attachment-post-thumbnail size-post-thumbnail wp-post-image\" alt=\"La pobreza organiza el voto; la violencia, la abstenci\u00f3n\" style=\"aspect-ratio:3\/2;width:100%;object-fit:cover;\" srcset=\"https:\/\/arjenoticias.com.mx\/wp-content\/uploads\/2026\/09\/Carlos-Hernandez-Torres-6.png 600w, https:\/\/arjenoticias.com.mx\/wp-content\/uploads\/2026\/09\/Carlos-Hernandez-Torres-6-300x200.png 300w\" sizes=\"auto, (max-width: 600px) 100vw, 600px\" loading=\"lazy\" decoding=\"async\" \/><\/a><\/figure><\/div>\n\n<\/li><li class=\"wp-block-post post-17800 post type-post status-publish format-standard has-post-thumbnail hentry category-opinion tag-2do-informe-de-sheinbaum\">\n\n<div class=\"wp-block-group is-content-justification-space-between is-nowrap is-layout-flex wp-container-core-group-is-layout-8f4c7d2f wp-block-group-is-layout-flex\" style=\"margin-top:0;margin-bottom:0;padding-top:0px;padding-right:0px;padding-bottom:0px;padding-left:0px\">\n<div class=\"wp-block-group wp-container-content-0733e5d0 has-global-padding is-layout-constrained wp-container-core-group-is-layout-443fcbf2 wp-block-group-is-layout-constrained\"><h2 class=\"wp-block-post-title has-medium-font-size\"><a href=\"https:\/\/arjenoticias.com.mx\/opinion\/no-le-mueven-ni-una-coma-punto\/\" target=\"_self\" >No le mueven ni una coma\u201d. Punto<\/a><\/h2>\n\n\n<div class=\"wp-block-group is-nowrap is-layout-flex wp-container-core-group-is-layout-c694217f wp-block-group-is-layout-flex\"><div style=\"color:#404040;font-size:12px\" class=\"has-link-color wp-elements-23 wp-block-post-author-name has-text-color\">Juan Antonio Garc\u00eda Villa<\/div>\n\n<div style=\"color:#404040;font-size:12px\" class=\"has-link-color wp-elements-24 wp-block-post-date has-text-color\"><time datetime=\"2026-09-04T09:34:53-06:00\">septiembre 4, 2026<\/time><\/div><\/div>\n\n\n<div style=\"font-size:16px\" class=\"wp-block-post-excerpt\"><p class=\"wp-block-post-excerpt__excerpt\">Sucedi\u00f3 que a la plenaria de los diputados de Morena, realizada el pasado fin de semana, acudi\u00f3 la consejera jur\u00eddica de la Presidencia, Luisa Mar\u00eda Alcalde. Asisti\u00f3 con el fin de darles a conocer las prioridades legislativas del Ejecutivo para el pr\u00f3ximo periodo de sesiones del Congreso. E inesperadamente ocurri\u00f3 entonces lo impensable. De tantos&hellip;<\/p><p class=\"wp-block-post-excerpt__more-text\"><a class=\"wp-block-post-excerpt__more-link\" href=\"https:\/\/arjenoticias.com.mx\/opinion\/no-le-mueven-ni-una-coma-punto\/\">Read More<\/a><\/p><\/div><\/div>\n\n\n<figure class=\"wp-block-post-featured-image wp-container-content-0733e5d0\"><a href=\"https:\/\/arjenoticias.com.mx\/opinion\/no-le-mueven-ni-una-coma-punto\/\" target=\"_self\" ><img loading=\"lazy\" width=\"320\" height=\"320\" src=\"https:\/\/arjenoticias.com.mx\/wp-content\/uploads\/2026\/09\/Juan-Antonio-Garcia-Villa-25.png\" class=\"attachment-post-thumbnail size-post-thumbnail wp-post-image\" alt=\"No le mueven ni una coma\u201d. Punto\" style=\"aspect-ratio:3\/2;width:100%;object-fit:cover;\" srcset=\"https:\/\/arjenoticias.com.mx\/wp-content\/uploads\/2026\/09\/Juan-Antonio-Garcia-Villa-25.png 320w, https:\/\/arjenoticias.com.mx\/wp-content\/uploads\/2026\/09\/Juan-Antonio-Garcia-Villa-25-300x300.png 300w, https:\/\/arjenoticias.com.mx\/wp-content\/uploads\/2026\/09\/Juan-Antonio-Garcia-Villa-25-150x150.png 150w\" sizes=\"auto, (max-width: 320px) 100vw, 320px\" loading=\"lazy\" decoding=\"async\" \/><\/a><\/figure><\/div>\n\n<\/li><\/ul><\/div>\n<\/div>\n\n\n\n<div class=\"wp-block-query is-layout-flow wp-block-query-is-layout-flow\">\n<div class=\"wp-block-group has-global-padding is-layout-constrained wp-container-core-group-is-layout-9b333905 wp-block-group-is-layout-constrained\" style=\"margin-bottom:20px\">\n<h2 class=\"wp-block-heading alignwide\">Post Full<\/h2>\n\n\n<ul class=\"columns-1 alignwide wp-block-post-template is-layout-grid wp-container-core-post-template-is-layout-0a162838 wp-block-post-template-is-layout-grid\"><li class=\"wp-block-post post-17818 post type-post status-publish format-standard has-post-thumbnail hentry category-politica tag-2do-informe-de-sheinbaum\">\n\n<div class=\"wp-block-group is-layout-flow wp-container-core-group-is-layout-eedad820 wp-block-group-is-layout-flow\" style=\"margin-top:0;margin-bottom:0;padding-top:0px;padding-right:0px;padding-bottom:0px;padding-left:0px\"><figure class=\"wp-block-post-featured-image\"><a href=\"https:\/\/arjenoticias.com.mx\/politica\/el-informe-de-sheinbaum-oculto-mas-de-lo-que-expuso\/\" target=\"_self\" ><img loading=\"lazy\" width=\"320\" height=\"320\" src=\"https:\/\/arjenoticias.com.mx\/wp-content\/uploads\/2026\/09\/Marcos-Perez-Esquer-14.png\" class=\"attachment-post-thumbnail size-post-thumbnail wp-post-image\" alt=\"El Informe de Sheinbaum ocult\u00f3 m\u00e1s de lo que expuso\u00a0\" style=\"aspect-ratio:3\/2;width:100%;object-fit:cover;\" srcset=\"https:\/\/arjenoticias.com.mx\/wp-content\/uploads\/2026\/09\/Marcos-Perez-Esquer-14.png 320w, https:\/\/arjenoticias.com.mx\/wp-content\/uploads\/2026\/09\/Marcos-Perez-Esquer-14-300x300.png 300w, https:\/\/arjenoticias.com.mx\/wp-content\/uploads\/2026\/09\/Marcos-Perez-Esquer-14-150x150.png 150w\" sizes=\"auto, (max-width: 320px) 100vw, 320px\" loading=\"lazy\" decoding=\"async\" \/><\/a><\/figure>\n\n<h2 style=\"font-size:27px\" class=\"wp-block-post-title\"><a href=\"https:\/\/arjenoticias.com.mx\/politica\/el-informe-de-sheinbaum-oculto-mas-de-lo-que-expuso\/\" target=\"_self\" >El Informe de Sheinbaum ocult\u00f3 m\u00e1s de lo que expuso\u00a0<\/a><\/h2>\n\n\n<div class=\"wp-block-group is-nowrap is-layout-flex wp-container-core-group-is-layout-c694217f wp-block-group-is-layout-flex\">\n\n<div style=\"color:#404040;font-size:12px\" class=\"has-link-color wp-elements-26 wp-block-post-date has-text-color\"><time datetime=\"2026-09-05T10:04:33-06:00\">septiembre 5, 2026<\/time><\/div><\/div>\n\n\n<div style=\"color:#404040;font-size:16px\" class=\"has-link-color wp-elements-27 wp-block-post-excerpt has-text-color\"><p class=\"wp-block-post-excerpt__excerpt\"><\/p><p class=\"wp-block-post-excerpt__more-text\"><a class=\"wp-block-post-excerpt__more-link\" href=\"https:\/\/arjenoticias.com.mx\/politica\/el-informe-de-sheinbaum-oculto-mas-de-lo-que-expuso\/\">Read More<\/a><\/p><\/div><\/div>\n\n<\/li><li class=\"wp-block-post post-17816 post type-post status-publish format-standard has-post-thumbnail hentry category-opinion tag-soberania-hueca-de-mexico\">\n\n<div class=\"wp-block-group is-layout-flow wp-container-core-group-is-layout-eedad820 wp-block-group-is-layout-flow\" style=\"margin-top:0;margin-bottom:0;padding-top:0px;padding-right:0px;padding-bottom:0px;padding-left:0px\"><figure class=\"wp-block-post-featured-image\"><a href=\"https:\/\/arjenoticias.com.mx\/opinion\/la-soberania-en-entredicho-2\/\" target=\"_self\" ><img loading=\"lazy\" width=\"600\" height=\"400\" src=\"https:\/\/arjenoticias.com.mx\/wp-content\/uploads\/2026\/09\/Rafael-Morgan-19-1.png\" class=\"attachment-post-thumbnail size-post-thumbnail wp-post-image\" alt=\"La Soberan\u00eda en entredicho\" style=\"aspect-ratio:3\/2;width:100%;object-fit:cover;\" srcset=\"https:\/\/arjenoticias.com.mx\/wp-content\/uploads\/2026\/09\/Rafael-Morgan-19-1.png 600w, https:\/\/arjenoticias.com.mx\/wp-content\/uploads\/2026\/09\/Rafael-Morgan-19-1-300x200.png 300w\" sizes=\"auto, (max-width: 600px) 100vw, 600px\" loading=\"lazy\" decoding=\"async\" \/><\/a><\/figure>\n\n<h2 style=\"font-size:27px\" class=\"wp-block-post-title\"><a href=\"https:\/\/arjenoticias.com.mx\/opinion\/la-soberania-en-entredicho-2\/\" target=\"_self\" >La Soberan\u00eda en entredicho<\/a><\/h2>\n\n\n<div class=\"wp-block-group is-nowrap is-layout-flex wp-container-core-group-is-layout-c694217f wp-block-group-is-layout-flex\">\n\n<div style=\"color:#404040;font-size:12px\" class=\"has-link-color wp-elements-29 wp-block-post-date has-text-color\"><time datetime=\"2026-09-04T12:16:47-06:00\">septiembre 4, 2026<\/time><\/div><\/div>\n\n\n<div style=\"color:#404040;font-size:16px\" class=\"has-link-color wp-elements-30 wp-block-post-excerpt has-text-color\"><p class=\"wp-block-post-excerpt__excerpt\">Por Rafael Morgan. Uno de los recursos favoritos de la Presidente Sheinbaum en defensa de su&nbsp;gobierno, principalmente frente al gobierno de E.U. y el presidente Trump, es \u201cla&nbsp; defensa de la soberan\u00eda nacional\u201d, que mucho le sirve para denostar y atacar a la&nbsp; supuesta \u201cderecha mexicana\u201d representada por la oposici\u00f3n pol\u00edtica, el sector&nbsp; empresarial y&hellip;<\/p><p class=\"wp-block-post-excerpt__more-text\"><a class=\"wp-block-post-excerpt__more-link\" href=\"https:\/\/arjenoticias.com.mx\/opinion\/la-soberania-en-entredicho-2\/\">Read More<\/a><\/p><\/div><\/div>\n\n<\/li><li class=\"wp-block-post post-17812 post type-post status-publish format-standard has-post-thumbnail hentry category-opinion tag-soberania-hueca-de-mexico\">\n\n<div class=\"wp-block-group is-layout-flow wp-container-core-group-is-layout-eedad820 wp-block-group-is-layout-flow\" style=\"margin-top:0;margin-bottom:0;padding-top:0px;padding-right:0px;padding-bottom:0px;padding-left:0px\"><figure class=\"wp-block-post-featured-image\"><a href=\"https:\/\/arjenoticias.com.mx\/opinion\/la-soberania-en-entredicho\/\" target=\"_self\" ><img loading=\"lazy\" width=\"600\" height=\"400\" src=\"https:\/\/arjenoticias.com.mx\/wp-content\/uploads\/2026\/09\/Rafael-Morgan-19.png\" class=\"attachment-post-thumbnail size-post-thumbnail wp-post-image\" alt=\"La Soberan\u00eda en entredicho\" style=\"aspect-ratio:3\/2;width:100%;object-fit:cover;\" srcset=\"https:\/\/arjenoticias.com.mx\/wp-content\/uploads\/2026\/09\/Rafael-Morgan-19.png 600w, https:\/\/arjenoticias.com.mx\/wp-content\/uploads\/2026\/09\/Rafael-Morgan-19-300x200.png 300w\" sizes=\"auto, (max-width: 600px) 100vw, 600px\" loading=\"lazy\" decoding=\"async\" \/><\/a><\/figure>\n\n<h2 style=\"font-size:27px\" class=\"wp-block-post-title\"><a href=\"https:\/\/arjenoticias.com.mx\/opinion\/la-soberania-en-entredicho\/\" target=\"_self\" >La Soberan\u00eda en entredicho<\/a><\/h2>\n\n\n<div class=\"wp-block-group is-nowrap is-layout-flex wp-container-core-group-is-layout-c694217f wp-block-group-is-layout-flex\"><div style=\"color:#404040;font-size:12px\" class=\"has-link-color wp-elements-31 wp-block-post-author-name has-text-color\">Rafael Morgan Rios<\/div>\n\n<div style=\"color:#404040;font-size:12px\" class=\"has-link-color wp-elements-32 wp-block-post-date has-text-color\"><time datetime=\"2026-09-04T12:16:47-06:00\">septiembre 4, 2026<\/time><\/div><\/div>\n\n\n<div style=\"color:#404040;font-size:16px\" class=\"has-link-color wp-elements-33 wp-block-post-excerpt has-text-color\"><p class=\"wp-block-post-excerpt__excerpt\">Por Rafael Morgan Uno de los recursos favoritos de la Presidente Sheinbaum en defensa de su\u00a0gobierno, principalmente frente al gobierno de E.U. y el presidente Trump, es \u201cla\u00a0 defensa de la soberan\u00eda nacional\u201d, que mucho le sirve para denostar y atacar a la\u00a0 supuesta \u201cderecha mexicana\u201d representada por la oposici\u00f3n pol\u00edtica, el sector\u00a0 empresarial y&hellip;<\/p><p class=\"wp-block-post-excerpt__more-text\"><a class=\"wp-block-post-excerpt__more-link\" href=\"https:\/\/arjenoticias.com.mx\/opinion\/la-soberania-en-entredicho\/\">Read More<\/a><\/p><\/div><\/div>\n\n<\/li><li class=\"wp-block-post post-17809 post type-post status-publish format-standard has-post-thumbnail hentry category-opinion tag-corrupcion\">\n\n<div class=\"wp-block-group is-layout-flow wp-container-core-group-is-layout-eedad820 wp-block-group-is-layout-flow\" style=\"margin-top:0;margin-bottom:0;padding-top:0px;padding-right:0px;padding-bottom:0px;padding-left:0px\"><figure class=\"wp-block-post-featured-image\"><a href=\"https:\/\/arjenoticias.com.mx\/opinion\/parte-del-adn-del-ser-humano\/\" target=\"_self\" ><img loading=\"lazy\" width=\"320\" height=\"320\" src=\"https:\/\/arjenoticias.com.mx\/wp-content\/uploads\/2026\/09\/Ernesto-Cerda-Serna-11.png\" class=\"attachment-post-thumbnail size-post-thumbnail wp-post-image\" alt=\"Parte del ADN del ser humano\" style=\"aspect-ratio:3\/2;width:100%;object-fit:cover;\" srcset=\"https:\/\/arjenoticias.com.mx\/wp-content\/uploads\/2026\/09\/Ernesto-Cerda-Serna-11.png 320w, https:\/\/arjenoticias.com.mx\/wp-content\/uploads\/2026\/09\/Ernesto-Cerda-Serna-11-300x300.png 300w, https:\/\/arjenoticias.com.mx\/wp-content\/uploads\/2026\/09\/Ernesto-Cerda-Serna-11-150x150.png 150w\" sizes=\"auto, (max-width: 320px) 100vw, 320px\" loading=\"lazy\" decoding=\"async\" \/><\/a><\/figure>\n\n<h2 style=\"font-size:27px\" class=\"wp-block-post-title\"><a href=\"https:\/\/arjenoticias.com.mx\/opinion\/parte-del-adn-del-ser-humano\/\" target=\"_self\" >Parte del ADN del ser humano<\/a><\/h2>\n\n\n<div class=\"wp-block-group is-nowrap is-layout-flex wp-container-core-group-is-layout-c694217f wp-block-group-is-layout-flex\"><div style=\"color:#404040;font-size:12px\" class=\"has-link-color wp-elements-34 wp-block-post-author-name has-text-color\">Ernesto Cerda Serna<\/div>\n\n<div style=\"color:#404040;font-size:12px\" class=\"has-link-color wp-elements-35 wp-block-post-date has-text-color\"><time datetime=\"2026-09-04T10:39:01-06:00\">septiembre 4, 2026<\/time><\/div><\/div>\n\n\n<div style=\"color:#404040;font-size:16px\" class=\"has-link-color wp-elements-36 wp-block-post-excerpt has-text-color\"><p class=\"wp-block-post-excerpt__excerpt\">El intento de clausurar el debate sobre la corrupci\u00f3n apelando a una supuesta \u00abbondad id\u00edlica\u00bb original del ser humano resulta metodol\u00f3gicamente insostenible. Un examen riguroso de la historia de las instituciones occidentales y orientales revela que la construcci\u00f3n del Estado no parti\u00f3 de la base de una fraternidad espont\u00e1nea, sino del reconocimiento expl\u00edcito de nuestra&hellip;<\/p><p class=\"wp-block-post-excerpt__more-text\"><a class=\"wp-block-post-excerpt__more-link\" href=\"https:\/\/arjenoticias.com.mx\/opinion\/parte-del-adn-del-ser-humano\/\">Read More<\/a><\/p><\/div><\/div>\n\n<\/li><li class=\"wp-block-post post-17804 post type-post status-publish format-standard has-post-thumbnail hentry category-lo-mas-relevante tag-pobres-compra-votos\">\n\n<div class=\"wp-block-group is-layout-flow wp-container-core-group-is-layout-eedad820 wp-block-group-is-layout-flow\" style=\"margin-top:0;margin-bottom:0;padding-top:0px;padding-right:0px;padding-bottom:0px;padding-left:0px\"><figure class=\"wp-block-post-featured-image\"><a href=\"https:\/\/arjenoticias.com.mx\/lo-mas-relevante\/la-pobreza-organiza-el-voto-la-violencia-la-abstencion\/\" target=\"_self\" ><img loading=\"lazy\" width=\"600\" height=\"400\" src=\"https:\/\/arjenoticias.com.mx\/wp-content\/uploads\/2026\/09\/Carlos-Hernandez-Torres-6.png\" class=\"attachment-post-thumbnail size-post-thumbnail wp-post-image\" alt=\"La pobreza organiza el voto; la violencia, la abstenci\u00f3n\" style=\"aspect-ratio:3\/2;width:100%;object-fit:cover;\" srcset=\"https:\/\/arjenoticias.com.mx\/wp-content\/uploads\/2026\/09\/Carlos-Hernandez-Torres-6.png 600w, https:\/\/arjenoticias.com.mx\/wp-content\/uploads\/2026\/09\/Carlos-Hernandez-Torres-6-300x200.png 300w\" sizes=\"auto, (max-width: 600px) 100vw, 600px\" loading=\"lazy\" decoding=\"async\" \/><\/a><\/figure>\n\n<h2 style=\"font-size:27px\" class=\"wp-block-post-title\"><a href=\"https:\/\/arjenoticias.com.mx\/lo-mas-relevante\/la-pobreza-organiza-el-voto-la-violencia-la-abstencion\/\" target=\"_self\" >La pobreza organiza el voto; la violencia, la abstenci\u00f3n<\/a><\/h2>\n\n\n<div class=\"wp-block-group is-nowrap is-layout-flex wp-container-core-group-is-layout-c694217f wp-block-group-is-layout-flex\"><div style=\"color:#404040;font-size:12px\" class=\"has-link-color wp-elements-37 wp-block-post-author-name has-text-color\">Carlos Hernandez Torres<\/div>\n\n<div style=\"color:#404040;font-size:12px\" class=\"has-link-color wp-elements-38 wp-block-post-date has-text-color\"><time datetime=\"2026-09-04T09:45:35-06:00\">septiembre 4, 2026<\/time><\/div><\/div>\n\n\n<div style=\"color:#404040;font-size:16px\" class=\"has-link-color wp-elements-39 wp-block-post-excerpt has-text-color\"><p class=\"wp-block-post-excerpt__excerpt\">Casi todos damos por sentadas tres ideas sobre pol\u00edtica que suenan tan razonables que pocas veces las&nbsp; cuestionamos: que la inseguridad le pasa factura a quien gobierna, que la pobreza compra votos y que el&nbsp; crimen y la marginaci\u00f3n son, m\u00e1s o menos, la misma mancha sobre el mapa. De hecho, la justificaci\u00f3n de&nbsp; la&hellip;<\/p><p class=\"wp-block-post-excerpt__more-text\"><a class=\"wp-block-post-excerpt__more-link\" href=\"https:\/\/arjenoticias.com.mx\/lo-mas-relevante\/la-pobreza-organiza-el-voto-la-violencia-la-abstencion\/\">Read More<\/a><\/p><\/div><\/div>\n\n<\/li><li class=\"wp-block-post post-17800 post type-post status-publish format-standard has-post-thumbnail hentry category-opinion tag-2do-informe-de-sheinbaum\">\n\n<div class=\"wp-block-group is-layout-flow wp-container-core-group-is-layout-eedad820 wp-block-group-is-layout-flow\" style=\"margin-top:0;margin-bottom:0;padding-top:0px;padding-right:0px;padding-bottom:0px;padding-left:0px\"><figure class=\"wp-block-post-featured-image\"><a href=\"https:\/\/arjenoticias.com.mx\/opinion\/no-le-mueven-ni-una-coma-punto\/\" target=\"_self\" ><img loading=\"lazy\" width=\"320\" height=\"320\" src=\"https:\/\/arjenoticias.com.mx\/wp-content\/uploads\/2026\/09\/Juan-Antonio-Garcia-Villa-25.png\" class=\"attachment-post-thumbnail size-post-thumbnail wp-post-image\" alt=\"No le mueven ni una coma\u201d. Punto\" style=\"aspect-ratio:3\/2;width:100%;object-fit:cover;\" srcset=\"https:\/\/arjenoticias.com.mx\/wp-content\/uploads\/2026\/09\/Juan-Antonio-Garcia-Villa-25.png 320w, https:\/\/arjenoticias.com.mx\/wp-content\/uploads\/2026\/09\/Juan-Antonio-Garcia-Villa-25-300x300.png 300w, https:\/\/arjenoticias.com.mx\/wp-content\/uploads\/2026\/09\/Juan-Antonio-Garcia-Villa-25-150x150.png 150w\" sizes=\"auto, (max-width: 320px) 100vw, 320px\" loading=\"lazy\" decoding=\"async\" \/><\/a><\/figure>\n\n<h2 style=\"font-size:27px\" class=\"wp-block-post-title\"><a href=\"https:\/\/arjenoticias.com.mx\/opinion\/no-le-mueven-ni-una-coma-punto\/\" target=\"_self\" >No le mueven ni una coma\u201d. Punto<\/a><\/h2>\n\n\n<div class=\"wp-block-group is-nowrap is-layout-flex wp-container-core-group-is-layout-c694217f wp-block-group-is-layout-flex\"><div style=\"color:#404040;font-size:12px\" class=\"has-link-color wp-elements-40 wp-block-post-author-name has-text-color\">Juan Antonio Garc\u00eda Villa<\/div>\n\n<div style=\"color:#404040;font-size:12px\" class=\"has-link-color wp-elements-41 wp-block-post-date has-text-color\"><time datetime=\"2026-09-04T09:34:53-06:00\">septiembre 4, 2026<\/time><\/div><\/div>\n\n\n<div style=\"color:#404040;font-size:16px\" class=\"has-link-color wp-elements-42 wp-block-post-excerpt has-text-color\"><p class=\"wp-block-post-excerpt__excerpt\">Sucedi\u00f3 que a la plenaria de los diputados de Morena, realizada el pasado fin de semana, acudi\u00f3 la consejera jur\u00eddica de la Presidencia, Luisa Mar\u00eda Alcalde. Asisti\u00f3 con el fin de darles a conocer las prioridades legislativas del Ejecutivo para el pr\u00f3ximo periodo de sesiones del Congreso. E inesperadamente ocurri\u00f3 entonces lo impensable. De tantos&hellip;<\/p><p class=\"wp-block-post-excerpt__more-text\"><a class=\"wp-block-post-excerpt__more-link\" href=\"https:\/\/arjenoticias.com.mx\/opinion\/no-le-mueven-ni-una-coma-punto\/\">Read More<\/a><\/p><\/div><\/div>\n\n<\/li><\/ul><\/div>\n<\/div>\n\n\n\n<div class=\"wp-block-query is-layout-flow wp-block-query-is-layout-flow\">\n<div class=\"wp-block-group has-global-padding is-layout-constrained wp-container-core-group-is-layout-9b333905 wp-block-group-is-layout-constrained\" style=\"margin-bottom:20px\">\n<h2 class=\"wp-block-heading alignwide\">Post Full<\/h2>\n\n\n<ul class=\"columns-1 alignwide wp-block-post-template is-layout-grid wp-container-core-post-template-is-layout-0a162838 wp-block-post-template-is-layout-grid\"><li class=\"wp-block-post post-17818 post type-post status-publish format-standard has-post-thumbnail hentry category-politica tag-2do-informe-de-sheinbaum\">\n\n<div class=\"wp-block-group is-layout-flow wp-container-core-group-is-layout-eedad820 wp-block-group-is-layout-flow\" style=\"margin-top:0;margin-bottom:0;padding-top:0px;padding-right:0px;padding-bottom:0px;padding-left:0px\"><h2 style=\"font-size:27px\" class=\"wp-block-post-title\"><a href=\"https:\/\/arjenoticias.com.mx\/politica\/el-informe-de-sheinbaum-oculto-mas-de-lo-que-expuso\/\" target=\"_self\" >El Informe de Sheinbaum ocult\u00f3 m\u00e1s de lo que expuso\u00a0<\/a><\/h2>\n\n\n<div class=\"wp-block-group is-nowrap is-layout-flex wp-container-core-group-is-layout-c694217f wp-block-group-is-layout-flex\">\n\n<div style=\"color:#404040;font-size:12px\" class=\"has-link-color wp-elements-44 wp-block-post-date has-text-color\"><time datetime=\"2026-09-05T10:04:33-06:00\">septiembre 5, 2026<\/time><\/div><\/div>\n\n\n<figure class=\"wp-block-post-featured-image\"><a href=\"https:\/\/arjenoticias.com.mx\/politica\/el-informe-de-sheinbaum-oculto-mas-de-lo-que-expuso\/\" target=\"_self\" ><img loading=\"lazy\" width=\"320\" height=\"320\" src=\"https:\/\/arjenoticias.com.mx\/wp-content\/uploads\/2026\/09\/Marcos-Perez-Esquer-14.png\" class=\"attachment-post-thumbnail size-post-thumbnail wp-post-image\" alt=\"El Informe de Sheinbaum ocult\u00f3 m\u00e1s de lo que expuso\u00a0\" style=\"aspect-ratio:3\/2;width:100%;object-fit:cover;\" srcset=\"https:\/\/arjenoticias.com.mx\/wp-content\/uploads\/2026\/09\/Marcos-Perez-Esquer-14.png 320w, https:\/\/arjenoticias.com.mx\/wp-content\/uploads\/2026\/09\/Marcos-Perez-Esquer-14-300x300.png 300w, https:\/\/arjenoticias.com.mx\/wp-content\/uploads\/2026\/09\/Marcos-Perez-Esquer-14-150x150.png 150w\" sizes=\"auto, (max-width: 320px) 100vw, 320px\" loading=\"lazy\" decoding=\"async\" \/><\/a><\/figure>\n\n<div style=\"color:#404040;font-size:16px\" class=\"has-link-color wp-elements-45 wp-block-post-excerpt has-text-color\"><p class=\"wp-block-post-excerpt__excerpt\"><\/p><p class=\"wp-block-post-excerpt__more-text\"><a class=\"wp-block-post-excerpt__more-link\" href=\"https:\/\/arjenoticias.com.mx\/politica\/el-informe-de-sheinbaum-oculto-mas-de-lo-que-expuso\/\">Read More<\/a><\/p><\/div><\/div>\n\n<\/li><li class=\"wp-block-post post-17816 post type-post status-publish format-standard has-post-thumbnail hentry category-opinion tag-soberania-hueca-de-mexico\">\n\n<div class=\"wp-block-group is-layout-flow wp-container-core-group-is-layout-eedad820 wp-block-group-is-layout-flow\" style=\"margin-top:0;margin-bottom:0;padding-top:0px;padding-right:0px;padding-bottom:0px;padding-left:0px\"><h2 style=\"font-size:27px\" class=\"wp-block-post-title\"><a href=\"https:\/\/arjenoticias.com.mx\/opinion\/la-soberania-en-entredicho-2\/\" target=\"_self\" >La Soberan\u00eda en entredicho<\/a><\/h2>\n\n\n<div class=\"wp-block-group is-nowrap is-layout-flex wp-container-core-group-is-layout-c694217f wp-block-group-is-layout-flex\">\n\n<div style=\"color:#404040;font-size:12px\" class=\"has-link-color wp-elements-47 wp-block-post-date has-text-color\"><time datetime=\"2026-09-04T12:16:47-06:00\">septiembre 4, 2026<\/time><\/div><\/div>\n\n\n<figure class=\"wp-block-post-featured-image\"><a href=\"https:\/\/arjenoticias.com.mx\/opinion\/la-soberania-en-entredicho-2\/\" target=\"_self\" ><img loading=\"lazy\" width=\"600\" height=\"400\" src=\"https:\/\/arjenoticias.com.mx\/wp-content\/uploads\/2026\/09\/Rafael-Morgan-19-1.png\" class=\"attachment-post-thumbnail size-post-thumbnail wp-post-image\" alt=\"La Soberan\u00eda en entredicho\" style=\"aspect-ratio:3\/2;width:100%;object-fit:cover;\" srcset=\"https:\/\/arjenoticias.com.mx\/wp-content\/uploads\/2026\/09\/Rafael-Morgan-19-1.png 600w, https:\/\/arjenoticias.com.mx\/wp-content\/uploads\/2026\/09\/Rafael-Morgan-19-1-300x200.png 300w\" sizes=\"auto, (max-width: 600px) 100vw, 600px\" loading=\"lazy\" decoding=\"async\" \/><\/a><\/figure>\n\n<div style=\"color:#404040;font-size:16px\" class=\"has-link-color wp-elements-48 wp-block-post-excerpt has-text-color\"><p class=\"wp-block-post-excerpt__excerpt\">Por Rafael Morgan. Uno de los recursos favoritos de la Presidente Sheinbaum en defensa de su&nbsp;gobierno, principalmente frente al gobierno de E.U. y el presidente Trump, es \u201cla&nbsp; defensa de la soberan\u00eda nacional\u201d, que mucho le sirve para denostar y atacar a la&nbsp; supuesta \u201cderecha mexicana\u201d representada por la oposici\u00f3n pol\u00edtica, el sector&nbsp; empresarial y&hellip;<\/p><p class=\"wp-block-post-excerpt__more-text\"><a class=\"wp-block-post-excerpt__more-link\" href=\"https:\/\/arjenoticias.com.mx\/opinion\/la-soberania-en-entredicho-2\/\">Read More<\/a><\/p><\/div><\/div>\n\n<\/li><li class=\"wp-block-post post-17812 post type-post status-publish format-standard has-post-thumbnail hentry category-opinion tag-soberania-hueca-de-mexico\">\n\n<div class=\"wp-block-group is-layout-flow wp-container-core-group-is-layout-eedad820 wp-block-group-is-layout-flow\" style=\"margin-top:0;margin-bottom:0;padding-top:0px;padding-right:0px;padding-bottom:0px;padding-left:0px\"><h2 style=\"font-size:27px\" class=\"wp-block-post-title\"><a href=\"https:\/\/arjenoticias.com.mx\/opinion\/la-soberania-en-entredicho\/\" target=\"_self\" >La Soberan\u00eda en entredicho<\/a><\/h2>\n\n\n<div class=\"wp-block-group is-nowrap is-layout-flex wp-container-core-group-is-layout-c694217f wp-block-group-is-layout-flex\"><div style=\"color:#404040;font-size:12px\" class=\"has-link-color wp-elements-49 wp-block-post-author-name has-text-color\">Rafael Morgan Rios<\/div>\n\n<div style=\"color:#404040;font-size:12px\" class=\"has-link-color wp-elements-50 wp-block-post-date has-text-color\"><time datetime=\"2026-09-04T12:16:47-06:00\">septiembre 4, 2026<\/time><\/div><\/div>\n\n\n<figure class=\"wp-block-post-featured-image\"><a href=\"https:\/\/arjenoticias.com.mx\/opinion\/la-soberania-en-entredicho\/\" target=\"_self\" ><img loading=\"lazy\" width=\"600\" height=\"400\" src=\"https:\/\/arjenoticias.com.mx\/wp-content\/uploads\/2026\/09\/Rafael-Morgan-19.png\" class=\"attachment-post-thumbnail size-post-thumbnail wp-post-image\" alt=\"La Soberan\u00eda en entredicho\" style=\"aspect-ratio:3\/2;width:100%;object-fit:cover;\" srcset=\"https:\/\/arjenoticias.com.mx\/wp-content\/uploads\/2026\/09\/Rafael-Morgan-19.png 600w, https:\/\/arjenoticias.com.mx\/wp-content\/uploads\/2026\/09\/Rafael-Morgan-19-300x200.png 300w\" sizes=\"auto, (max-width: 600px) 100vw, 600px\" loading=\"lazy\" decoding=\"async\" \/><\/a><\/figure>\n\n<div style=\"color:#404040;font-size:16px\" class=\"has-link-color wp-elements-51 wp-block-post-excerpt has-text-color\"><p class=\"wp-block-post-excerpt__excerpt\">Por Rafael Morgan Uno de los recursos favoritos de la Presidente Sheinbaum en defensa de su\u00a0gobierno, principalmente frente al gobierno de E.U. y el presidente Trump, es \u201cla\u00a0 defensa de la soberan\u00eda nacional\u201d, que mucho le sirve para denostar y atacar a la\u00a0 supuesta \u201cderecha mexicana\u201d representada por la oposici\u00f3n pol\u00edtica, el sector\u00a0 empresarial y&hellip;<\/p><p class=\"wp-block-post-excerpt__more-text\"><a class=\"wp-block-post-excerpt__more-link\" href=\"https:\/\/arjenoticias.com.mx\/opinion\/la-soberania-en-entredicho\/\">Read More<\/a><\/p><\/div><\/div>\n\n<\/li><li class=\"wp-block-post post-17809 post type-post status-publish format-standard has-post-thumbnail hentry category-opinion tag-corrupcion\">\n\n<div class=\"wp-block-group is-layout-flow wp-container-core-group-is-layout-eedad820 wp-block-group-is-layout-flow\" style=\"margin-top:0;margin-bottom:0;padding-top:0px;padding-right:0px;padding-bottom:0px;padding-left:0px\"><h2 style=\"font-size:27px\" class=\"wp-block-post-title\"><a href=\"https:\/\/arjenoticias.com.mx\/opinion\/parte-del-adn-del-ser-humano\/\" target=\"_self\" >Parte del ADN del ser humano<\/a><\/h2>\n\n\n<div class=\"wp-block-group is-nowrap is-layout-flex wp-container-core-group-is-layout-c694217f wp-block-group-is-layout-flex\"><div style=\"color:#404040;font-size:12px\" class=\"has-link-color wp-elements-52 wp-block-post-author-name has-text-color\">Ernesto Cerda Serna<\/div>\n\n<div style=\"color:#404040;font-size:12px\" class=\"has-link-color wp-elements-53 wp-block-post-date has-text-color\"><time datetime=\"2026-09-04T10:39:01-06:00\">septiembre 4, 2026<\/time><\/div><\/div>\n\n\n<figure class=\"wp-block-post-featured-image\"><a href=\"https:\/\/arjenoticias.com.mx\/opinion\/parte-del-adn-del-ser-humano\/\" target=\"_self\" ><img loading=\"lazy\" width=\"320\" height=\"320\" src=\"https:\/\/arjenoticias.com.mx\/wp-content\/uploads\/2026\/09\/Ernesto-Cerda-Serna-11.png\" class=\"attachment-post-thumbnail size-post-thumbnail wp-post-image\" alt=\"Parte del ADN del ser humano\" style=\"aspect-ratio:3\/2;width:100%;object-fit:cover;\" srcset=\"https:\/\/arjenoticias.com.mx\/wp-content\/uploads\/2026\/09\/Ernesto-Cerda-Serna-11.png 320w, https:\/\/arjenoticias.com.mx\/wp-content\/uploads\/2026\/09\/Ernesto-Cerda-Serna-11-300x300.png 300w, https:\/\/arjenoticias.com.mx\/wp-content\/uploads\/2026\/09\/Ernesto-Cerda-Serna-11-150x150.png 150w\" sizes=\"auto, (max-width: 320px) 100vw, 320px\" loading=\"lazy\" decoding=\"async\" \/><\/a><\/figure>\n\n<div style=\"color:#404040;font-size:16px\" class=\"has-link-color wp-elements-54 wp-block-post-excerpt has-text-color\"><p class=\"wp-block-post-excerpt__excerpt\">El intento de clausurar el debate sobre la corrupci\u00f3n apelando a una supuesta \u00abbondad id\u00edlica\u00bb original del ser humano resulta metodol\u00f3gicamente insostenible. Un examen riguroso de la historia de las instituciones occidentales y orientales revela que la construcci\u00f3n del Estado no parti\u00f3 de la base de una fraternidad espont\u00e1nea, sino del reconocimiento expl\u00edcito de nuestra&hellip;<\/p><p class=\"wp-block-post-excerpt__more-text\"><a class=\"wp-block-post-excerpt__more-link\" href=\"https:\/\/arjenoticias.com.mx\/opinion\/parte-del-adn-del-ser-humano\/\">Read More<\/a><\/p><\/div><\/div>\n\n<\/li><li class=\"wp-block-post post-17804 post type-post status-publish format-standard has-post-thumbnail hentry category-lo-mas-relevante tag-pobres-compra-votos\">\n\n<div class=\"wp-block-group is-layout-flow wp-container-core-group-is-layout-eedad820 wp-block-group-is-layout-flow\" style=\"margin-top:0;margin-bottom:0;padding-top:0px;padding-right:0px;padding-bottom:0px;padding-left:0px\"><h2 style=\"font-size:27px\" class=\"wp-block-post-title\"><a href=\"https:\/\/arjenoticias.com.mx\/lo-mas-relevante\/la-pobreza-organiza-el-voto-la-violencia-la-abstencion\/\" target=\"_self\" >La pobreza organiza el voto; la violencia, la abstenci\u00f3n<\/a><\/h2>\n\n\n<div class=\"wp-block-group is-nowrap is-layout-flex wp-container-core-group-is-layout-c694217f wp-block-group-is-layout-flex\"><div style=\"color:#404040;font-size:12px\" class=\"has-link-color wp-elements-55 wp-block-post-author-name has-text-color\">Carlos Hernandez Torres<\/div>\n\n<div style=\"color:#404040;font-size:12px\" class=\"has-link-color wp-elements-56 wp-block-post-date has-text-color\"><time datetime=\"2026-09-04T09:45:35-06:00\">septiembre 4, 2026<\/time><\/div><\/div>\n\n\n<figure class=\"wp-block-post-featured-image\"><a href=\"https:\/\/arjenoticias.com.mx\/lo-mas-relevante\/la-pobreza-organiza-el-voto-la-violencia-la-abstencion\/\" target=\"_self\" ><img loading=\"lazy\" width=\"600\" height=\"400\" src=\"https:\/\/arjenoticias.com.mx\/wp-content\/uploads\/2026\/09\/Carlos-Hernandez-Torres-6.png\" class=\"attachment-post-thumbnail size-post-thumbnail wp-post-image\" alt=\"La pobreza organiza el voto; la violencia, la abstenci\u00f3n\" style=\"aspect-ratio:3\/2;width:100%;object-fit:cover;\" srcset=\"https:\/\/arjenoticias.com.mx\/wp-content\/uploads\/2026\/09\/Carlos-Hernandez-Torres-6.png 600w, https:\/\/arjenoticias.com.mx\/wp-content\/uploads\/2026\/09\/Carlos-Hernandez-Torres-6-300x200.png 300w\" sizes=\"auto, (max-width: 600px) 100vw, 600px\" loading=\"lazy\" decoding=\"async\" \/><\/a><\/figure>\n\n<div style=\"color:#404040;font-size:16px\" class=\"has-link-color wp-elements-57 wp-block-post-excerpt has-text-color\"><p class=\"wp-block-post-excerpt__excerpt\">Casi todos damos por sentadas tres ideas sobre pol\u00edtica que suenan tan razonables que pocas veces las&nbsp; cuestionamos: que la inseguridad le pasa factura a quien gobierna, que la pobreza compra votos y que el&nbsp; crimen y la marginaci\u00f3n son, m\u00e1s o menos, la misma mancha sobre el mapa. De hecho, la justificaci\u00f3n de&nbsp; la&hellip;<\/p><p class=\"wp-block-post-excerpt__more-text\"><a class=\"wp-block-post-excerpt__more-link\" href=\"https:\/\/arjenoticias.com.mx\/lo-mas-relevante\/la-pobreza-organiza-el-voto-la-violencia-la-abstencion\/\">Read More<\/a><\/p><\/div><\/div>\n\n<\/li><li class=\"wp-block-post post-17800 post type-post status-publish format-standard has-post-thumbnail hentry category-opinion tag-2do-informe-de-sheinbaum\">\n\n<div class=\"wp-block-group is-layout-flow wp-container-core-group-is-layout-eedad820 wp-block-group-is-layout-flow\" style=\"margin-top:0;margin-bottom:0;padding-top:0px;padding-right:0px;padding-bottom:0px;padding-left:0px\"><h2 style=\"font-size:27px\" class=\"wp-block-post-title\"><a href=\"https:\/\/arjenoticias.com.mx\/opinion\/no-le-mueven-ni-una-coma-punto\/\" target=\"_self\" >No le mueven ni una coma\u201d. Punto<\/a><\/h2>\n\n\n<div class=\"wp-block-group is-nowrap is-layout-flex wp-container-core-group-is-layout-c694217f wp-block-group-is-layout-flex\"><div style=\"color:#404040;font-size:12px\" class=\"has-link-color wp-elements-58 wp-block-post-author-name has-text-color\">Juan Antonio Garc\u00eda Villa<\/div>\n\n<div style=\"color:#404040;font-size:12px\" class=\"has-link-color wp-elements-59 wp-block-post-date has-text-color\"><time datetime=\"2026-09-04T09:34:53-06:00\">septiembre 4, 2026<\/time><\/div><\/div>\n\n\n<figure class=\"wp-block-post-featured-image\"><a href=\"https:\/\/arjenoticias.com.mx\/opinion\/no-le-mueven-ni-una-coma-punto\/\" target=\"_self\" ><img loading=\"lazy\" width=\"320\" height=\"320\" src=\"https:\/\/arjenoticias.com.mx\/wp-content\/uploads\/2026\/09\/Juan-Antonio-Garcia-Villa-25.png\" class=\"attachment-post-thumbnail size-post-thumbnail wp-post-image\" alt=\"No le mueven ni una coma\u201d. Punto\" style=\"aspect-ratio:3\/2;width:100%;object-fit:cover;\" srcset=\"https:\/\/arjenoticias.com.mx\/wp-content\/uploads\/2026\/09\/Juan-Antonio-Garcia-Villa-25.png 320w, https:\/\/arjenoticias.com.mx\/wp-content\/uploads\/2026\/09\/Juan-Antonio-Garcia-Villa-25-300x300.png 300w, https:\/\/arjenoticias.com.mx\/wp-content\/uploads\/2026\/09\/Juan-Antonio-Garcia-Villa-25-150x150.png 150w\" sizes=\"auto, (max-width: 320px) 100vw, 320px\" loading=\"lazy\" decoding=\"async\" \/><\/a><\/figure>\n\n<div style=\"color:#404040;font-size:16px\" class=\"has-link-color wp-elements-60 wp-block-post-excerpt has-text-color\"><p class=\"wp-block-post-excerpt__excerpt\">Sucedi\u00f3 que a la plenaria de los diputados de Morena, realizada el pasado fin de semana, acudi\u00f3 la consejera jur\u00eddica de la Presidencia, Luisa Mar\u00eda Alcalde. Asisti\u00f3 con el fin de darles a conocer las prioridades legislativas del Ejecutivo para el pr\u00f3ximo periodo de sesiones del Congreso. E inesperadamente ocurri\u00f3 entonces lo impensable. De tantos&hellip;<\/p><p class=\"wp-block-post-excerpt__more-text\"><a class=\"wp-block-post-excerpt__more-link\" href=\"https:\/\/arjenoticias.com.mx\/opinion\/no-le-mueven-ni-una-coma-punto\/\">Read More<\/a><\/p><\/div><\/div>\n\n<\/li><\/ul><\/div>\n<\/div>\n\n\n\n<div class=\"wp-block-query is-layout-flow wp-block-query-is-layout-flow\">\n<div class=\"wp-block-group has-global-padding is-layout-constrained wp-container-core-group-is-layout-9b333905 wp-block-group-is-layout-constrained\" style=\"margin-bottom:20px\">\n<h2 class=\"wp-block-heading alignwide\">Post Grid<\/h2>\n\n\n<ul class=\"columns-2 alignwide wp-block-post-template is-layout-grid wp-container-core-post-template-is-layout-9b35ac95 wp-block-post-template-is-layout-grid\"><li class=\"wp-block-post post-17818 post type-post status-publish format-standard has-post-thumbnail hentry category-politica tag-2do-informe-de-sheinbaum\">\n\n<div class=\"wp-block-group is-layout-flow wp-container-core-group-is-layout-eedad820 wp-block-group-is-layout-flow\" style=\"margin-top:0;margin-bottom:0;padding-top:0px;padding-right:0px;padding-bottom:0px;padding-left:0px\"><figure class=\"wp-block-post-featured-image\"><a href=\"https:\/\/arjenoticias.com.mx\/politica\/el-informe-de-sheinbaum-oculto-mas-de-lo-que-expuso\/\" target=\"_self\" ><img loading=\"lazy\" width=\"320\" height=\"320\" src=\"https:\/\/arjenoticias.com.mx\/wp-content\/uploads\/2026\/09\/Marcos-Perez-Esquer-14.png\" class=\"attachment-post-thumbnail size-post-thumbnail wp-post-image\" alt=\"El Informe de Sheinbaum ocult\u00f3 m\u00e1s de lo que expuso\u00a0\" style=\"aspect-ratio:3\/2;width:100%;object-fit:cover;\" srcset=\"https:\/\/arjenoticias.com.mx\/wp-content\/uploads\/2026\/09\/Marcos-Perez-Esquer-14.png 320w, https:\/\/arjenoticias.com.mx\/wp-content\/uploads\/2026\/09\/Marcos-Perez-Esquer-14-300x300.png 300w, https:\/\/arjenoticias.com.mx\/wp-content\/uploads\/2026\/09\/Marcos-Perez-Esquer-14-150x150.png 150w\" sizes=\"auto, (max-width: 320px) 100vw, 320px\" loading=\"lazy\" decoding=\"async\" \/><\/a><\/figure>\n\n<h2 class=\"wp-block-post-title has-medium-font-size\"><a href=\"https:\/\/arjenoticias.com.mx\/politica\/el-informe-de-sheinbaum-oculto-mas-de-lo-que-expuso\/\" target=\"_self\" >El Informe de Sheinbaum ocult\u00f3 m\u00e1s de lo que expuso\u00a0<\/a><\/h2>\n\n\n<div class=\"wp-block-group is-nowrap is-layout-flex wp-container-core-group-is-layout-c694217f wp-block-group-is-layout-flex\">\n\n<div style=\"color:#404040;font-size:12px\" class=\"has-link-color wp-elements-62 wp-block-post-date has-text-color\"><time datetime=\"2026-09-05T10:04:33-06:00\">septiembre 5, 2026<\/time><\/div><\/div>\n\n\n<div style=\"font-size:16px\" class=\"wp-block-post-excerpt\"><p class=\"wp-block-post-excerpt__excerpt\"><\/p><p class=\"wp-block-post-excerpt__more-text\"><a class=\"wp-block-post-excerpt__more-link\" href=\"https:\/\/arjenoticias.com.mx\/politica\/el-informe-de-sheinbaum-oculto-mas-de-lo-que-expuso\/\">Read More<\/a><\/p><\/div><\/div>\n\n<\/li><li class=\"wp-block-post post-17816 post type-post status-publish format-standard has-post-thumbnail hentry category-opinion tag-soberania-hueca-de-mexico\">\n\n<div class=\"wp-block-group is-layout-flow wp-container-core-group-is-layout-eedad820 wp-block-group-is-layout-flow\" style=\"margin-top:0;margin-bottom:0;padding-top:0px;padding-right:0px;padding-bottom:0px;padding-left:0px\"><figure class=\"wp-block-post-featured-image\"><a href=\"https:\/\/arjenoticias.com.mx\/opinion\/la-soberania-en-entredicho-2\/\" target=\"_self\" ><img loading=\"lazy\" width=\"600\" height=\"400\" src=\"https:\/\/arjenoticias.com.mx\/wp-content\/uploads\/2026\/09\/Rafael-Morgan-19-1.png\" class=\"attachment-post-thumbnail size-post-thumbnail wp-post-image\" alt=\"La Soberan\u00eda en entredicho\" style=\"aspect-ratio:3\/2;width:100%;object-fit:cover;\" srcset=\"https:\/\/arjenoticias.com.mx\/wp-content\/uploads\/2026\/09\/Rafael-Morgan-19-1.png 600w, https:\/\/arjenoticias.com.mx\/wp-content\/uploads\/2026\/09\/Rafael-Morgan-19-1-300x200.png 300w\" sizes=\"auto, (max-width: 600px) 100vw, 600px\" loading=\"lazy\" decoding=\"async\" \/><\/a><\/figure>\n\n<h2 class=\"wp-block-post-title has-medium-font-size\"><a href=\"https:\/\/arjenoticias.com.mx\/opinion\/la-soberania-en-entredicho-2\/\" target=\"_self\" >La Soberan\u00eda en entredicho<\/a><\/h2>\n\n\n<div class=\"wp-block-group is-nowrap is-layout-flex wp-container-core-group-is-layout-c694217f wp-block-group-is-layout-flex\">\n\n<div style=\"color:#404040;font-size:12px\" class=\"has-link-color wp-elements-64 wp-block-post-date has-text-color\"><time datetime=\"2026-09-04T12:16:47-06:00\">septiembre 4, 2026<\/time><\/div><\/div>\n\n\n<div style=\"font-size:16px\" class=\"wp-block-post-excerpt\"><p class=\"wp-block-post-excerpt__excerpt\">Por Rafael Morgan. Uno de los recursos favoritos de la Presidente Sheinbaum en defensa de su&nbsp;gobierno, principalmente frente al gobierno de E.U. y el presidente Trump, es \u201cla&nbsp; defensa de la soberan\u00eda nacional\u201d, que mucho le sirve para denostar y atacar a la&nbsp; supuesta \u201cderecha mexicana\u201d representada por la oposici\u00f3n pol\u00edtica, el sector&nbsp; empresarial y&hellip;<\/p><p class=\"wp-block-post-excerpt__more-text\"><a class=\"wp-block-post-excerpt__more-link\" href=\"https:\/\/arjenoticias.com.mx\/opinion\/la-soberania-en-entredicho-2\/\">Read More<\/a><\/p><\/div><\/div>\n\n<\/li><li class=\"wp-block-post post-17812 post type-post status-publish format-standard has-post-thumbnail hentry category-opinion tag-soberania-hueca-de-mexico\">\n\n<div class=\"wp-block-group is-layout-flow wp-container-core-group-is-layout-eedad820 wp-block-group-is-layout-flow\" style=\"margin-top:0;margin-bottom:0;padding-top:0px;padding-right:0px;padding-bottom:0px;padding-left:0px\"><figure class=\"wp-block-post-featured-image\"><a href=\"https:\/\/arjenoticias.com.mx\/opinion\/la-soberania-en-entredicho\/\" target=\"_self\" ><img loading=\"lazy\" width=\"600\" height=\"400\" src=\"https:\/\/arjenoticias.com.mx\/wp-content\/uploads\/2026\/09\/Rafael-Morgan-19.png\" class=\"attachment-post-thumbnail size-post-thumbnail wp-post-image\" alt=\"La Soberan\u00eda en entredicho\" style=\"aspect-ratio:3\/2;width:100%;object-fit:cover;\" srcset=\"https:\/\/arjenoticias.com.mx\/wp-content\/uploads\/2026\/09\/Rafael-Morgan-19.png 600w, https:\/\/arjenoticias.com.mx\/wp-content\/uploads\/2026\/09\/Rafael-Morgan-19-300x200.png 300w\" sizes=\"auto, (max-width: 600px) 100vw, 600px\" loading=\"lazy\" decoding=\"async\" \/><\/a><\/figure>\n\n<h2 class=\"wp-block-post-title has-medium-font-size\"><a href=\"https:\/\/arjenoticias.com.mx\/opinion\/la-soberania-en-entredicho\/\" target=\"_self\" >La Soberan\u00eda en entredicho<\/a><\/h2>\n\n\n<div class=\"wp-block-group is-nowrap is-layout-flex wp-container-core-group-is-layout-c694217f wp-block-group-is-layout-flex\"><div style=\"color:#404040;font-size:12px\" class=\"has-link-color wp-elements-65 wp-block-post-author-name has-text-color\">Rafael Morgan Rios<\/div>\n\n<div style=\"color:#404040;font-size:12px\" class=\"has-link-color wp-elements-66 wp-block-post-date has-text-color\"><time datetime=\"2026-09-04T12:16:47-06:00\">septiembre 4, 2026<\/time><\/div><\/div>\n\n\n<div style=\"font-size:16px\" class=\"wp-block-post-excerpt\"><p class=\"wp-block-post-excerpt__excerpt\">Por Rafael Morgan Uno de los recursos favoritos de la Presidente Sheinbaum en defensa de su\u00a0gobierno, principalmente frente al gobierno de E.U. y el presidente Trump, es \u201cla\u00a0 defensa de la soberan\u00eda nacional\u201d, que mucho le sirve para denostar y atacar a la\u00a0 supuesta \u201cderecha mexicana\u201d representada por la oposici\u00f3n pol\u00edtica, el sector\u00a0 empresarial y&hellip;<\/p><p class=\"wp-block-post-excerpt__more-text\"><a class=\"wp-block-post-excerpt__more-link\" href=\"https:\/\/arjenoticias.com.mx\/opinion\/la-soberania-en-entredicho\/\">Read More<\/a><\/p><\/div><\/div>\n\n<\/li><li class=\"wp-block-post post-17809 post type-post status-publish format-standard has-post-thumbnail hentry category-opinion tag-corrupcion\">\n\n<div class=\"wp-block-group is-layout-flow wp-container-core-group-is-layout-eedad820 wp-block-group-is-layout-flow\" style=\"margin-top:0;margin-bottom:0;padding-top:0px;padding-right:0px;padding-bottom:0px;padding-left:0px\"><figure class=\"wp-block-post-featured-image\"><a href=\"https:\/\/arjenoticias.com.mx\/opinion\/parte-del-adn-del-ser-humano\/\" target=\"_self\" ><img loading=\"lazy\" width=\"320\" height=\"320\" src=\"https:\/\/arjenoticias.com.mx\/wp-content\/uploads\/2026\/09\/Ernesto-Cerda-Serna-11.png\" class=\"attachment-post-thumbnail size-post-thumbnail wp-post-image\" alt=\"Parte del ADN del ser humano\" style=\"aspect-ratio:3\/2;width:100%;object-fit:cover;\" srcset=\"https:\/\/arjenoticias.com.mx\/wp-content\/uploads\/2026\/09\/Ernesto-Cerda-Serna-11.png 320w, https:\/\/arjenoticias.com.mx\/wp-content\/uploads\/2026\/09\/Ernesto-Cerda-Serna-11-300x300.png 300w, https:\/\/arjenoticias.com.mx\/wp-content\/uploads\/2026\/09\/Ernesto-Cerda-Serna-11-150x150.png 150w\" sizes=\"auto, (max-width: 320px) 100vw, 320px\" loading=\"lazy\" decoding=\"async\" \/><\/a><\/figure>\n\n<h2 class=\"wp-block-post-title has-medium-font-size\"><a href=\"https:\/\/arjenoticias.com.mx\/opinion\/parte-del-adn-del-ser-humano\/\" target=\"_self\" >Parte del ADN del ser humano<\/a><\/h2>\n\n\n<div class=\"wp-block-group is-nowrap is-layout-flex wp-container-core-group-is-layout-c694217f wp-block-group-is-layout-flex\"><div style=\"color:#404040;font-size:12px\" class=\"has-link-color wp-elements-67 wp-block-post-author-name has-text-color\">Ernesto Cerda Serna<\/div>\n\n<div style=\"color:#404040;font-size:12px\" class=\"has-link-color wp-elements-68 wp-block-post-date has-text-color\"><time datetime=\"2026-09-04T10:39:01-06:00\">septiembre 4, 2026<\/time><\/div><\/div>\n\n\n<div style=\"font-size:16px\" class=\"wp-block-post-excerpt\"><p class=\"wp-block-post-excerpt__excerpt\">El intento de clausurar el debate sobre la corrupci\u00f3n apelando a una supuesta \u00abbondad id\u00edlica\u00bb original del ser humano resulta metodol\u00f3gicamente insostenible. Un examen riguroso de la historia de las instituciones occidentales y orientales revela que la construcci\u00f3n del Estado no parti\u00f3 de la base de una fraternidad espont\u00e1nea, sino del reconocimiento expl\u00edcito de nuestra&hellip;<\/p><p class=\"wp-block-post-excerpt__more-text\"><a class=\"wp-block-post-excerpt__more-link\" href=\"https:\/\/arjenoticias.com.mx\/opinion\/parte-del-adn-del-ser-humano\/\">Read More<\/a><\/p><\/div><\/div>\n\n<\/li><li class=\"wp-block-post post-17804 post type-post status-publish format-standard has-post-thumbnail hentry category-lo-mas-relevante tag-pobres-compra-votos\">\n\n<div class=\"wp-block-group is-layout-flow wp-container-core-group-is-layout-eedad820 wp-block-group-is-layout-flow\" style=\"margin-top:0;margin-bottom:0;padding-top:0px;padding-right:0px;padding-bottom:0px;padding-left:0px\"><figure class=\"wp-block-post-featured-image\"><a href=\"https:\/\/arjenoticias.com.mx\/lo-mas-relevante\/la-pobreza-organiza-el-voto-la-violencia-la-abstencion\/\" target=\"_self\" ><img loading=\"lazy\" width=\"600\" height=\"400\" src=\"https:\/\/arjenoticias.com.mx\/wp-content\/uploads\/2026\/09\/Carlos-Hernandez-Torres-6.png\" class=\"attachment-post-thumbnail size-post-thumbnail wp-post-image\" alt=\"La pobreza organiza el voto; la violencia, la abstenci\u00f3n\" style=\"aspect-ratio:3\/2;width:100%;object-fit:cover;\" srcset=\"https:\/\/arjenoticias.com.mx\/wp-content\/uploads\/2026\/09\/Carlos-Hernandez-Torres-6.png 600w, https:\/\/arjenoticias.com.mx\/wp-content\/uploads\/2026\/09\/Carlos-Hernandez-Torres-6-300x200.png 300w\" sizes=\"auto, (max-width: 600px) 100vw, 600px\" loading=\"lazy\" decoding=\"async\" \/><\/a><\/figure>\n\n<h2 class=\"wp-block-post-title has-medium-font-size\"><a href=\"https:\/\/arjenoticias.com.mx\/lo-mas-relevante\/la-pobreza-organiza-el-voto-la-violencia-la-abstencion\/\" target=\"_self\" >La pobreza organiza el voto; la violencia, la abstenci\u00f3n<\/a><\/h2>\n\n\n<div class=\"wp-block-group is-nowrap is-layout-flex wp-container-core-group-is-layout-c694217f wp-block-group-is-layout-flex\"><div style=\"color:#404040;font-size:12px\" class=\"has-link-color wp-elements-69 wp-block-post-author-name has-text-color\">Carlos Hernandez Torres<\/div>\n\n<div style=\"color:#404040;font-size:12px\" class=\"has-link-color wp-elements-70 wp-block-post-date has-text-color\"><time datetime=\"2026-09-04T09:45:35-06:00\">septiembre 4, 2026<\/time><\/div><\/div>\n\n\n<div style=\"font-size:16px\" class=\"wp-block-post-excerpt\"><p class=\"wp-block-post-excerpt__excerpt\">Casi todos damos por sentadas tres ideas sobre pol\u00edtica que suenan tan razonables que pocas veces las&nbsp; cuestionamos: que la inseguridad le pasa factura a quien gobierna, que la pobreza compra votos y que el&nbsp; crimen y la marginaci\u00f3n son, m\u00e1s o menos, la misma mancha sobre el mapa. De hecho, la justificaci\u00f3n de&nbsp; la&hellip;<\/p><p class=\"wp-block-post-excerpt__more-text\"><a class=\"wp-block-post-excerpt__more-link\" href=\"https:\/\/arjenoticias.com.mx\/lo-mas-relevante\/la-pobreza-organiza-el-voto-la-violencia-la-abstencion\/\">Read More<\/a><\/p><\/div><\/div>\n\n<\/li><li class=\"wp-block-post post-17800 post type-post status-publish format-standard has-post-thumbnail hentry category-opinion tag-2do-informe-de-sheinbaum\">\n\n<div class=\"wp-block-group is-layout-flow wp-container-core-group-is-layout-eedad820 wp-block-group-is-layout-flow\" style=\"margin-top:0;margin-bottom:0;padding-top:0px;padding-right:0px;padding-bottom:0px;padding-left:0px\"><figure class=\"wp-block-post-featured-image\"><a href=\"https:\/\/arjenoticias.com.mx\/opinion\/no-le-mueven-ni-una-coma-punto\/\" target=\"_self\" ><img loading=\"lazy\" width=\"320\" height=\"320\" src=\"https:\/\/arjenoticias.com.mx\/wp-content\/uploads\/2026\/09\/Juan-Antonio-Garcia-Villa-25.png\" class=\"attachment-post-thumbnail size-post-thumbnail wp-post-image\" alt=\"No le mueven ni una coma\u201d. Punto\" style=\"aspect-ratio:3\/2;width:100%;object-fit:cover;\" srcset=\"https:\/\/arjenoticias.com.mx\/wp-content\/uploads\/2026\/09\/Juan-Antonio-Garcia-Villa-25.png 320w, https:\/\/arjenoticias.com.mx\/wp-content\/uploads\/2026\/09\/Juan-Antonio-Garcia-Villa-25-300x300.png 300w, https:\/\/arjenoticias.com.mx\/wp-content\/uploads\/2026\/09\/Juan-Antonio-Garcia-Villa-25-150x150.png 150w\" sizes=\"auto, (max-width: 320px) 100vw, 320px\" loading=\"lazy\" decoding=\"async\" \/><\/a><\/figure>\n\n<h2 class=\"wp-block-post-title has-medium-font-size\"><a href=\"https:\/\/arjenoticias.com.mx\/opinion\/no-le-mueven-ni-una-coma-punto\/\" target=\"_self\" >No le mueven ni una coma\u201d. Punto<\/a><\/h2>\n\n\n<div class=\"wp-block-group is-nowrap is-layout-flex wp-container-core-group-is-layout-c694217f wp-block-group-is-layout-flex\"><div style=\"color:#404040;font-size:12px\" class=\"has-link-color wp-elements-71 wp-block-post-author-name has-text-color\">Juan Antonio Garc\u00eda Villa<\/div>\n\n<div style=\"color:#404040;font-size:12px\" class=\"has-link-color wp-elements-72 wp-block-post-date has-text-color\"><time datetime=\"2026-09-04T09:34:53-06:00\">septiembre 4, 2026<\/time><\/div><\/div>\n\n\n<div style=\"font-size:16px\" class=\"wp-block-post-excerpt\"><p class=\"wp-block-post-excerpt__excerpt\">Sucedi\u00f3 que a la plenaria de los diputados de Morena, realizada el pasado fin de semana, acudi\u00f3 la consejera jur\u00eddica de la Presidencia, Luisa Mar\u00eda Alcalde. Asisti\u00f3 con el fin de darles a conocer las prioridades legislativas del Ejecutivo para el pr\u00f3ximo periodo de sesiones del Congreso. E inesperadamente ocurri\u00f3 entonces lo impensable. De tantos&hellip;<\/p><p class=\"wp-block-post-excerpt__more-text\"><a class=\"wp-block-post-excerpt__more-link\" href=\"https:\/\/arjenoticias.com.mx\/opinion\/no-le-mueven-ni-una-coma-punto\/\">Read More<\/a><\/p><\/div><\/div>\n\n<\/li><\/ul><\/div>\n<\/div>\n\n\n\n<div class=\"wp-block-query is-layout-flow wp-block-query-is-layout-flow\">\n<div class=\"wp-block-group has-global-padding is-layout-constrained wp-container-core-group-is-layout-9b333905 wp-block-group-is-layout-constrained\" style=\"margin-bottom:20px\">\n<h2 class=\"wp-block-heading alignwide\">Post Grid<\/h2>\n\n\n<ul class=\"columns-2 alignwide wp-block-post-template is-layout-grid wp-container-core-post-template-is-layout-9b35ac95 wp-block-post-template-is-layout-grid\"><li class=\"wp-block-post post-17818 post type-post status-publish format-standard has-post-thumbnail hentry category-politica tag-2do-informe-de-sheinbaum\">\n\n<div class=\"wp-block-group is-layout-flow wp-container-core-group-is-layout-eedad820 wp-block-group-is-layout-flow\" style=\"margin-top:0;margin-bottom:0;padding-top:0px;padding-right:0px;padding-bottom:0px;padding-left:0px\"><h2 class=\"wp-block-post-title has-medium-font-size\"><a href=\"https:\/\/arjenoticias.com.mx\/politica\/el-informe-de-sheinbaum-oculto-mas-de-lo-que-expuso\/\" target=\"_self\" >El Informe de Sheinbaum ocult\u00f3 m\u00e1s de lo que expuso\u00a0<\/a><\/h2>\n\n\n<div class=\"wp-block-group is-nowrap is-layout-flex wp-container-core-group-is-layout-c694217f wp-block-group-is-layout-flex\">\n\n<div style=\"color:#404040;font-size:12px\" class=\"has-link-color wp-elements-74 wp-block-post-date has-text-color\"><time datetime=\"2026-09-05T10:04:33-06:00\">septiembre 5, 2026<\/time><\/div><\/div>\n\n\n<figure class=\"wp-block-post-featured-image\"><a href=\"https:\/\/arjenoticias.com.mx\/politica\/el-informe-de-sheinbaum-oculto-mas-de-lo-que-expuso\/\" target=\"_self\" ><img loading=\"lazy\" width=\"320\" height=\"320\" src=\"https:\/\/arjenoticias.com.mx\/wp-content\/uploads\/2026\/09\/Marcos-Perez-Esquer-14.png\" class=\"attachment-post-thumbnail size-post-thumbnail wp-post-image\" alt=\"El Informe de Sheinbaum ocult\u00f3 m\u00e1s de lo que expuso\u00a0\" style=\"aspect-ratio:3\/2;width:100%;object-fit:cover;\" srcset=\"https:\/\/arjenoticias.com.mx\/wp-content\/uploads\/2026\/09\/Marcos-Perez-Esquer-14.png 320w, https:\/\/arjenoticias.com.mx\/wp-content\/uploads\/2026\/09\/Marcos-Perez-Esquer-14-300x300.png 300w, https:\/\/arjenoticias.com.mx\/wp-content\/uploads\/2026\/09\/Marcos-Perez-Esquer-14-150x150.png 150w\" sizes=\"auto, (max-width: 320px) 100vw, 320px\" loading=\"lazy\" decoding=\"async\" \/><\/a><\/figure>\n\n<div style=\"font-size:16px\" class=\"wp-block-post-excerpt\"><p class=\"wp-block-post-excerpt__excerpt\"><\/p><p class=\"wp-block-post-excerpt__more-text\"><a class=\"wp-block-post-excerpt__more-link\" href=\"https:\/\/arjenoticias.com.mx\/politica\/el-informe-de-sheinbaum-oculto-mas-de-lo-que-expuso\/\">Read More<\/a><\/p><\/div><\/div>\n\n<\/li><li class=\"wp-block-post post-17816 post type-post status-publish format-standard has-post-thumbnail hentry category-opinion tag-soberania-hueca-de-mexico\">\n\n<div class=\"wp-block-group is-layout-flow wp-container-core-group-is-layout-eedad820 wp-block-group-is-layout-flow\" style=\"margin-top:0;margin-bottom:0;padding-top:0px;padding-right:0px;padding-bottom:0px;padding-left:0px\"><h2 class=\"wp-block-post-title has-medium-font-size\"><a href=\"https:\/\/arjenoticias.com.mx\/opinion\/la-soberania-en-entredicho-2\/\" target=\"_self\" >La Soberan\u00eda en entredicho<\/a><\/h2>\n\n\n<div class=\"wp-block-group is-nowrap is-layout-flex wp-container-core-group-is-layout-c694217f wp-block-group-is-layout-flex\">\n\n<div style=\"color:#404040;font-size:12px\" class=\"has-link-color wp-elements-76 wp-block-post-date has-text-color\"><time datetime=\"2026-09-04T12:16:47-06:00\">septiembre 4, 2026<\/time><\/div><\/div>\n\n\n<figure class=\"wp-block-post-featured-image\"><a href=\"https:\/\/arjenoticias.com.mx\/opinion\/la-soberania-en-entredicho-2\/\" target=\"_self\" ><img loading=\"lazy\" width=\"600\" height=\"400\" src=\"https:\/\/arjenoticias.com.mx\/wp-content\/uploads\/2026\/09\/Rafael-Morgan-19-1.png\" class=\"attachment-post-thumbnail size-post-thumbnail wp-post-image\" alt=\"La Soberan\u00eda en entredicho\" style=\"aspect-ratio:3\/2;width:100%;object-fit:cover;\" srcset=\"https:\/\/arjenoticias.com.mx\/wp-content\/uploads\/2026\/09\/Rafael-Morgan-19-1.png 600w, https:\/\/arjenoticias.com.mx\/wp-content\/uploads\/2026\/09\/Rafael-Morgan-19-1-300x200.png 300w\" sizes=\"auto, (max-width: 600px) 100vw, 600px\" loading=\"lazy\" decoding=\"async\" \/><\/a><\/figure>\n\n<div style=\"font-size:16px\" class=\"wp-block-post-excerpt\"><p class=\"wp-block-post-excerpt__excerpt\">Por Rafael Morgan. Uno de los recursos favoritos de la Presidente Sheinbaum en defensa de su&nbsp;gobierno, principalmente frente al gobierno de E.U. y el presidente Trump, es \u201cla&nbsp; defensa de la soberan\u00eda nacional\u201d, que mucho le sirve para denostar y atacar a la&nbsp; supuesta \u201cderecha mexicana\u201d representada por la oposici\u00f3n pol\u00edtica, el sector&nbsp; empresarial y&hellip;<\/p><p class=\"wp-block-post-excerpt__more-text\"><a class=\"wp-block-post-excerpt__more-link\" href=\"https:\/\/arjenoticias.com.mx\/opinion\/la-soberania-en-entredicho-2\/\">Read More<\/a><\/p><\/div><\/div>\n\n<\/li><li class=\"wp-block-post post-17812 post type-post status-publish format-standard has-post-thumbnail hentry category-opinion tag-soberania-hueca-de-mexico\">\n\n<div class=\"wp-block-group is-layout-flow wp-container-core-group-is-layout-eedad820 wp-block-group-is-layout-flow\" style=\"margin-top:0;margin-bottom:0;padding-top:0px;padding-right:0px;padding-bottom:0px;padding-left:0px\"><h2 class=\"wp-block-post-title has-medium-font-size\"><a href=\"https:\/\/arjenoticias.com.mx\/opinion\/la-soberania-en-entredicho\/\" target=\"_self\" >La Soberan\u00eda en entredicho<\/a><\/h2>\n\n\n<div class=\"wp-block-group is-nowrap is-layout-flex wp-container-core-group-is-layout-c694217f wp-block-group-is-layout-flex\"><div style=\"color:#404040;font-size:12px\" class=\"has-link-color wp-elements-77 wp-block-post-author-name has-text-color\">Rafael Morgan Rios<\/div>\n\n<div style=\"color:#404040;font-size:12px\" class=\"has-link-color wp-elements-78 wp-block-post-date has-text-color\"><time datetime=\"2026-09-04T12:16:47-06:00\">septiembre 4, 2026<\/time><\/div><\/div>\n\n\n<figure class=\"wp-block-post-featured-image\"><a href=\"https:\/\/arjenoticias.com.mx\/opinion\/la-soberania-en-entredicho\/\" target=\"_self\" ><img loading=\"lazy\" width=\"600\" height=\"400\" src=\"https:\/\/arjenoticias.com.mx\/wp-content\/uploads\/2026\/09\/Rafael-Morgan-19.png\" class=\"attachment-post-thumbnail size-post-thumbnail wp-post-image\" alt=\"La Soberan\u00eda en entredicho\" style=\"aspect-ratio:3\/2;width:100%;object-fit:cover;\" srcset=\"https:\/\/arjenoticias.com.mx\/wp-content\/uploads\/2026\/09\/Rafael-Morgan-19.png 600w, https:\/\/arjenoticias.com.mx\/wp-content\/uploads\/2026\/09\/Rafael-Morgan-19-300x200.png 300w\" sizes=\"auto, (max-width: 600px) 100vw, 600px\" loading=\"lazy\" decoding=\"async\" \/><\/a><\/figure>\n\n<div style=\"font-size:16px\" class=\"wp-block-post-excerpt\"><p class=\"wp-block-post-excerpt__excerpt\">Por Rafael Morgan Uno de los recursos favoritos de la Presidente Sheinbaum en defensa de su\u00a0gobierno, principalmente frente al gobierno de E.U. y el presidente Trump, es \u201cla\u00a0 defensa de la soberan\u00eda nacional\u201d, que mucho le sirve para denostar y atacar a la\u00a0 supuesta \u201cderecha mexicana\u201d representada por la oposici\u00f3n pol\u00edtica, el sector\u00a0 empresarial y&hellip;<\/p><p class=\"wp-block-post-excerpt__more-text\"><a class=\"wp-block-post-excerpt__more-link\" href=\"https:\/\/arjenoticias.com.mx\/opinion\/la-soberania-en-entredicho\/\">Read More<\/a><\/p><\/div><\/div>\n\n<\/li><li class=\"wp-block-post post-17809 post type-post status-publish format-standard has-post-thumbnail hentry category-opinion tag-corrupcion\">\n\n<div class=\"wp-block-group is-layout-flow wp-container-core-group-is-layout-eedad820 wp-block-group-is-layout-flow\" style=\"margin-top:0;margin-bottom:0;padding-top:0px;padding-right:0px;padding-bottom:0px;padding-left:0px\"><h2 class=\"wp-block-post-title has-medium-font-size\"><a href=\"https:\/\/arjenoticias.com.mx\/opinion\/parte-del-adn-del-ser-humano\/\" target=\"_self\" >Parte del ADN del ser humano<\/a><\/h2>\n\n\n<div class=\"wp-block-group is-nowrap is-layout-flex wp-container-core-group-is-layout-c694217f wp-block-group-is-layout-flex\"><div style=\"color:#404040;font-size:12px\" class=\"has-link-color wp-elements-79 wp-block-post-author-name has-text-color\">Ernesto Cerda Serna<\/div>\n\n<div style=\"color:#404040;font-size:12px\" class=\"has-link-color wp-elements-80 wp-block-post-date has-text-color\"><time datetime=\"2026-09-04T10:39:01-06:00\">septiembre 4, 2026<\/time><\/div><\/div>\n\n\n<figure class=\"wp-block-post-featured-image\"><a href=\"https:\/\/arjenoticias.com.mx\/opinion\/parte-del-adn-del-ser-humano\/\" target=\"_self\" ><img loading=\"lazy\" width=\"320\" height=\"320\" src=\"https:\/\/arjenoticias.com.mx\/wp-content\/uploads\/2026\/09\/Ernesto-Cerda-Serna-11.png\" class=\"attachment-post-thumbnail size-post-thumbnail wp-post-image\" alt=\"Parte del ADN del ser humano\" style=\"aspect-ratio:3\/2;width:100%;object-fit:cover;\" srcset=\"https:\/\/arjenoticias.com.mx\/wp-content\/uploads\/2026\/09\/Ernesto-Cerda-Serna-11.png 320w, https:\/\/arjenoticias.com.mx\/wp-content\/uploads\/2026\/09\/Ernesto-Cerda-Serna-11-300x300.png 300w, https:\/\/arjenoticias.com.mx\/wp-content\/uploads\/2026\/09\/Ernesto-Cerda-Serna-11-150x150.png 150w\" sizes=\"auto, (max-width: 320px) 100vw, 320px\" loading=\"lazy\" decoding=\"async\" \/><\/a><\/figure>\n\n<div style=\"font-size:16px\" class=\"wp-block-post-excerpt\"><p class=\"wp-block-post-excerpt__excerpt\">El intento de clausurar el debate sobre la corrupci\u00f3n apelando a una supuesta \u00abbondad id\u00edlica\u00bb original del ser humano resulta metodol\u00f3gicamente insostenible. Un examen riguroso de la historia de las instituciones occidentales y orientales revela que la construcci\u00f3n del Estado no parti\u00f3 de la base de una fraternidad espont\u00e1nea, sino del reconocimiento expl\u00edcito de nuestra&hellip;<\/p><p class=\"wp-block-post-excerpt__more-text\"><a class=\"wp-block-post-excerpt__more-link\" href=\"https:\/\/arjenoticias.com.mx\/opinion\/parte-del-adn-del-ser-humano\/\">Read More<\/a><\/p><\/div><\/div>\n\n<\/li><li class=\"wp-block-post post-17804 post type-post status-publish format-standard has-post-thumbnail hentry category-lo-mas-relevante tag-pobres-compra-votos\">\n\n<div class=\"wp-block-group is-layout-flow wp-container-core-group-is-layout-eedad820 wp-block-group-is-layout-flow\" style=\"margin-top:0;margin-bottom:0;padding-top:0px;padding-right:0px;padding-bottom:0px;padding-left:0px\"><h2 class=\"wp-block-post-title has-medium-font-size\"><a href=\"https:\/\/arjenoticias.com.mx\/lo-mas-relevante\/la-pobreza-organiza-el-voto-la-violencia-la-abstencion\/\" target=\"_self\" >La pobreza organiza el voto; la violencia, la abstenci\u00f3n<\/a><\/h2>\n\n\n<div class=\"wp-block-group is-nowrap is-layout-flex wp-container-core-group-is-layout-c694217f wp-block-group-is-layout-flex\"><div style=\"color:#404040;font-size:12px\" class=\"has-link-color wp-elements-81 wp-block-post-author-name has-text-color\">Carlos Hernandez Torres<\/div>\n\n<div style=\"color:#404040;font-size:12px\" class=\"has-link-color wp-elements-82 wp-block-post-date has-text-color\"><time datetime=\"2026-09-04T09:45:35-06:00\">septiembre 4, 2026<\/time><\/div><\/div>\n\n\n<figure class=\"wp-block-post-featured-image\"><a href=\"https:\/\/arjenoticias.com.mx\/lo-mas-relevante\/la-pobreza-organiza-el-voto-la-violencia-la-abstencion\/\" target=\"_self\" ><img loading=\"lazy\" width=\"600\" height=\"400\" src=\"https:\/\/arjenoticias.com.mx\/wp-content\/uploads\/2026\/09\/Carlos-Hernandez-Torres-6.png\" class=\"attachment-post-thumbnail size-post-thumbnail wp-post-image\" alt=\"La pobreza organiza el voto; la violencia, la abstenci\u00f3n\" style=\"aspect-ratio:3\/2;width:100%;object-fit:cover;\" srcset=\"https:\/\/arjenoticias.com.mx\/wp-content\/uploads\/2026\/09\/Carlos-Hernandez-Torres-6.png 600w, https:\/\/arjenoticias.com.mx\/wp-content\/uploads\/2026\/09\/Carlos-Hernandez-Torres-6-300x200.png 300w\" sizes=\"auto, (max-width: 600px) 100vw, 600px\" loading=\"lazy\" decoding=\"async\" \/><\/a><\/figure>\n\n<div style=\"font-size:16px\" class=\"wp-block-post-excerpt\"><p class=\"wp-block-post-excerpt__excerpt\">Casi todos damos por sentadas tres ideas sobre pol\u00edtica que suenan tan razonables que pocas veces las&nbsp; cuestionamos: que la inseguridad le pasa factura a quien gobierna, que la pobreza compra votos y que el&nbsp; crimen y la marginaci\u00f3n son, m\u00e1s o menos, la misma mancha sobre el mapa. De hecho, la justificaci\u00f3n de&nbsp; la&hellip;<\/p><p class=\"wp-block-post-excerpt__more-text\"><a class=\"wp-block-post-excerpt__more-link\" href=\"https:\/\/arjenoticias.com.mx\/lo-mas-relevante\/la-pobreza-organiza-el-voto-la-violencia-la-abstencion\/\">Read More<\/a><\/p><\/div><\/div>\n\n<\/li><li class=\"wp-block-post post-17800 post type-post status-publish format-standard has-post-thumbnail hentry category-opinion tag-2do-informe-de-sheinbaum\">\n\n<div class=\"wp-block-group is-layout-flow wp-container-core-group-is-layout-eedad820 wp-block-group-is-layout-flow\" style=\"margin-top:0;margin-bottom:0;padding-top:0px;padding-right:0px;padding-bottom:0px;padding-left:0px\"><h2 class=\"wp-block-post-title has-medium-font-size\"><a href=\"https:\/\/arjenoticias.com.mx\/opinion\/no-le-mueven-ni-una-coma-punto\/\" target=\"_self\" >No le mueven ni una coma\u201d. Punto<\/a><\/h2>\n\n\n<div class=\"wp-block-group is-nowrap is-layout-flex wp-container-core-group-is-layout-c694217f wp-block-group-is-layout-flex\"><div style=\"color:#404040;font-size:12px\" class=\"has-link-color wp-elements-83 wp-block-post-author-name has-text-color\">Juan Antonio Garc\u00eda Villa<\/div>\n\n<div style=\"color:#404040;font-size:12px\" class=\"has-link-color wp-elements-84 wp-block-post-date has-text-color\"><time datetime=\"2026-09-04T09:34:53-06:00\">septiembre 4, 2026<\/time><\/div><\/div>\n\n\n<figure class=\"wp-block-post-featured-image\"><a href=\"https:\/\/arjenoticias.com.mx\/opinion\/no-le-mueven-ni-una-coma-punto\/\" target=\"_self\" ><img loading=\"lazy\" width=\"320\" height=\"320\" src=\"https:\/\/arjenoticias.com.mx\/wp-content\/uploads\/2026\/09\/Juan-Antonio-Garcia-Villa-25.png\" class=\"attachment-post-thumbnail size-post-thumbnail wp-post-image\" alt=\"No le mueven ni una coma\u201d. Punto\" style=\"aspect-ratio:3\/2;width:100%;object-fit:cover;\" srcset=\"https:\/\/arjenoticias.com.mx\/wp-content\/uploads\/2026\/09\/Juan-Antonio-Garcia-Villa-25.png 320w, https:\/\/arjenoticias.com.mx\/wp-content\/uploads\/2026\/09\/Juan-Antonio-Garcia-Villa-25-300x300.png 300w, https:\/\/arjenoticias.com.mx\/wp-content\/uploads\/2026\/09\/Juan-Antonio-Garcia-Villa-25-150x150.png 150w\" sizes=\"auto, (max-width: 320px) 100vw, 320px\" loading=\"lazy\" decoding=\"async\" \/><\/a><\/figure>\n\n<div style=\"font-size:16px\" class=\"wp-block-post-excerpt\"><p class=\"wp-block-post-excerpt__excerpt\">Sucedi\u00f3 que a la plenaria de los diputados de Morena, realizada el pasado fin de semana, acudi\u00f3 la consejera jur\u00eddica de la Presidencia, Luisa Mar\u00eda Alcalde. Asisti\u00f3 con el fin de darles a conocer las prioridades legislativas del Ejecutivo para el pr\u00f3ximo periodo de sesiones del Congreso. E inesperadamente ocurri\u00f3 entonces lo impensable. De tantos&hellip;<\/p><p class=\"wp-block-post-excerpt__more-text\"><a class=\"wp-block-post-excerpt__more-link\" href=\"https:\/\/arjenoticias.com.mx\/opinion\/no-le-mueven-ni-una-coma-punto\/\">Read More<\/a><\/p><\/div><\/div>\n\n<\/li><\/ul><\/div>\n<\/div>\n\n\n\n<div class=\"wp-block-query is-layout-flow wp-block-query-is-layout-flow\">\n<div class=\"wp-block-group has-global-padding is-layout-constrained wp-container-core-group-is-layout-ea4d9839 wp-block-group-is-layout-constrained\" style=\"margin-bottom:0px;padding-bottom:20px\">\n<h2 class=\"wp-block-heading alignwide\">Post Grid<\/h2>\n\n\n<ul class=\"columns-3 alignwide wp-block-post-template is-layout-grid wp-container-core-post-template-is-layout-9a5266be wp-block-post-template-is-layout-grid\"><li class=\"wp-block-post post-17818 post type-post status-publish format-standard has-post-thumbnail hentry category-politica tag-2do-informe-de-sheinbaum\">\n\n<div class=\"wp-block-group is-layout-flow wp-container-core-group-is-layout-eedad820 wp-block-group-is-layout-flow\" style=\"margin-top:0;margin-bottom:0;padding-top:0px;padding-right:0px;padding-bottom:0px;padding-left:0px\"><figure class=\"wp-block-post-featured-image\"><a href=\"https:\/\/arjenoticias.com.mx\/politica\/el-informe-de-sheinbaum-oculto-mas-de-lo-que-expuso\/\" target=\"_self\" ><img loading=\"lazy\" width=\"320\" height=\"320\" src=\"https:\/\/arjenoticias.com.mx\/wp-content\/uploads\/2026\/09\/Marcos-Perez-Esquer-14.png\" class=\"attachment-post-thumbnail size-post-thumbnail wp-post-image\" alt=\"El Informe de Sheinbaum ocult\u00f3 m\u00e1s de lo que expuso\u00a0\" style=\"aspect-ratio:3\/2;width:100%;object-fit:cover;\" srcset=\"https:\/\/arjenoticias.com.mx\/wp-content\/uploads\/2026\/09\/Marcos-Perez-Esquer-14.png 320w, https:\/\/arjenoticias.com.mx\/wp-content\/uploads\/2026\/09\/Marcos-Perez-Esquer-14-300x300.png 300w, https:\/\/arjenoticias.com.mx\/wp-content\/uploads\/2026\/09\/Marcos-Perez-Esquer-14-150x150.png 150w\" sizes=\"auto, (max-width: 320px) 100vw, 320px\" loading=\"lazy\" decoding=\"async\" \/><\/a><\/figure>\n\n<h2 style=\"font-size:1em\" class=\"wp-block-post-title\"><a href=\"https:\/\/arjenoticias.com.mx\/politica\/el-informe-de-sheinbaum-oculto-mas-de-lo-que-expuso\/\" target=\"_self\" >El Informe de Sheinbaum ocult\u00f3 m\u00e1s de lo que expuso\u00a0<\/a><\/h2>\n\n<div class=\"wp-block-post-date has-small-font-size\"><time datetime=\"2026-09-05T10:04:33-06:00\">septiembre 5, 2026<\/time><\/div>\n\n<div class=\"wp-block-post-excerpt\"><p class=\"wp-block-post-excerpt__excerpt\"><\/p><p class=\"wp-block-post-excerpt__more-text\"><a class=\"wp-block-post-excerpt__more-link\" href=\"https:\/\/arjenoticias.com.mx\/politica\/el-informe-de-sheinbaum-oculto-mas-de-lo-que-expuso\/\">Read More<\/a><\/p><\/div><\/div>\n\n<\/li><li class=\"wp-block-post post-17816 post type-post status-publish format-standard has-post-thumbnail hentry category-opinion tag-soberania-hueca-de-mexico\">\n\n<div class=\"wp-block-group is-layout-flow wp-container-core-group-is-layout-eedad820 wp-block-group-is-layout-flow\" style=\"margin-top:0;margin-bottom:0;padding-top:0px;padding-right:0px;padding-bottom:0px;padding-left:0px\"><figure class=\"wp-block-post-featured-image\"><a href=\"https:\/\/arjenoticias.com.mx\/opinion\/la-soberania-en-entredicho-2\/\" target=\"_self\" ><img loading=\"lazy\" width=\"600\" height=\"400\" src=\"https:\/\/arjenoticias.com.mx\/wp-content\/uploads\/2026\/09\/Rafael-Morgan-19-1.png\" class=\"attachment-post-thumbnail size-post-thumbnail wp-post-image\" alt=\"La Soberan\u00eda en entredicho\" style=\"aspect-ratio:3\/2;width:100%;object-fit:cover;\" srcset=\"https:\/\/arjenoticias.com.mx\/wp-content\/uploads\/2026\/09\/Rafael-Morgan-19-1.png 600w, https:\/\/arjenoticias.com.mx\/wp-content\/uploads\/2026\/09\/Rafael-Morgan-19-1-300x200.png 300w\" sizes=\"auto, (max-width: 600px) 100vw, 600px\" loading=\"lazy\" decoding=\"async\" \/><\/a><\/figure>\n\n<h2 style=\"font-size:1em\" class=\"wp-block-post-title\"><a href=\"https:\/\/arjenoticias.com.mx\/opinion\/la-soberania-en-entredicho-2\/\" target=\"_self\" >La Soberan\u00eda en entredicho<\/a><\/h2>\n\n<div class=\"wp-block-post-date has-small-font-size\"><time datetime=\"2026-09-04T12:16:47-06:00\">septiembre 4, 2026<\/time><\/div>\n\n<div class=\"wp-block-post-excerpt\"><p class=\"wp-block-post-excerpt__excerpt\">Por Rafael Morgan. Uno de los recursos favoritos de la Presidente Sheinbaum en defensa de su&nbsp;gobierno, principalmente frente al gobierno de E.U. y el presidente Trump, es \u201cla&nbsp; defensa de la soberan\u00eda nacional\u201d, que mucho le sirve para denostar y atacar a la&nbsp; supuesta \u201cderecha mexicana\u201d representada por la oposici\u00f3n pol\u00edtica, el sector&nbsp; empresarial y&hellip;<\/p><p class=\"wp-block-post-excerpt__more-text\"><a class=\"wp-block-post-excerpt__more-link\" href=\"https:\/\/arjenoticias.com.mx\/opinion\/la-soberania-en-entredicho-2\/\">Read More<\/a><\/p><\/div><\/div>\n\n<\/li><li class=\"wp-block-post post-17812 post type-post status-publish format-standard has-post-thumbnail hentry category-opinion tag-soberania-hueca-de-mexico\">\n\n<div class=\"wp-block-group is-layout-flow wp-container-core-group-is-layout-eedad820 wp-block-group-is-layout-flow\" style=\"margin-top:0;margin-bottom:0;padding-top:0px;padding-right:0px;padding-bottom:0px;padding-left:0px\"><figure class=\"wp-block-post-featured-image\"><a href=\"https:\/\/arjenoticias.com.mx\/opinion\/la-soberania-en-entredicho\/\" target=\"_self\" ><img loading=\"lazy\" width=\"600\" height=\"400\" src=\"https:\/\/arjenoticias.com.mx\/wp-content\/uploads\/2026\/09\/Rafael-Morgan-19.png\" class=\"attachment-post-thumbnail size-post-thumbnail wp-post-image\" alt=\"La Soberan\u00eda en entredicho\" style=\"aspect-ratio:3\/2;width:100%;object-fit:cover;\" srcset=\"https:\/\/arjenoticias.com.mx\/wp-content\/uploads\/2026\/09\/Rafael-Morgan-19.png 600w, https:\/\/arjenoticias.com.mx\/wp-content\/uploads\/2026\/09\/Rafael-Morgan-19-300x200.png 300w\" sizes=\"auto, (max-width: 600px) 100vw, 600px\" loading=\"lazy\" decoding=\"async\" \/><\/a><\/figure>\n\n<h2 style=\"font-size:1em\" class=\"wp-block-post-title\"><a href=\"https:\/\/arjenoticias.com.mx\/opinion\/la-soberania-en-entredicho\/\" target=\"_self\" >La Soberan\u00eda en entredicho<\/a><\/h2>\n\n<div class=\"wp-block-post-date has-small-font-size\"><time datetime=\"2026-09-04T12:16:47-06:00\">septiembre 4, 2026<\/time><\/div>\n\n<div class=\"wp-block-post-excerpt\"><p class=\"wp-block-post-excerpt__excerpt\">Por Rafael Morgan Uno de los recursos favoritos de la Presidente Sheinbaum en defensa de su\u00a0gobierno, principalmente frente al gobierno de E.U. y el presidente Trump, es \u201cla\u00a0 defensa de la soberan\u00eda nacional\u201d, que mucho le sirve para denostar y atacar a la\u00a0 supuesta \u201cderecha mexicana\u201d representada por la oposici\u00f3n pol\u00edtica, el sector\u00a0 empresarial y&hellip;<\/p><p class=\"wp-block-post-excerpt__more-text\"><a class=\"wp-block-post-excerpt__more-link\" href=\"https:\/\/arjenoticias.com.mx\/opinion\/la-soberania-en-entredicho\/\">Read More<\/a><\/p><\/div><\/div>\n\n<\/li><li class=\"wp-block-post post-17809 post type-post status-publish format-standard has-post-thumbnail hentry category-opinion tag-corrupcion\">\n\n<div class=\"wp-block-group is-layout-flow wp-container-core-group-is-layout-eedad820 wp-block-group-is-layout-flow\" style=\"margin-top:0;margin-bottom:0;padding-top:0px;padding-right:0px;padding-bottom:0px;padding-left:0px\"><figure class=\"wp-block-post-featured-image\"><a href=\"https:\/\/arjenoticias.com.mx\/opinion\/parte-del-adn-del-ser-humano\/\" target=\"_self\" ><img loading=\"lazy\" width=\"320\" height=\"320\" src=\"https:\/\/arjenoticias.com.mx\/wp-content\/uploads\/2026\/09\/Ernesto-Cerda-Serna-11.png\" class=\"attachment-post-thumbnail size-post-thumbnail wp-post-image\" alt=\"Parte del ADN del ser humano\" style=\"aspect-ratio:3\/2;width:100%;object-fit:cover;\" srcset=\"https:\/\/arjenoticias.com.mx\/wp-content\/uploads\/2026\/09\/Ernesto-Cerda-Serna-11.png 320w, https:\/\/arjenoticias.com.mx\/wp-content\/uploads\/2026\/09\/Ernesto-Cerda-Serna-11-300x300.png 300w, https:\/\/arjenoticias.com.mx\/wp-content\/uploads\/2026\/09\/Ernesto-Cerda-Serna-11-150x150.png 150w\" sizes=\"auto, (max-width: 320px) 100vw, 320px\" loading=\"lazy\" decoding=\"async\" \/><\/a><\/figure>\n\n<h2 style=\"font-size:1em\" class=\"wp-block-post-title\"><a href=\"https:\/\/arjenoticias.com.mx\/opinion\/parte-del-adn-del-ser-humano\/\" target=\"_self\" >Parte del ADN del ser humano<\/a><\/h2>\n\n<div class=\"wp-block-post-date has-small-font-size\"><time datetime=\"2026-09-04T10:39:01-06:00\">septiembre 4, 2026<\/time><\/div>\n\n<div class=\"wp-block-post-excerpt\"><p class=\"wp-block-post-excerpt__excerpt\">El intento de clausurar el debate sobre la corrupci\u00f3n apelando a una supuesta \u00abbondad id\u00edlica\u00bb original del ser humano resulta metodol\u00f3gicamente insostenible. Un examen riguroso de la historia de las instituciones occidentales y orientales revela que la construcci\u00f3n del Estado no parti\u00f3 de la base de una fraternidad espont\u00e1nea, sino del reconocimiento expl\u00edcito de nuestra&hellip;<\/p><p class=\"wp-block-post-excerpt__more-text\"><a class=\"wp-block-post-excerpt__more-link\" href=\"https:\/\/arjenoticias.com.mx\/opinion\/parte-del-adn-del-ser-humano\/\">Read More<\/a><\/p><\/div><\/div>\n\n<\/li><li class=\"wp-block-post post-17804 post type-post status-publish format-standard has-post-thumbnail hentry category-lo-mas-relevante tag-pobres-compra-votos\">\n\n<div class=\"wp-block-group is-layout-flow wp-container-core-group-is-layout-eedad820 wp-block-group-is-layout-flow\" style=\"margin-top:0;margin-bottom:0;padding-top:0px;padding-right:0px;padding-bottom:0px;padding-left:0px\"><figure class=\"wp-block-post-featured-image\"><a href=\"https:\/\/arjenoticias.com.mx\/lo-mas-relevante\/la-pobreza-organiza-el-voto-la-violencia-la-abstencion\/\" target=\"_self\" ><img loading=\"lazy\" width=\"600\" height=\"400\" src=\"https:\/\/arjenoticias.com.mx\/wp-content\/uploads\/2026\/09\/Carlos-Hernandez-Torres-6.png\" class=\"attachment-post-thumbnail size-post-thumbnail wp-post-image\" alt=\"La pobreza organiza el voto; la violencia, la abstenci\u00f3n\" style=\"aspect-ratio:3\/2;width:100%;object-fit:cover;\" srcset=\"https:\/\/arjenoticias.com.mx\/wp-content\/uploads\/2026\/09\/Carlos-Hernandez-Torres-6.png 600w, https:\/\/arjenoticias.com.mx\/wp-content\/uploads\/2026\/09\/Carlos-Hernandez-Torres-6-300x200.png 300w\" sizes=\"auto, (max-width: 600px) 100vw, 600px\" loading=\"lazy\" decoding=\"async\" \/><\/a><\/figure>\n\n<h2 style=\"font-size:1em\" class=\"wp-block-post-title\"><a href=\"https:\/\/arjenoticias.com.mx\/lo-mas-relevante\/la-pobreza-organiza-el-voto-la-violencia-la-abstencion\/\" target=\"_self\" >La pobreza organiza el voto; la violencia, la abstenci\u00f3n<\/a><\/h2>\n\n<div class=\"wp-block-post-date has-small-font-size\"><time datetime=\"2026-09-04T09:45:35-06:00\">septiembre 4, 2026<\/time><\/div>\n\n<div class=\"wp-block-post-excerpt\"><p class=\"wp-block-post-excerpt__excerpt\">Casi todos damos por sentadas tres ideas sobre pol\u00edtica que suenan tan razonables que pocas veces las&nbsp; cuestionamos: que la inseguridad le pasa factura a quien gobierna, que la pobreza compra votos y que el&nbsp; crimen y la marginaci\u00f3n son, m\u00e1s o menos, la misma mancha sobre el mapa. De hecho, la justificaci\u00f3n de&nbsp; la&hellip;<\/p><p class=\"wp-block-post-excerpt__more-text\"><a class=\"wp-block-post-excerpt__more-link\" href=\"https:\/\/arjenoticias.com.mx\/lo-mas-relevante\/la-pobreza-organiza-el-voto-la-violencia-la-abstencion\/\">Read More<\/a><\/p><\/div><\/div>\n\n<\/li><li class=\"wp-block-post post-17800 post type-post status-publish format-standard has-post-thumbnail hentry category-opinion tag-2do-informe-de-sheinbaum\">\n\n<div class=\"wp-block-group is-layout-flow wp-container-core-group-is-layout-eedad820 wp-block-group-is-layout-flow\" style=\"margin-top:0;margin-bottom:0;padding-top:0px;padding-right:0px;padding-bottom:0px;padding-left:0px\"><figure class=\"wp-block-post-featured-image\"><a href=\"https:\/\/arjenoticias.com.mx\/opinion\/no-le-mueven-ni-una-coma-punto\/\" target=\"_self\" ><img loading=\"lazy\" width=\"320\" height=\"320\" src=\"https:\/\/arjenoticias.com.mx\/wp-content\/uploads\/2026\/09\/Juan-Antonio-Garcia-Villa-25.png\" class=\"attachment-post-thumbnail size-post-thumbnail wp-post-image\" alt=\"No le mueven ni una coma\u201d. Punto\" style=\"aspect-ratio:3\/2;width:100%;object-fit:cover;\" srcset=\"https:\/\/arjenoticias.com.mx\/wp-content\/uploads\/2026\/09\/Juan-Antonio-Garcia-Villa-25.png 320w, https:\/\/arjenoticias.com.mx\/wp-content\/uploads\/2026\/09\/Juan-Antonio-Garcia-Villa-25-300x300.png 300w, https:\/\/arjenoticias.com.mx\/wp-content\/uploads\/2026\/09\/Juan-Antonio-Garcia-Villa-25-150x150.png 150w\" sizes=\"auto, (max-width: 320px) 100vw, 320px\" loading=\"lazy\" decoding=\"async\" \/><\/a><\/figure>\n\n<h2 style=\"font-size:1em\" class=\"wp-block-post-title\"><a href=\"https:\/\/arjenoticias.com.mx\/opinion\/no-le-mueven-ni-una-coma-punto\/\" target=\"_self\" >No le mueven ni una coma\u201d. Punto<\/a><\/h2>\n\n<div class=\"wp-block-post-date has-small-font-size\"><time datetime=\"2026-09-04T09:34:53-06:00\">septiembre 4, 2026<\/time><\/div>\n\n<div class=\"wp-block-post-excerpt\"><p class=\"wp-block-post-excerpt__excerpt\">Sucedi\u00f3 que a la plenaria de los diputados de Morena, realizada el pasado fin de semana, acudi\u00f3 la consejera jur\u00eddica de la Presidencia, Luisa Mar\u00eda Alcalde. Asisti\u00f3 con el fin de darles a conocer las prioridades legislativas del Ejecutivo para el pr\u00f3ximo periodo de sesiones del Congreso. E inesperadamente ocurri\u00f3 entonces lo impensable. De tantos&hellip;<\/p><p class=\"wp-block-post-excerpt__more-text\"><a class=\"wp-block-post-excerpt__more-link\" href=\"https:\/\/arjenoticias.com.mx\/opinion\/no-le-mueven-ni-una-coma-punto\/\">Read More<\/a><\/p><\/div><\/div>\n\n<\/li><\/ul><\/div>\n<\/div>\n\n\n\n<div class=\"wp-block-query is-layout-flow wp-block-query-is-layout-flow\">\n<div class=\"wp-block-group has-global-padding is-layout-constrained wp-container-core-group-is-layout-ea4d9839 wp-block-group-is-layout-constrained\" style=\"margin-bottom:0px;padding-bottom:20px\">\n<h2 class=\"wp-block-heading alignwide\">Post Grid<\/h2>\n\n\n<ul class=\"columns-3 alignwide wp-block-post-template is-layout-grid wp-container-core-post-template-is-layout-9a5266be wp-block-post-template-is-layout-grid\"><li class=\"wp-block-post post-17818 post type-post status-publish format-standard has-post-thumbnail hentry category-politica tag-2do-informe-de-sheinbaum\">\n\n<div class=\"wp-block-group is-layout-flow wp-container-core-group-is-layout-eedad820 wp-block-group-is-layout-flow\" style=\"margin-top:0;margin-bottom:0;padding-top:0px;padding-right:0px;padding-bottom:0px;padding-left:0px\"><h2 style=\"font-size:1em\" class=\"wp-block-post-title\"><a href=\"https:\/\/arjenoticias.com.mx\/politica\/el-informe-de-sheinbaum-oculto-mas-de-lo-que-expuso\/\" target=\"_self\" >El Informe de Sheinbaum ocult\u00f3 m\u00e1s de lo que expuso\u00a0<\/a><\/h2>\n\n<div class=\"wp-block-post-date has-small-font-size\"><time datetime=\"2026-09-05T10:04:33-06:00\">septiembre 5, 2026<\/time><\/div>\n\n<figure class=\"wp-block-post-featured-image\"><a href=\"https:\/\/arjenoticias.com.mx\/politica\/el-informe-de-sheinbaum-oculto-mas-de-lo-que-expuso\/\" target=\"_self\" ><img loading=\"lazy\" width=\"320\" height=\"320\" src=\"https:\/\/arjenoticias.com.mx\/wp-content\/uploads\/2026\/09\/Marcos-Perez-Esquer-14.png\" class=\"attachment-post-thumbnail size-post-thumbnail wp-post-image\" alt=\"El Informe de Sheinbaum ocult\u00f3 m\u00e1s de lo que expuso\u00a0\" style=\"aspect-ratio:3\/2;width:100%;object-fit:cover;\" srcset=\"https:\/\/arjenoticias.com.mx\/wp-content\/uploads\/2026\/09\/Marcos-Perez-Esquer-14.png 320w, https:\/\/arjenoticias.com.mx\/wp-content\/uploads\/2026\/09\/Marcos-Perez-Esquer-14-300x300.png 300w, https:\/\/arjenoticias.com.mx\/wp-content\/uploads\/2026\/09\/Marcos-Perez-Esquer-14-150x150.png 150w\" sizes=\"auto, (max-width: 320px) 100vw, 320px\" loading=\"lazy\" decoding=\"async\" \/><\/a><\/figure>\n\n<div class=\"wp-block-post-excerpt\"><p class=\"wp-block-post-excerpt__excerpt\"><\/p><p class=\"wp-block-post-excerpt__more-text\"><a class=\"wp-block-post-excerpt__more-link\" href=\"https:\/\/arjenoticias.com.mx\/politica\/el-informe-de-sheinbaum-oculto-mas-de-lo-que-expuso\/\">Read More<\/a><\/p><\/div><\/div>\n\n<\/li><li class=\"wp-block-post post-17816 post type-post status-publish format-standard has-post-thumbnail hentry category-opinion tag-soberania-hueca-de-mexico\">\n\n<div class=\"wp-block-group is-layout-flow wp-container-core-group-is-layout-eedad820 wp-block-group-is-layout-flow\" style=\"margin-top:0;margin-bottom:0;padding-top:0px;padding-right:0px;padding-bottom:0px;padding-left:0px\"><h2 style=\"font-size:1em\" class=\"wp-block-post-title\"><a href=\"https:\/\/arjenoticias.com.mx\/opinion\/la-soberania-en-entredicho-2\/\" target=\"_self\" >La Soberan\u00eda en entredicho<\/a><\/h2>\n\n<div class=\"wp-block-post-date has-small-font-size\"><time datetime=\"2026-09-04T12:16:47-06:00\">septiembre 4, 2026<\/time><\/div>\n\n<figure class=\"wp-block-post-featured-image\"><a href=\"https:\/\/arjenoticias.com.mx\/opinion\/la-soberania-en-entredicho-2\/\" target=\"_self\" ><img loading=\"lazy\" width=\"600\" height=\"400\" src=\"https:\/\/arjenoticias.com.mx\/wp-content\/uploads\/2026\/09\/Rafael-Morgan-19-1.png\" class=\"attachment-post-thumbnail size-post-thumbnail wp-post-image\" alt=\"La Soberan\u00eda en entredicho\" style=\"aspect-ratio:3\/2;width:100%;object-fit:cover;\" srcset=\"https:\/\/arjenoticias.com.mx\/wp-content\/uploads\/2026\/09\/Rafael-Morgan-19-1.png 600w, https:\/\/arjenoticias.com.mx\/wp-content\/uploads\/2026\/09\/Rafael-Morgan-19-1-300x200.png 300w\" sizes=\"auto, (max-width: 600px) 100vw, 600px\" loading=\"lazy\" decoding=\"async\" \/><\/a><\/figure>\n\n<div class=\"wp-block-post-excerpt\"><p class=\"wp-block-post-excerpt__excerpt\">Por Rafael Morgan. Uno de los recursos favoritos de la Presidente Sheinbaum en defensa de su&nbsp;gobierno, principalmente frente al gobierno de E.U. y el presidente Trump, es \u201cla&nbsp; defensa de la soberan\u00eda nacional\u201d, que mucho le sirve para denostar y atacar a la&nbsp; supuesta \u201cderecha mexicana\u201d representada por la oposici\u00f3n pol\u00edtica, el sector&nbsp; empresarial y&hellip;<\/p><p class=\"wp-block-post-excerpt__more-text\"><a class=\"wp-block-post-excerpt__more-link\" href=\"https:\/\/arjenoticias.com.mx\/opinion\/la-soberania-en-entredicho-2\/\">Read More<\/a><\/p><\/div><\/div>\n\n<\/li><li class=\"wp-block-post post-17812 post type-post status-publish format-standard has-post-thumbnail hentry category-opinion tag-soberania-hueca-de-mexico\">\n\n<div class=\"wp-block-group is-layout-flow wp-container-core-group-is-layout-eedad820 wp-block-group-is-layout-flow\" style=\"margin-top:0;margin-bottom:0;padding-top:0px;padding-right:0px;padding-bottom:0px;padding-left:0px\"><h2 style=\"font-size:1em\" class=\"wp-block-post-title\"><a href=\"https:\/\/arjenoticias.com.mx\/opinion\/la-soberania-en-entredicho\/\" target=\"_self\" >La Soberan\u00eda en entredicho<\/a><\/h2>\n\n<div class=\"wp-block-post-date has-small-font-size\"><time datetime=\"2026-09-04T12:16:47-06:00\">septiembre 4, 2026<\/time><\/div>\n\n<figure class=\"wp-block-post-featured-image\"><a href=\"https:\/\/arjenoticias.com.mx\/opinion\/la-soberania-en-entredicho\/\" target=\"_self\" ><img loading=\"lazy\" width=\"600\" height=\"400\" src=\"https:\/\/arjenoticias.com.mx\/wp-content\/uploads\/2026\/09\/Rafael-Morgan-19.png\" class=\"attachment-post-thumbnail size-post-thumbnail wp-post-image\" alt=\"La Soberan\u00eda en entredicho\" style=\"aspect-ratio:3\/2;width:100%;object-fit:cover;\" srcset=\"https:\/\/arjenoticias.com.mx\/wp-content\/uploads\/2026\/09\/Rafael-Morgan-19.png 600w, https:\/\/arjenoticias.com.mx\/wp-content\/uploads\/2026\/09\/Rafael-Morgan-19-300x200.png 300w\" sizes=\"auto, (max-width: 600px) 100vw, 600px\" loading=\"lazy\" decoding=\"async\" \/><\/a><\/figure>\n\n<div class=\"wp-block-post-excerpt\"><p class=\"wp-block-post-excerpt__excerpt\">Por Rafael Morgan Uno de los recursos favoritos de la Presidente Sheinbaum en defensa de su\u00a0gobierno, principalmente frente al gobierno de E.U. y el presidente Trump, es \u201cla\u00a0 defensa de la soberan\u00eda nacional\u201d, que mucho le sirve para denostar y atacar a la\u00a0 supuesta \u201cderecha mexicana\u201d representada por la oposici\u00f3n pol\u00edtica, el sector\u00a0 empresarial y&hellip;<\/p><p class=\"wp-block-post-excerpt__more-text\"><a class=\"wp-block-post-excerpt__more-link\" href=\"https:\/\/arjenoticias.com.mx\/opinion\/la-soberania-en-entredicho\/\">Read More<\/a><\/p><\/div><\/div>\n\n<\/li><li class=\"wp-block-post post-17809 post type-post status-publish format-standard has-post-thumbnail hentry category-opinion tag-corrupcion\">\n\n<div class=\"wp-block-group is-layout-flow wp-container-core-group-is-layout-eedad820 wp-block-group-is-layout-flow\" style=\"margin-top:0;margin-bottom:0;padding-top:0px;padding-right:0px;padding-bottom:0px;padding-left:0px\"><h2 style=\"font-size:1em\" class=\"wp-block-post-title\"><a href=\"https:\/\/arjenoticias.com.mx\/opinion\/parte-del-adn-del-ser-humano\/\" target=\"_self\" >Parte del ADN del ser humano<\/a><\/h2>\n\n<div class=\"wp-block-post-date has-small-font-size\"><time datetime=\"2026-09-04T10:39:01-06:00\">septiembre 4, 2026<\/time><\/div>\n\n<figure class=\"wp-block-post-featured-image\"><a href=\"https:\/\/arjenoticias.com.mx\/opinion\/parte-del-adn-del-ser-humano\/\" target=\"_self\" ><img loading=\"lazy\" width=\"320\" height=\"320\" src=\"https:\/\/arjenoticias.com.mx\/wp-content\/uploads\/2026\/09\/Ernesto-Cerda-Serna-11.png\" class=\"attachment-post-thumbnail size-post-thumbnail wp-post-image\" alt=\"Parte del ADN del ser humano\" style=\"aspect-ratio:3\/2;width:100%;object-fit:cover;\" srcset=\"https:\/\/arjenoticias.com.mx\/wp-content\/uploads\/2026\/09\/Ernesto-Cerda-Serna-11.png 320w, https:\/\/arjenoticias.com.mx\/wp-content\/uploads\/2026\/09\/Ernesto-Cerda-Serna-11-300x300.png 300w, https:\/\/arjenoticias.com.mx\/wp-content\/uploads\/2026\/09\/Ernesto-Cerda-Serna-11-150x150.png 150w\" sizes=\"auto, (max-width: 320px) 100vw, 320px\" loading=\"lazy\" decoding=\"async\" \/><\/a><\/figure>\n\n<div class=\"wp-block-post-excerpt\"><p class=\"wp-block-post-excerpt__excerpt\">El intento de clausurar el debate sobre la corrupci\u00f3n apelando a una supuesta \u00abbondad id\u00edlica\u00bb original del ser humano resulta metodol\u00f3gicamente insostenible. Un examen riguroso de la historia de las instituciones occidentales y orientales revela que la construcci\u00f3n del Estado no parti\u00f3 de la base de una fraternidad espont\u00e1nea, sino del reconocimiento expl\u00edcito de nuestra&hellip;<\/p><p class=\"wp-block-post-excerpt__more-text\"><a class=\"wp-block-post-excerpt__more-link\" href=\"https:\/\/arjenoticias.com.mx\/opinion\/parte-del-adn-del-ser-humano\/\">Read More<\/a><\/p><\/div><\/div>\n\n<\/li><li class=\"wp-block-post post-17804 post type-post status-publish format-standard has-post-thumbnail hentry category-lo-mas-relevante tag-pobres-compra-votos\">\n\n<div class=\"wp-block-group is-layout-flow wp-container-core-group-is-layout-eedad820 wp-block-group-is-layout-flow\" style=\"margin-top:0;margin-bottom:0;padding-top:0px;padding-right:0px;padding-bottom:0px;padding-left:0px\"><h2 style=\"font-size:1em\" class=\"wp-block-post-title\"><a href=\"https:\/\/arjenoticias.com.mx\/lo-mas-relevante\/la-pobreza-organiza-el-voto-la-violencia-la-abstencion\/\" target=\"_self\" >La pobreza organiza el voto; la violencia, la abstenci\u00f3n<\/a><\/h2>\n\n<div class=\"wp-block-post-date has-small-font-size\"><time datetime=\"2026-09-04T09:45:35-06:00\">septiembre 4, 2026<\/time><\/div>\n\n<figure class=\"wp-block-post-featured-image\"><a href=\"https:\/\/arjenoticias.com.mx\/lo-mas-relevante\/la-pobreza-organiza-el-voto-la-violencia-la-abstencion\/\" target=\"_self\" ><img loading=\"lazy\" width=\"600\" height=\"400\" src=\"https:\/\/arjenoticias.com.mx\/wp-content\/uploads\/2026\/09\/Carlos-Hernandez-Torres-6.png\" class=\"attachment-post-thumbnail size-post-thumbnail wp-post-image\" alt=\"La pobreza organiza el voto; la violencia, la abstenci\u00f3n\" style=\"aspect-ratio:3\/2;width:100%;object-fit:cover;\" srcset=\"https:\/\/arjenoticias.com.mx\/wp-content\/uploads\/2026\/09\/Carlos-Hernandez-Torres-6.png 600w, https:\/\/arjenoticias.com.mx\/wp-content\/uploads\/2026\/09\/Carlos-Hernandez-Torres-6-300x200.png 300w\" sizes=\"auto, (max-width: 600px) 100vw, 600px\" loading=\"lazy\" decoding=\"async\" \/><\/a><\/figure>\n\n<div class=\"wp-block-post-excerpt\"><p class=\"wp-block-post-excerpt__excerpt\">Casi todos damos por sentadas tres ideas sobre pol\u00edtica que suenan tan razonables que pocas veces las&nbsp; cuestionamos: que la inseguridad le pasa factura a quien gobierna, que la pobreza compra votos y que el&nbsp; crimen y la marginaci\u00f3n son, m\u00e1s o menos, la misma mancha sobre el mapa. De hecho, la justificaci\u00f3n de&nbsp; la&hellip;<\/p><p class=\"wp-block-post-excerpt__more-text\"><a class=\"wp-block-post-excerpt__more-link\" href=\"https:\/\/arjenoticias.com.mx\/lo-mas-relevante\/la-pobreza-organiza-el-voto-la-violencia-la-abstencion\/\">Read More<\/a><\/p><\/div><\/div>\n\n<\/li><li class=\"wp-block-post post-17800 post type-post status-publish format-standard has-post-thumbnail hentry category-opinion tag-2do-informe-de-sheinbaum\">\n\n<div class=\"wp-block-group is-layout-flow wp-container-core-group-is-layout-eedad820 wp-block-group-is-layout-flow\" style=\"margin-top:0;margin-bottom:0;padding-top:0px;padding-right:0px;padding-bottom:0px;padding-left:0px\"><h2 style=\"font-size:1em\" class=\"wp-block-post-title\"><a href=\"https:\/\/arjenoticias.com.mx\/opinion\/no-le-mueven-ni-una-coma-punto\/\" target=\"_self\" >No le mueven ni una coma\u201d. Punto<\/a><\/h2>\n\n<div class=\"wp-block-post-date has-small-font-size\"><time datetime=\"2026-09-04T09:34:53-06:00\">septiembre 4, 2026<\/time><\/div>\n\n<figure class=\"wp-block-post-featured-image\"><a href=\"https:\/\/arjenoticias.com.mx\/opinion\/no-le-mueven-ni-una-coma-punto\/\" target=\"_self\" ><img loading=\"lazy\" width=\"320\" height=\"320\" src=\"https:\/\/arjenoticias.com.mx\/wp-content\/uploads\/2026\/09\/Juan-Antonio-Garcia-Villa-25.png\" class=\"attachment-post-thumbnail size-post-thumbnail wp-post-image\" alt=\"No le mueven ni una coma\u201d. Punto\" style=\"aspect-ratio:3\/2;width:100%;object-fit:cover;\" srcset=\"https:\/\/arjenoticias.com.mx\/wp-content\/uploads\/2026\/09\/Juan-Antonio-Garcia-Villa-25.png 320w, https:\/\/arjenoticias.com.mx\/wp-content\/uploads\/2026\/09\/Juan-Antonio-Garcia-Villa-25-300x300.png 300w, https:\/\/arjenoticias.com.mx\/wp-content\/uploads\/2026\/09\/Juan-Antonio-Garcia-Villa-25-150x150.png 150w\" sizes=\"auto, (max-width: 320px) 100vw, 320px\" loading=\"lazy\" decoding=\"async\" \/><\/a><\/figure>\n\n<div class=\"wp-block-post-excerpt\"><p class=\"wp-block-post-excerpt__excerpt\">Sucedi\u00f3 que a la plenaria de los diputados de Morena, realizada el pasado fin de semana, acudi\u00f3 la consejera jur\u00eddica de la Presidencia, Luisa Mar\u00eda Alcalde. Asisti\u00f3 con el fin de darles a conocer las prioridades legislativas del Ejecutivo para el pr\u00f3ximo periodo de sesiones del Congreso. E inesperadamente ocurri\u00f3 entonces lo impensable. De tantos&hellip;<\/p><p class=\"wp-block-post-excerpt__more-text\"><a class=\"wp-block-post-excerpt__more-link\" href=\"https:\/\/arjenoticias.com.mx\/opinion\/no-le-mueven-ni-una-coma-punto\/\">Read More<\/a><\/p><\/div><\/div>\n\n<\/li><\/ul><\/div>\n<\/div>\n","protected":false},"excerpt":{"rendered":"","protected":false},"author":7,"featured_media":0,"parent":0,"menu_order":0,"comment_status":"closed","ping_status":"closed","template":"page-templates\/full-width.php","meta":{"footnotes":""},"class_list":["post-1046","page","type-page","status-publish","hentry"],"yoast_head":"<!-- This site is optimized with the Yoast SEO plugin v28.4 - https:\/\/yoast.com\/product\/yoast-seo-wordpress\/ -->\n<title>Patterns -<\/title>\n<meta name=\"robots\" content=\"index, follow, max-snippet:-1, max-image-preview:large, max-video-preview:-1\" \/>\n<link rel=\"canonical\" href=\"https:\/\/arjenoticias.com.mx\/patterns-2\/\" \/>\n<meta property=\"og:locale\" content=\"es_ES\" \/>\n<meta property=\"og:type\" content=\"article\" \/>\n<meta property=\"og:title\" content=\"Patterns -\" \/>\n<meta property=\"og:url\" content=\"https:\/\/arjenoticias.com.mx\/patterns-2\/\" \/>\n<meta property=\"article:publisher\" content=\"https:\/\/www.facebook.com\/ArjeNoticiasMX\" \/>\n<meta name=\"twitter:card\" content=\"summary_large_image\" \/>\n<meta name=\"twitter:site\" content=\"@ArjeNoticias\" \/>\n<script type=\"application\/ld+json\" class=\"yoast-schema-graph\">{\"@context\":\"https:\\\/\\\/schema.org\",\"@graph\":[{\"@type\":\"WebPage\",\"@id\":\"https:\\\/\\\/arjenoticias.com.mx\\\/patterns-2\\\/\",\"url\":\"https:\\\/\\\/arjenoticias.com.mx\\\/patterns-2\\\/\",\"name\":\"Patterns -\",\"isPartOf\":{\"@id\":\"https:\\\/\\\/arjenoticias.com.mx\\\/#website\"},\"datePublished\":\"2024-09-19T06:31:02+00:00\",\"breadcrumb\":{\"@id\":\"https:\\\/\\\/arjenoticias.com.mx\\\/patterns-2\\\/#breadcrumb\"},\"inLanguage\":\"es\",\"potentialAction\":[{\"@type\":\"ReadAction\",\"target\":[\"https:\\\/\\\/arjenoticias.com.mx\\\/patterns-2\\\/\"]}]},{\"@type\":\"BreadcrumbList\",\"@id\":\"https:\\\/\\\/arjenoticias.com.mx\\\/patterns-2\\\/#breadcrumb\",\"itemListElement\":[{\"@type\":\"ListItem\",\"position\":1,\"name\":\"Portada\",\"item\":\"https:\\\/\\\/arjenoticias.com.mx\\\/\"},{\"@type\":\"ListItem\",\"position\":2,\"name\":\"Patterns\"}]},{\"@type\":\"WebSite\",\"@id\":\"https:\\\/\\\/arjenoticias.com.mx\\\/#website\",\"url\":\"https:\\\/\\\/arjenoticias.com.mx\\\/\",\"name\":\"Arj\u00e9 M\u00e9xico\",\"description\":\"\",\"publisher\":{\"@id\":\"https:\\\/\\\/arjenoticias.com.mx\\\/#organization\"},\"potentialAction\":[{\"@type\":\"SearchAction\",\"target\":{\"@type\":\"EntryPoint\",\"urlTemplate\":\"https:\\\/\\\/arjenoticias.com.mx\\\/?s={search_term_string}\"},\"query-input\":{\"@type\":\"PropertyValueSpecification\",\"valueRequired\":true,\"valueName\":\"search_term_string\"}}],\"inLanguage\":\"es\"},{\"@type\":\"Organization\",\"@id\":\"https:\\\/\\\/arjenoticias.com.mx\\\/#organization\",\"name\":\"Arj\u00e9 M\u00e9xico\",\"url\":\"https:\\\/\\\/arjenoticias.com.mx\\\/\",\"logo\":{\"@type\":\"ImageObject\",\"inLanguage\":\"es\",\"@id\":\"https:\\\/\\\/arjenoticias.com.mx\\\/#\\\/schema\\\/logo\\\/image\\\/\",\"url\":\"https:\\\/\\\/arjenoticias.com\\\/wp-content\\\/uploads\\\/2026\\\/04\\\/cropped-cropped-logo-inverted-1-scaled-1.png\",\"contentUrl\":\"https:\\\/\\\/arjenoticias.com\\\/wp-content\\\/uploads\\\/2026\\\/04\\\/cropped-cropped-logo-inverted-1-scaled-1.png\",\"width\":2556,\"height\":549,\"caption\":\"Arj\u00e9 M\u00e9xico\"},\"image\":{\"@id\":\"https:\\\/\\\/arjenoticias.com.mx\\\/#\\\/schema\\\/logo\\\/image\\\/\"},\"sameAs\":[\"https:\\\/\\\/www.facebook.com\\\/ArjeNoticiasMX\",\"https:\\\/\\\/x.com\\\/ArjeNoticias\"]}]}<\/script>\n<!-- \/ Yoast SEO plugin. -->","yoast_head_json":{"title":"Patterns -","robots":{"index":"index","follow":"follow","max-snippet":"max-snippet:-1","max-image-preview":"max-image-preview:large","max-video-preview":"max-video-preview:-1"},"canonical":"https:\/\/arjenoticias.com.mx\/patterns-2\/","og_locale":"es_ES","og_type":"article","og_title":"Patterns -","og_url":"https:\/\/arjenoticias.com.mx\/patterns-2\/","article_publisher":"https:\/\/www.facebook.com\/ArjeNoticiasMX","twitter_card":"summary_large_image","twitter_site":"@ArjeNoticias","schema":{"@context":"https:\/\/schema.org","@graph":[{"@type":"WebPage","@id":"https:\/\/arjenoticias.com.mx\/patterns-2\/","url":"https:\/\/arjenoticias.com.mx\/patterns-2\/","name":"Patterns -","isPartOf":{"@id":"https:\/\/arjenoticias.com.mx\/#website"},"datePublished":"2024-09-19T06:31:02+00:00","breadcrumb":{"@id":"https:\/\/arjenoticias.com.mx\/patterns-2\/#breadcrumb"},"inLanguage":"es","potentialAction":[{"@type":"ReadAction","target":["https:\/\/arjenoticias.com.mx\/patterns-2\/"]}]},{"@type":"BreadcrumbList","@id":"https:\/\/arjenoticias.com.mx\/patterns-2\/#breadcrumb","itemListElement":[{"@type":"ListItem","position":1,"name":"Portada","item":"https:\/\/arjenoticias.com.mx\/"},{"@type":"ListItem","position":2,"name":"Patterns"}]},{"@type":"WebSite","@id":"https:\/\/arjenoticias.com.mx\/#website","url":"https:\/\/arjenoticias.com.mx\/","name":"Arj\u00e9 M\u00e9xico","description":"","publisher":{"@id":"https:\/\/arjenoticias.com.mx\/#organization"},"potentialAction":[{"@type":"SearchAction","target":{"@type":"EntryPoint","urlTemplate":"https:\/\/arjenoticias.com.mx\/?s={search_term_string}"},"query-input":{"@type":"PropertyValueSpecification","valueRequired":true,"valueName":"search_term_string"}}],"inLanguage":"es"},{"@type":"Organization","@id":"https:\/\/arjenoticias.com.mx\/#organization","name":"Arj\u00e9 M\u00e9xico","url":"https:\/\/arjenoticias.com.mx\/","logo":{"@type":"ImageObject","inLanguage":"es","@id":"https:\/\/arjenoticias.com.mx\/#\/schema\/logo\/image\/","url":"https:\/\/arjenoticias.com\/wp-content\/uploads\/2026\/04\/cropped-cropped-logo-inverted-1-scaled-1.png","contentUrl":"https:\/\/arjenoticias.com\/wp-content\/uploads\/2026\/04\/cropped-cropped-logo-inverted-1-scaled-1.png","width":2556,"height":549,"caption":"Arj\u00e9 M\u00e9xico"},"image":{"@id":"https:\/\/arjenoticias.com.mx\/#\/schema\/logo\/image\/"},"sameAs":["https:\/\/www.facebook.com\/ArjeNoticiasMX","https:\/\/x.com\/ArjeNoticias"]}]}},"_links":{"self":[{"href":"https:\/\/arjenoticias.com.mx\/wp-json\/wp\/v2\/pages\/1046","targetHints":{"allow":["GET"]}}],"collection":[{"href":"https:\/\/arjenoticias.com.mx\/wp-json\/wp\/v2\/pages"}],"about":[{"href":"https:\/\/arjenoticias.com.mx\/wp-json\/wp\/v2\/types\/page"}],"author":[{"embeddable":true,"href":"https:\/\/arjenoticias.com.mx\/wp-json\/wp\/v2\/users\/7"}],"replies":[{"embeddable":true,"href":"https:\/\/arjenoticias.com.mx\/wp-json\/wp\/v2\/comments?post=1046"}],"version-history":[{"count":0,"href":"https:\/\/arjenoticias.com.mx\/wp-json\/wp\/v2\/pages\/1046\/revisions"}],"wp:attachment":[{"href":"https:\/\/arjenoticias.com.mx\/wp-json\/wp\/v2\/media?parent=1046"}],"curies":[{"name":"wp","href":"https:\/\/api.w.org\/{rel}","templated":true}]}}